{"id":10552,"date":"2022-08-09T22:25:14","date_gmt":"2022-08-09T22:25:14","guid":{"rendered":"https:\/\/www.altosor-communication.com\/grants-by-region\/region-pays-de-la-loire\/"},"modified":"2026-03-07T12:25:59","modified_gmt":"2026-03-07T12:25:59","slug":"region-pays-de-la-loire","status":"publish","type":"page","link":"https:\/\/www.altosor-communication.com\/en\/grants-by-region\/region-pays-de-la-loire\/","title":{"rendered":"Region Pays de la Loire"},"content":{"rendered":"\t\t<div data-elementor-type=\"wp-page\" data-elementor-id=\"10552\" class=\"elementor elementor-10552 elementor-8161\" data-elementor-post-type=\"page\">\n\t\t\t\t<div class=\"elementor-element elementor-element-478652a7 e-flex e-con-boxed e-con e-parent\" data-id=\"478652a7\" data-element_type=\"container\" data-e-type=\"container\" data-settings=\"{&quot;jet_parallax_layout_list&quot;:[{&quot;jet_parallax_layout_image&quot;:{&quot;url&quot;:&quot;&quot;,&quot;id&quot;:&quot;&quot;,&quot;size&quot;:&quot;&quot;},&quot;_id&quot;:&quot;e33c706&quot;,&quot;jet_parallax_layout_image_tablet&quot;:{&quot;url&quot;:&quot;&quot;,&quot;id&quot;:&quot;&quot;,&quot;size&quot;:&quot;&quot;},&quot;jet_parallax_layout_image_mobile&quot;:{&quot;url&quot;:&quot;&quot;,&quot;id&quot;:&quot;&quot;,&quot;size&quot;:&quot;&quot;},&quot;jet_parallax_layout_speed&quot;:{&quot;unit&quot;:&quot;%&quot;,&quot;size&quot;:50,&quot;sizes&quot;:[]},&quot;jet_parallax_layout_type&quot;:&quot;scroll&quot;,&quot;jet_parallax_layout_direction&quot;:&quot;1&quot;,&quot;jet_parallax_layout_fx_direction&quot;:null,&quot;jet_parallax_layout_z_index&quot;:&quot;&quot;,&quot;jet_parallax_layout_bg_x&quot;:50,&quot;jet_parallax_layout_bg_x_tablet&quot;:&quot;&quot;,&quot;jet_parallax_layout_bg_x_mobile&quot;:&quot;&quot;,&quot;jet_parallax_layout_bg_y&quot;:50,&quot;jet_parallax_layout_bg_y_tablet&quot;:&quot;&quot;,&quot;jet_parallax_layout_bg_y_mobile&quot;:&quot;&quot;,&quot;jet_parallax_layout_bg_size&quot;:&quot;auto&quot;,&quot;jet_parallax_layout_bg_size_tablet&quot;:&quot;&quot;,&quot;jet_parallax_layout_bg_size_mobile&quot;:&quot;&quot;,&quot;jet_parallax_layout_animation_prop&quot;:&quot;transform&quot;,&quot;jet_parallax_layout_on&quot;:[&quot;desktop&quot;,&quot;tablet&quot;]}],&quot;background_background&quot;:&quot;classic&quot;,&quot;background_motion_fx_motion_fx_scrolling&quot;:&quot;yes&quot;,&quot;background_motion_fx_translateY_effect&quot;:&quot;yes&quot;,&quot;background_motion_fx_translateY_speed&quot;:{&quot;unit&quot;:&quot;px&quot;,&quot;size&quot;:&quot;5&quot;,&quot;sizes&quot;:[]},&quot;background_motion_fx_translateY_direction&quot;:&quot;negative&quot;,&quot;background_motion_fx_translateY_affectedRange&quot;:{&quot;unit&quot;:&quot;%&quot;,&quot;size&quot;:&quot;&quot;,&quot;sizes&quot;:{&quot;start&quot;:0,&quot;end&quot;:100}},&quot;background_motion_fx_devices&quot;:[&quot;desktop&quot;,&quot;tablet&quot;,&quot;mobile&quot;]}\">\n\t\t\t\t\t<div class=\"e-con-inner\">\n\t\t<div class=\"elementor-element elementor-element-779e72fd e-con-full e-flex e-con e-child\" data-id=\"779e72fd\" data-element_type=\"container\" data-e-type=\"container\" data-settings=\"{&quot;jet_parallax_layout_list&quot;:[]}\">\n\t\t\t\t<div class=\"elementor-element elementor-element-14d0dac8 elementor-widget elementor-widget-breadcrumbs\" data-id=\"14d0dac8\" data-element_type=\"widget\" data-e-type=\"widget\" data-widget_type=\"breadcrumbs.default\">\n\t\t\t\t<div class=\"elementor-widget-container\">\n\t\t\t\t\t<nav aria-label=\"breadcrumbs\" class=\"rank-math-breadcrumb\"><p><span class=\"last\">Accueil<\/span><\/p><\/nav>\t\t\t\t<\/div>\n\t\t\t\t<\/div>\n\t\t\t\t<div class=\"elementor-element elementor-element-4663a485 elementor-widget elementor-widget-heading\" data-id=\"4663a485\" data-element_type=\"widget\" data-e-type=\"widget\" data-widget_type=\"heading.default\">\n\t\t\t\t<div class=\"elementor-widget-container\">\n\t\t\t\t\t<h1 class=\"elementor-heading-title elementor-size-default\">Aids and subsidies in the Pays de la Loire region<\/h1>\t\t\t\t<\/div>\n\t\t\t\t<\/div>\n\t\t\t\t<div class=\"elementor-element elementor-element-7d7c9615 elementor-widget elementor-widget-text-editor\" data-id=\"7d7c9615\" data-element_type=\"widget\" data-e-type=\"widget\" data-widget_type=\"text-editor.default\">\n\t\t\t\t<div class=\"elementor-widget-container\">\n\t\t\t\t\t\t\t\t\t<p>Are you a VSE, SME, association or entrepreneur based in the Pays de la Loire region? Take advantage of the many regional grants available to finance your development, digital transition, ecological or cultural projects. Altosor can help you put together your grant applications and implement your projects.  <\/p>\t\t\t\t\t\t\t\t<\/div>\n\t\t\t\t<\/div>\n\t\t<div class=\"elementor-element elementor-element-1b6a029d e-con-full e-flex e-con e-child\" data-id=\"1b6a029d\" data-element_type=\"container\" data-e-type=\"container\" data-settings=\"{&quot;jet_parallax_layout_list&quot;:[]}\">\n\t\t\t\t<div class=\"elementor-element elementor-element-4be3f5b2 elementor-align-left elementor-mobile-align-justify elementor-tablet-align-justify elementor-widget-mobile__width-inherit elementor-widget elementor-widget-button\" data-id=\"4be3f5b2\" data-element_type=\"widget\" data-e-type=\"widget\" data-widget_type=\"button.default\">\n\t\t\t\t<div class=\"elementor-widget-container\">\n\t\t\t\t\t\t\t\t\t<div class=\"elementor-button-wrapper\">\n\t\t\t\t\t<a class=\"elementor-button elementor-button-link elementor-size-sm elementor-animation-shrink\" href=\"https:\/\/www.altosor-communication.com\/en\/agency-marketing\/\">\n\t\t\t\t\t\t<span class=\"elementor-button-content-wrapper\">\n\t\t\t\t\t\t\t\t\t<span class=\"elementor-button-text\">Contact us<\/span>\n\t\t\t\t\t<\/span>\n\t\t\t\t\t<\/a>\n\t\t\t\t<\/div>\n\t\t\t\t\t\t\t\t<\/div>\n\t\t\t\t<\/div>\n\t\t\t\t<div class=\"elementor-element elementor-element-6d34be68 elementor-align-left elementor-mobile-align-justify elementor-tablet-align-justify elementor-widget-mobile__width-inherit elementor-widget elementor-widget-button\" data-id=\"6d34be68\" data-element_type=\"widget\" data-e-type=\"widget\" data-widget_type=\"button.default\">\n\t\t\t\t<div class=\"elementor-widget-container\">\n\t\t\t\t\t\t\t\t\t<div class=\"elementor-button-wrapper\">\n\t\t\t\t\t<a class=\"elementor-button elementor-button-link elementor-size-sm elementor-animation-shrink\" href=\"#sommaire\">\n\t\t\t\t\t\t<span class=\"elementor-button-content-wrapper\">\n\t\t\t\t\t\t\t\t\t<span class=\"elementor-button-text\">See the aid summary<\/span>\n\t\t\t\t\t<\/span>\n\t\t\t\t\t<\/a>\n\t\t\t\t<\/div>\n\t\t\t\t\t\t\t\t<\/div>\n\t\t\t\t<\/div>\n\t\t\t\t<\/div>\n\t\t\t\t<\/div>\n\t\t\t\t\t<\/div>\n\t\t\t\t<\/div>\n\t\t<div class=\"elementor-element elementor-element-2906af0e e-flex e-con-boxed e-con e-parent\" data-id=\"2906af0e\" data-element_type=\"container\" data-e-type=\"container\" data-settings=\"{&quot;jet_parallax_layout_list&quot;:[{&quot;jet_parallax_layout_image&quot;:{&quot;url&quot;:&quot;&quot;,&quot;id&quot;:&quot;&quot;,&quot;size&quot;:&quot;&quot;,&quot;alt&quot;:&quot;Altosor Communication Martinique : votre agence de communication digitale et print. Cr\\u00e9ation de site internet, SEO, SEA, publicit\\u00e9, marketing.&quot;,&quot;source&quot;:&quot;library&quot;},&quot;_id&quot;:&quot;dfb0fbd&quot;,&quot;jet_parallax_layout_speed&quot;:{&quot;unit&quot;:&quot;%&quot;,&quot;size&quot;:&quot;30&quot;,&quot;sizes&quot;:[]},&quot;jet_parallax_layout_type&quot;:&quot;opacity&quot;,&quot;jet_parallax_layout_bg_size&quot;:&quot;contain&quot;,&quot;jet_parallax_layout_animation_prop&quot;:null,&quot;jet_parallax_layout_image_tablet&quot;:{&quot;url&quot;:&quot;&quot;,&quot;id&quot;:&quot;&quot;,&quot;size&quot;:&quot;&quot;},&quot;jet_parallax_layout_image_mobile&quot;:{&quot;url&quot;:&quot;&quot;,&quot;id&quot;:&quot;&quot;,&quot;size&quot;:&quot;&quot;},&quot;jet_parallax_layout_direction&quot;:null,&quot;jet_parallax_layout_fx_direction&quot;:&quot;fade-in&quot;,&quot;jet_parallax_layout_z_index&quot;:&quot;&quot;,&quot;jet_parallax_layout_bg_x&quot;:50,&quot;jet_parallax_layout_bg_x_tablet&quot;:&quot;&quot;,&quot;jet_parallax_layout_bg_x_mobile&quot;:&quot;&quot;,&quot;jet_parallax_layout_bg_y&quot;:50,&quot;jet_parallax_layout_bg_y_tablet&quot;:&quot;&quot;,&quot;jet_parallax_layout_bg_y_mobile&quot;:&quot;&quot;,&quot;jet_parallax_layout_bg_size_tablet&quot;:&quot;&quot;,&quot;jet_parallax_layout_bg_size_mobile&quot;:&quot;&quot;,&quot;jet_parallax_layout_on&quot;:[&quot;desktop&quot;,&quot;tablet&quot;]}]}\">\n\t\t\t\t\t<div class=\"e-con-inner\">\n\t\t\t\t<div class=\"elementor-element elementor-element-79fc5397 elementor-widget elementor-widget-heading\" data-id=\"79fc5397\" data-element_type=\"widget\" data-e-type=\"widget\" data-widget_type=\"heading.default\">\n\t\t\t\t<div class=\"elementor-widget-container\">\n\t\t\t\t\t<h2 class=\"elementor-heading-title elementor-size-default\">Why apply for regional assistance?<\/h2>\t\t\t\t<\/div>\n\t\t\t\t<\/div>\n\t\t\t\t<div class=\"elementor-element elementor-element-541d9b3d elementor-widget elementor-widget-text-editor\" data-id=\"541d9b3d\" data-element_type=\"widget\" data-e-type=\"widget\" data-widget_type=\"text-editor.default\">\n\t\t\t\t<div class=\"elementor-widget-container\">\n\t\t\t\t\t\t\t\t\t<p>The Pays de la Loire region offers a wide range of schemes to support the local economy. Assistance can take the form of subsidies, preferential loans or personalized support. They are aimed at a variety of profiles: companies, associations, local authorities, cultural or tourism project developers.  <\/p><p><a style=\"font-size: 1rem; background-color: #ffffff;\" href=\"https:\/\/www.altosor-communication.com\/en\/grants-by-region\/\">Discover regional grants and subsidies in France for your digital transformation<\/a><\/p>\t\t\t\t\t\t\t\t<\/div>\n\t\t\t\t<\/div>\n\t\t\t\t<div class=\"elementor-element elementor-element-4a0d0397 elementor-toc--minimized-on-tablet elementor-widget elementor-widget-table-of-contents\" data-id=\"4a0d0397\" data-element_type=\"widget\" data-e-type=\"widget\" id=\"sommaire\" data-settings=\"{&quot;headings_by_tags&quot;:[&quot;h3&quot;,&quot;h4&quot;],&quot;exclude_headings_by_selector&quot;:[],&quot;no_headings_message&quot;:&quot;Aucun titre n\\u2019a \\u00e9t\\u00e9 trouv\\u00e9 sur cette page.&quot;,&quot;marker_view&quot;:&quot;numbers&quot;,&quot;minimize_box&quot;:&quot;yes&quot;,&quot;minimized_on&quot;:&quot;tablet&quot;,&quot;hierarchical_view&quot;:&quot;yes&quot;,&quot;min_height&quot;:{&quot;unit&quot;:&quot;px&quot;,&quot;size&quot;:&quot;&quot;,&quot;sizes&quot;:[]},&quot;min_height_tablet&quot;:{&quot;unit&quot;:&quot;px&quot;,&quot;size&quot;:&quot;&quot;,&quot;sizes&quot;:[]},&quot;min_height_mobile&quot;:{&quot;unit&quot;:&quot;px&quot;,&quot;size&quot;:&quot;&quot;,&quot;sizes&quot;:[]}}\" data-widget_type=\"table-of-contents.default\">\n\t\t\t\t<div class=\"elementor-widget-container\">\n\t\t\t\t\t\t\t\t\t<div class=\"elementor-toc__header\">\n\t\t\t\t\t\t<h3 class=\"elementor-toc__header-title\">\n\t\t\t\tTable of contents\t\t\t<\/h3>\n\t\t\t\t\t\t\t\t\t\t<div class=\"elementor-toc__toggle-button elementor-toc__toggle-button--expand\" role=\"button\" tabindex=\"0\" aria-controls=\"elementor-toc__4a0d0397\" aria-expanded=\"true\" aria-label=\"Open table of contents\"><i aria-hidden=\"true\" class=\"fas fa-chevron-down\"><\/i><\/div>\n\t\t\t\t<div class=\"elementor-toc__toggle-button elementor-toc__toggle-button--collapse\" role=\"button\" tabindex=\"0\" aria-controls=\"elementor-toc__4a0d0397\" aria-expanded=\"true\" aria-label=\"Close table of contents\"><i aria-hidden=\"true\" class=\"fas fa-chevron-up\"><\/i><\/div>\n\t\t\t\t\t<\/div>\n\t\t\t\t<div id=\"elementor-toc__4a0d0397\" class=\"elementor-toc__body\">\n\t\t\t<div class=\"elementor-toc__spinner-container\">\n\t\t\t\t<i class=\"elementor-toc__spinner eicon-animation-spin eicon-loading\" aria-hidden=\"true\"><\/i>\t\t\t<\/div>\n\t\t<\/div>\n\t\t\t\t\t\t<\/div>\n\t\t\t\t<\/div>\n\t\t\t\t\t<\/div>\n\t\t\t\t<\/div>\n\t\t<div class=\"elementor-element elementor-element-41da279f aide e-flex e-con-boxed e-con e-parent\" data-id=\"41da279f\" data-element_type=\"container\" data-e-type=\"container\" id=\"aide\" data-settings=\"{&quot;jet_parallax_layout_list&quot;:[{&quot;jet_parallax_layout_image&quot;:{&quot;url&quot;:&quot;&quot;,&quot;id&quot;:&quot;&quot;,&quot;size&quot;:&quot;&quot;,&quot;alt&quot;:&quot;Altosor Communication Martinique : votre agence de communication digitale et print. Cr\\u00e9ation de site internet, SEO, SEA, publicit\\u00e9, marketing.&quot;,&quot;source&quot;:&quot;library&quot;},&quot;_id&quot;:&quot;dfb0fbd&quot;,&quot;jet_parallax_layout_speed&quot;:{&quot;unit&quot;:&quot;%&quot;,&quot;size&quot;:&quot;30&quot;,&quot;sizes&quot;:[]},&quot;jet_parallax_layout_type&quot;:&quot;opacity&quot;,&quot;jet_parallax_layout_bg_size&quot;:&quot;contain&quot;,&quot;jet_parallax_layout_animation_prop&quot;:null,&quot;jet_parallax_layout_image_tablet&quot;:{&quot;url&quot;:&quot;&quot;,&quot;id&quot;:&quot;&quot;,&quot;size&quot;:&quot;&quot;},&quot;jet_parallax_layout_image_mobile&quot;:{&quot;url&quot;:&quot;&quot;,&quot;id&quot;:&quot;&quot;,&quot;size&quot;:&quot;&quot;},&quot;jet_parallax_layout_direction&quot;:null,&quot;jet_parallax_layout_fx_direction&quot;:&quot;fade-in&quot;,&quot;jet_parallax_layout_z_index&quot;:&quot;&quot;,&quot;jet_parallax_layout_bg_x&quot;:50,&quot;jet_parallax_layout_bg_x_tablet&quot;:&quot;&quot;,&quot;jet_parallax_layout_bg_x_mobile&quot;:&quot;&quot;,&quot;jet_parallax_layout_bg_y&quot;:50,&quot;jet_parallax_layout_bg_y_tablet&quot;:&quot;&quot;,&quot;jet_parallax_layout_bg_y_mobile&quot;:&quot;&quot;,&quot;jet_parallax_layout_bg_size_tablet&quot;:&quot;&quot;,&quot;jet_parallax_layout_bg_size_mobile&quot;:&quot;&quot;,&quot;jet_parallax_layout_on&quot;:[&quot;desktop&quot;,&quot;tablet&quot;]}],&quot;background_background&quot;:&quot;classic&quot;}\">\n\t\t\t\t\t<div class=\"e-con-inner\">\n\t\t\t\t<div class=\"elementor-element elementor-element-1926c9f6 elementor-widget elementor-widget-heading\" data-id=\"1926c9f6\" data-element_type=\"widget\" data-e-type=\"widget\" data-widget_type=\"heading.default\">\n\t\t\t\t<div class=\"elementor-widget-container\">\n\t\t\t\t\t<h3 class=\"elementor-heading-title elementor-size-default\">Digital investment - Up to \u20ac15,000 grant<\/h3>\t\t\t\t<\/div>\n\t\t\t\t<\/div>\n\t\t\t\t<div class=\"elementor-element elementor-element-31ae703 elementor-widget elementor-widget-text-editor\" data-id=\"31ae703\" data-element_type=\"widget\" data-e-type=\"widget\" data-widget_type=\"text-editor.default\">\n\t\t\t\t<div class=\"elementor-widget-container\">\n\t\t\t\t\t\t\t\t\t<p>Support for the acquisition of digital solutions (ERP, CRM, cybersecurity, etc.) for companies with fewer than 50 employees.<br>  Up to 30% subsidy (40% for eco-designed solutions).  <a href=\"https:\/\/www.paysdelaloire.fr\/les-aides\/pays-de-la-loire-investissement-numerique\" target=\"_blank\" rel=\"noopener\">Find out more about digital investment support<\/a><\/p>\t\t\t\t\t\t\t\t<\/div>\n\t\t\t\t<\/div>\n\t\t\t\t<div class=\"elementor-element elementor-element-5051e02 elementor-widget elementor-widget-heading\" data-id=\"5051e02\" data-element_type=\"widget\" data-e-type=\"widget\" data-widget_type=\"heading.default\">\n\t\t\t\t<div class=\"elementor-widget-container\">\n\t\t\t\t\t<h4 class=\"elementor-heading-title elementor-size-default\">\ud83c\udfafObjectif<\/h4>\t\t\t\t<\/div>\n\t\t\t\t<\/div>\n\t\t\t\t<div class=\"elementor-element elementor-element-b42dc9e elementor-widget elementor-widget-text-editor\" data-id=\"b42dc9e\" data-element_type=\"widget\" data-e-type=\"widget\" data-widget_type=\"text-editor.default\">\n\t\t\t\t<div class=\"elementor-widget-container\">\n\t\t\t\t\t\t\t\t\t<p>Aider les entreprises r\u00e9gionales \u00e0 <strong>prot\u00e9ger leurs donn\u00e9es et syst\u00e8mes informatiques<\/strong> face aux cybermenaces croissantes. Le programme intitul\u00e9 <em>\u00ab Caract\u00e9riser la valeur de mon entreprise face aux cybermenaces \u00bb<\/em> (port\u00e9 par la R\u00e9gion en partenariat avec la <strong>CCI Auvergne-Rh\u00f4ne-Alpes<\/strong> et les <strong>CCI locales<\/strong>) propose aux <strong>TPE, PME et ETI<\/strong> un parcours de formation-action en <strong>cybers\u00e9curit\u00e9<\/strong>. Son ambition : doter les dirigeants et salari\u00e9s des comp\u00e9tences pour <strong>pr\u00e9venir les cyberattaques<\/strong> et mettre en place une v\u00e9ritable <strong>cyberprotection<\/strong> en interne. <a href=\"https:\/\/www.drome.cci.fr\/sites\/g\/files\/mwbcuj971\/files\/alfresco_ged\/fd5cbdc0-372e-46f6-9aa9-f34a05039310.PDF\" target=\"_blank\" rel=\"noopener\">[drome.cci.fr]<\/a><\/p>\t\t\t\t\t\t\t\t<\/div>\n\t\t\t\t<\/div>\n\t\t\t\t\t<\/div>\n\t\t\t\t<\/div>\n\t\t<div class=\"elementor-element elementor-element-1a9a3c82 e-flex e-con-boxed e-con e-parent\" data-id=\"1a9a3c82\" data-element_type=\"container\" data-e-type=\"container\" data-settings=\"{&quot;jet_parallax_layout_list&quot;:[{&quot;jet_parallax_layout_image&quot;:{&quot;url&quot;:&quot;&quot;,&quot;id&quot;:&quot;&quot;,&quot;size&quot;:&quot;&quot;,&quot;alt&quot;:&quot;Altosor Communication Martinique : votre agence de communication digitale et print. Cr\\u00e9ation de site internet, SEO, SEA, publicit\\u00e9, marketing.&quot;,&quot;source&quot;:&quot;library&quot;},&quot;_id&quot;:&quot;dfb0fbd&quot;,&quot;jet_parallax_layout_speed&quot;:{&quot;unit&quot;:&quot;%&quot;,&quot;size&quot;:&quot;30&quot;,&quot;sizes&quot;:[]},&quot;jet_parallax_layout_type&quot;:&quot;opacity&quot;,&quot;jet_parallax_layout_bg_size&quot;:&quot;contain&quot;,&quot;jet_parallax_layout_animation_prop&quot;:null,&quot;jet_parallax_layout_image_tablet&quot;:{&quot;url&quot;:&quot;&quot;,&quot;id&quot;:&quot;&quot;,&quot;size&quot;:&quot;&quot;},&quot;jet_parallax_layout_image_mobile&quot;:{&quot;url&quot;:&quot;&quot;,&quot;id&quot;:&quot;&quot;,&quot;size&quot;:&quot;&quot;},&quot;jet_parallax_layout_direction&quot;:null,&quot;jet_parallax_layout_fx_direction&quot;:&quot;fade-in&quot;,&quot;jet_parallax_layout_z_index&quot;:&quot;&quot;,&quot;jet_parallax_layout_bg_x&quot;:50,&quot;jet_parallax_layout_bg_x_tablet&quot;:&quot;&quot;,&quot;jet_parallax_layout_bg_x_mobile&quot;:&quot;&quot;,&quot;jet_parallax_layout_bg_y&quot;:50,&quot;jet_parallax_layout_bg_y_tablet&quot;:&quot;&quot;,&quot;jet_parallax_layout_bg_y_mobile&quot;:&quot;&quot;,&quot;jet_parallax_layout_bg_size_tablet&quot;:&quot;&quot;,&quot;jet_parallax_layout_bg_size_mobile&quot;:&quot;&quot;,&quot;jet_parallax_layout_on&quot;:[&quot;desktop&quot;,&quot;tablet&quot;]}]}\">\n\t\t\t\t\t<div class=\"e-con-inner\">\n\t\t\t\t<div class=\"elementor-element elementor-element-683fbeb elementor-widget elementor-widget-heading\" data-id=\"683fbeb\" data-element_type=\"widget\" data-e-type=\"widget\" data-widget_type=\"heading.default\">\n\t\t\t\t<div class=\"elementor-widget-container\">\n\t\t\t\t\t<h3 class=\"elementor-heading-title elementor-size-default\">S\u00e9curit\u00e9 num\u00e9rique : accompagnement Cybers\u00e9curit\u00e9 (70% financ\u00e9)<\/h3>\t\t\t\t<\/div>\n\t\t\t\t<\/div>\n\t\t\t\t<div class=\"elementor-element elementor-element-78fc9863 elementor-widget elementor-widget-text-editor\" data-id=\"78fc9863\" data-element_type=\"widget\" data-e-type=\"widget\" data-widget_type=\"text-editor.default\">\n\t\t\t\t<div class=\"elementor-widget-container\">\n\t\t\t\t\t\t\t\t\t<p>Parcours court ou long pour sensibiliser et former les entreprises aux enjeux de cybers\u00e9curit\u00e9. Prise en charge de 70 % des co\u00fbts par la R\u00e9gion. <a href=\"https:\/\/www.drome.cci.fr\/sites\/g\/files\/mwbcuj971\/files\/alfresco_ged\/fd5cbdc0-372e-46f6-9aa9-f34a05039310.PDF\" target=\"_blank\" rel=\"noopener\">En savoir plus<\/a><\/p>\t\t\t\t\t\t\t\t<\/div>\n\t\t\t\t<\/div>\n\t\t<div class=\"elementor-element elementor-element-65241356 e-con-full e-flex e-con e-child\" data-id=\"65241356\" data-element_type=\"container\" data-e-type=\"container\" data-settings=\"{&quot;jet_parallax_layout_list&quot;:[]}\">\n\t\t\t\t<div class=\"elementor-element elementor-element-461308ba elementor-widget elementor-widget-heading\" data-id=\"461308ba\" data-element_type=\"widget\" data-e-type=\"widget\" data-widget_type=\"heading.default\">\n\t\t\t\t<div class=\"elementor-widget-container\">\n\t\t\t\t\t<h4 class=\"elementor-heading-title elementor-size-default\">\ud83c\udfafObjectif<\/h4>\t\t\t\t<\/div>\n\t\t\t\t<\/div>\n\t\t\t\t<div class=\"elementor-element elementor-element-70069b2b elementor-widget elementor-widget-text-editor\" data-id=\"70069b2b\" data-element_type=\"widget\" data-e-type=\"widget\" data-widget_type=\"text-editor.default\">\n\t\t\t\t<div class=\"elementor-widget-container\">\n\t\t\t\t\t\t\t\t\t<p>Aider les entreprises r\u00e9gionales \u00e0 <strong>prot\u00e9ger leurs donn\u00e9es et syst\u00e8mes informatiques<\/strong> face aux cybermenaces croissantes. Le programme intitul\u00e9 <em>\u00ab Caract\u00e9riser la valeur de mon entreprise face aux cybermenaces \u00bb<\/em> (port\u00e9 par la R\u00e9gion en partenariat avec la <strong>CCI Auvergne-Rh\u00f4ne-Alpes<\/strong> et les <strong>CCI locales<\/strong>) propose aux <strong>TPE, PME et ETI<\/strong> un parcours de formation-action en <strong>cybers\u00e9curit\u00e9<\/strong>. Son ambition : doter les dirigeants et salari\u00e9s des comp\u00e9tences pour <strong>pr\u00e9venir les cyberattaques<\/strong> et mettre en place une v\u00e9ritable <strong>cyberprotection<\/strong> en interne. <a href=\"https:\/\/www.drome.cci.fr\/sites\/g\/files\/mwbcuj971\/files\/alfresco_ged\/fd5cbdc0-372e-46f6-9aa9-f34a05039310.PDF\" target=\"_blank\" rel=\"noopener\">[drome.cci.fr]<\/a><\/p>\t\t\t\t\t\t\t\t<\/div>\n\t\t\t\t<\/div>\n\t\t\t\t<div class=\"elementor-element elementor-element-1ab5698e elementor-widget elementor-widget-heading\" data-id=\"1ab5698e\" data-element_type=\"widget\" data-e-type=\"widget\" data-widget_type=\"heading.default\">\n\t\t\t\t<div class=\"elementor-widget-container\">\n\t\t\t\t\t<h4 class=\"elementor-heading-title elementor-size-default\">\ud83d\udcb0Montant de l'aide<\/h4>\t\t\t\t<\/div>\n\t\t\t\t<\/div>\n\t\t\t\t<div class=\"elementor-element elementor-element-527d1d99 elementor-widget elementor-widget-text-editor\" data-id=\"527d1d99\" data-element_type=\"widget\" data-e-type=\"widget\" data-widget_type=\"text-editor.default\">\n\t\t\t\t<div class=\"elementor-widget-container\">\n\t\t\t\t\t\t\t\t\t<p>La R\u00e9gion prend en charge <strong>70 % du co\u00fbt de la prestation<\/strong> pour chaque entreprise participante. Le <strong>co\u00fbt total<\/strong> du parcours varie de <strong>4<\/strong><strong>\u202f<\/strong><strong>300 <\/strong><strong>\u20ac<\/strong><strong> HT (parcours court)<\/strong> \u00e0 <strong>7<\/strong><strong>\u202f<\/strong><strong>300 <\/strong><strong>\u20ac<\/strong><strong> HT (parcours long)<\/strong>, ce qui signifie un <strong>reste \u00e0 charge pour l\u2019entreprise d\u2019environ 1<\/strong><strong>\u202f<\/strong><strong>290 <\/strong><strong>\u20ac<\/strong><strong> HT ou 2<\/strong><strong>\u202f<\/strong><strong>190 <\/strong><strong>\u20ac<\/strong><strong> HT<\/strong> seulement, apr\u00e8s subvention r\u00e9gionale. Ce cofinancement significatif permet aux petites structures d\u2019acc\u00e9der \u00e0 des experts en cybers\u00e9curit\u00e9 \u00e0 moindre co\u00fbt. <a href=\"https:\/\/www.drome.cci.fr\/sites\/g\/files\/mwbcuj971\/files\/alfresco_ged\/fd5cbdc0-372e-46f6-9aa9-f34a05039310.PDF\" target=\"_blank\" rel=\"noopener\">[drome.cci.fr]<\/a> <a href=\"https:\/\/www.drome.cci.fr\/sites\/g\/files\/mwbcuj971\/files\/alfresco_ged\/fd5cbdc0-372e-46f6-9aa9-f34a05039310.PDF\" target=\"_blank\" rel=\"noopener\">[drome.cci.fr]<\/a>, <a href=\"https:\/\/www.drome.cci.fr\/sites\/g\/files\/mwbcuj971\/files\/alfresco_ged\/fd5cbdc0-372e-46f6-9aa9-f34a05039310.PDF\" target=\"_blank\" rel=\"noopener\">[drome.cci.fr]<\/a><\/p>\t\t\t\t\t\t\t\t<\/div>\n\t\t\t\t<\/div>\n\t\t\t\t<div class=\"elementor-element elementor-element-6c5d9859 elementor-widget elementor-widget-heading\" data-id=\"6c5d9859\" data-element_type=\"widget\" data-e-type=\"widget\" data-widget_type=\"heading.default\">\n\t\t\t\t<div class=\"elementor-widget-container\">\n\t\t\t\t\t<h4 class=\"elementor-heading-title elementor-size-default\">\ud83d\ude4bB\u00e9n\u00e9ficiaires<\/h4>\t\t\t\t<\/div>\n\t\t\t\t<\/div>\n\t\t\t\t<div class=\"elementor-element elementor-element-32be8add elementor-widget elementor-widget-text-editor\" data-id=\"32be8add\" data-element_type=\"widget\" data-e-type=\"widget\" data-widget_type=\"text-editor.default\">\n\t\t\t\t<div class=\"elementor-widget-container\">\n\t\t\t\t\t\t\t\t\t<p>Toutes les <strong>TPE, PME et ETI d\u2019Auvergne-Rh\u00f4ne-Alpes<\/strong> peuvent candidater, tous secteurs confondus, \u00e0 condition d\u2019\u00eatre engag\u00e9es dans une d\u00e9marche de transformation num\u00e9rique et de ne pas avoir b\u00e9n\u00e9fici\u00e9 d\u2019un accompagnement \u00e9quivalent auparavant. Le dispositif rel\u00e8ve du r\u00e9gime <em>de minimis<\/em>, ce qui limite les montants totaux d\u2019aide publique par entreprise sur 3 ans (plafond de 200\u202f000 \u20ac g\u00e9n\u00e9ralement). <a href=\"https:\/\/www.drome.cci.fr\/sites\/g\/files\/mwbcuj971\/files\/alfresco_ged\/fd5cbdc0-372e-46f6-9aa9-f34a05039310.PDF\" target=\"_blank\" rel=\"noopener\">[drome.cci.fr]<\/a><\/p>\t\t\t\t\t\t\t\t<\/div>\n\t\t\t\t<\/div>\n\t\t\t\t<div class=\"elementor-element elementor-element-7e04ccc4 elementor-widget elementor-widget-heading\" data-id=\"7e04ccc4\" data-element_type=\"widget\" data-e-type=\"widget\" data-widget_type=\"heading.default\">\n\t\t\t\t<div class=\"elementor-widget-container\">\n\t\t\t\t\t<h4 class=\"elementor-heading-title elementor-size-default\">\ud83d\udccbModalit\u00e9s<\/h4>\t\t\t\t<\/div>\n\t\t\t\t<\/div>\n\t\t\t\t<div class=\"elementor-element elementor-element-c65519a elementor-widget elementor-widget-text-editor\" data-id=\"c65519a\" data-element_type=\"widget\" data-e-type=\"widget\" data-widget_type=\"text-editor.default\">\n\t\t\t\t<div class=\"elementor-widget-container\">\n\t\t\t\t\t\t\t\t\t<p>Les entreprises int\u00e9ress\u00e9es doivent contacter leur <strong>CCI d\u00e9partementale<\/strong> ou l\u2019\u00e9quipe du programme via la plateforme <strong>Ambition Eco<\/strong> de la R\u00e9gion. Une inscription initiale permet de r\u00e9aliser un pr\u00e9-diagnostic en ligne et de constituer le dossier de candidature. Apr\u00e8s validation par la R\u00e9gion, l\u2019entreprise int\u00e8gre un groupe pour le parcours court ou long selon ses besoins. Des consultants labellis\u00e9s (par exemple via la CPME ou la CCI) interviennent alors pour dispenser les formations et r\u00e9aliser les diagnostics techniques en entreprise, le tout sur une p\u00e9riode de quelques semaines \u00e0 mois. \u00c0 l\u2019issue du programme, l\u2019entreprise dispose d\u2019un <strong>plan d\u2019actions concret<\/strong> pour am\u00e9liorer sa <strong>s\u00e9curit\u00e9 informatique<\/strong> et peut solliciter d\u2019autres aides si des investissements suppl\u00e9mentaires sont n\u00e9cessaires (mat\u00e9riel de cybers\u00e9curit\u00e9, mise \u00e0 niveau des syst\u00e8mes, etc.)<\/p>\t\t\t\t\t\t\t\t<\/div>\n\t\t\t\t<\/div>\n\t\t\t\t<div class=\"elementor-element elementor-element-7f54b479 elementor-align-left elementor-mobile-align-justify elementor-tablet-align-justify elementor-widget-mobile__width-inherit elementor-widget elementor-widget-button\" data-id=\"7f54b479\" data-element_type=\"widget\" data-e-type=\"widget\" data-widget_type=\"button.default\">\n\t\t\t\t<div class=\"elementor-widget-container\">\n\t\t\t\t\t\t\t\t\t<div class=\"elementor-button-wrapper\">\n\t\t\t\t\t<a class=\"elementor-button elementor-button-link elementor-size-sm elementor-animation-shrink\" href=\"https:\/\/www.altosor-communication.com\/agence-marketing\/\">\n\t\t\t\t\t\t<span class=\"elementor-button-content-wrapper\">\n\t\t\t\t\t\t\t\t\t<span class=\"elementor-button-text\">Demandez un devis<\/span>\n\t\t\t\t\t<\/span>\n\t\t\t\t\t<\/a>\n\t\t\t\t<\/div>\n\t\t\t\t\t\t\t\t<\/div>\n\t\t\t\t<\/div>\n\t\t\t\t<\/div>\n\t\t\t\t\t<\/div>\n\t\t\t\t<\/div>\n\t\t<div class=\"elementor-element elementor-element-468fb104 e-flex e-con-boxed e-con e-parent\" data-id=\"468fb104\" data-element_type=\"container\" data-e-type=\"container\" data-settings=\"{&quot;jet_parallax_layout_list&quot;:[{&quot;jet_parallax_layout_image&quot;:{&quot;url&quot;:&quot;&quot;,&quot;id&quot;:&quot;&quot;,&quot;size&quot;:&quot;&quot;,&quot;alt&quot;:&quot;Altosor Communication Martinique : votre agence de communication digitale et print. Cr\\u00e9ation de site internet, SEO, SEA, publicit\\u00e9, marketing.&quot;,&quot;source&quot;:&quot;library&quot;},&quot;_id&quot;:&quot;dfb0fbd&quot;,&quot;jet_parallax_layout_speed&quot;:{&quot;unit&quot;:&quot;%&quot;,&quot;size&quot;:&quot;30&quot;,&quot;sizes&quot;:[]},&quot;jet_parallax_layout_type&quot;:&quot;opacity&quot;,&quot;jet_parallax_layout_bg_size&quot;:&quot;contain&quot;,&quot;jet_parallax_layout_animation_prop&quot;:null,&quot;jet_parallax_layout_image_tablet&quot;:{&quot;url&quot;:&quot;&quot;,&quot;id&quot;:&quot;&quot;,&quot;size&quot;:&quot;&quot;},&quot;jet_parallax_layout_image_mobile&quot;:{&quot;url&quot;:&quot;&quot;,&quot;id&quot;:&quot;&quot;,&quot;size&quot;:&quot;&quot;},&quot;jet_parallax_layout_direction&quot;:null,&quot;jet_parallax_layout_fx_direction&quot;:&quot;fade-in&quot;,&quot;jet_parallax_layout_z_index&quot;:&quot;&quot;,&quot;jet_parallax_layout_bg_x&quot;:50,&quot;jet_parallax_layout_bg_x_tablet&quot;:&quot;&quot;,&quot;jet_parallax_layout_bg_x_mobile&quot;:&quot;&quot;,&quot;jet_parallax_layout_bg_y&quot;:50,&quot;jet_parallax_layout_bg_y_tablet&quot;:&quot;&quot;,&quot;jet_parallax_layout_bg_y_mobile&quot;:&quot;&quot;,&quot;jet_parallax_layout_bg_size_tablet&quot;:&quot;&quot;,&quot;jet_parallax_layout_bg_size_mobile&quot;:&quot;&quot;,&quot;jet_parallax_layout_on&quot;:[&quot;desktop&quot;,&quot;tablet&quot;]}],&quot;background_background&quot;:&quot;classic&quot;}\">\n\t\t\t\t\t<div class=\"e-con-inner\">\n\t\t\t\t<div class=\"elementor-element elementor-element-1520b0e elementor-widget elementor-widget-heading\" data-id=\"1520b0e\" data-element_type=\"widget\" data-e-type=\"widget\" data-widget_type=\"heading.default\">\n\t\t\t\t<div class=\"elementor-widget-container\">\n\t\t\t\t\t<h3 class=\"elementor-heading-title elementor-size-default\">Pays de la Loire Conseil \u2013 Conseil strat\u00e9gique cofinanc\u00e9<\/h3>\t\t\t\t<\/div>\n\t\t\t\t<\/div>\n\t\t\t\t<div class=\"elementor-element elementor-element-7726943c elementor-widget elementor-widget-text-editor\" data-id=\"7726943c\" data-element_type=\"widget\" data-e-type=\"widget\" data-widget_type=\"text-editor.default\">\n\t\t\t\t<div class=\"elementor-widget-container\">\n\t\t\t\t\t\t\t\t\t<p>Aide \u00e0 la prise de d\u00e9cision strat\u00e9gique via des prestations de conseil externe (num\u00e9rique, RH, RSE, lev\u00e9e de fonds, etc.).<br \/>Subvention de 30 % des d\u00e9penses, jusqu\u2019\u00e0 15 000 \u20ac. <a href=\"https:\/\/www.paysdelaloire.fr\/conseil\" target=\"_blank\" rel=\"noopener\">D\u00e9couvrir le dispositif Conseil<\/a><\/p>\t\t\t\t\t\t\t\t<\/div>\n\t\t\t\t<\/div>\n\t\t<div class=\"elementor-element elementor-element-3874c198 e-con-full e-flex e-con e-child\" data-id=\"3874c198\" data-element_type=\"container\" data-e-type=\"container\" data-settings=\"{&quot;jet_parallax_layout_list&quot;:[]}\">\n\t\t\t\t<div class=\"elementor-element elementor-element-5556a25a elementor-widget elementor-widget-heading\" data-id=\"5556a25a\" data-element_type=\"widget\" data-e-type=\"widget\" data-widget_type=\"heading.default\">\n\t\t\t\t<div class=\"elementor-widget-container\">\n\t\t\t\t\t<h4 class=\"elementor-heading-title elementor-size-default\">\ud83c\udfafObjectif<\/h4>\t\t\t\t<\/div>\n\t\t\t\t<\/div>\n\t\t\t\t<div class=\"elementor-element elementor-element-24f7aee1 elementor-widget elementor-widget-text-editor\" data-id=\"24f7aee1\" data-element_type=\"widget\" data-e-type=\"widget\" data-widget_type=\"text-editor.default\">\n\t\t\t\t<div class=\"elementor-widget-container\">\n\t\t\t\t\t\t\t\t\t<p>Faciliter l\u2019acc\u00e8s des <strong>TPE-PME<\/strong> et organismes r\u00e9gionaux \u00e0 des <strong>prestations de conseil externes<\/strong> dans des domaines strat\u00e9giques (transformation <strong>num\u00e9rique<\/strong>, <strong>cybers\u00e9curit\u00e9<\/strong>, <strong>lev\u00e9e de fonds<\/strong>, <strong>ressources humaines<\/strong> cl\u00e9s, <strong>RSE<\/strong>, <strong>strat\u00e9gie<\/strong> d\u2019entreprise, <strong>\u00e9tudes de faisabilit\u00e9<\/strong> \u2013 tourisme, \u00e9conomie sociale, etc., ou <strong>transition \u00e9cologique<\/strong>). Le dispositif <strong>\u00ab Pays de la Loire Conseil \u00bb<\/strong> permet aux entreprises et autres acteurs lig\u00e9riens de b\u00e9n\u00e9ficier d\u2019un cofinancement de leurs prestations de conseil sp\u00e9cialis\u00e9es par des experts externes. <a href=\"https:\/\/www.paysdelaloire.fr\/conseil\" target=\"_blank\" rel=\"noopener\">En savoir plus<\/a><\/p>\t\t\t\t\t\t\t\t<\/div>\n\t\t\t\t<\/div>\n\t\t\t\t<div class=\"elementor-element elementor-element-19358798 elementor-widget elementor-widget-heading\" data-id=\"19358798\" data-element_type=\"widget\" data-e-type=\"widget\" data-widget_type=\"heading.default\">\n\t\t\t\t<div class=\"elementor-widget-container\">\n\t\t\t\t\t<h4 class=\"elementor-heading-title elementor-size-default\">\ud83d\udcb0Montant de l'aide<\/h4>\t\t\t\t<\/div>\n\t\t\t\t<\/div>\n\t\t\t\t<div class=\"elementor-element elementor-element-73c28ee0 elementor-widget elementor-widget-text-editor\" data-id=\"73c28ee0\" data-element_type=\"widget\" data-e-type=\"widget\" data-widget_type=\"text-editor.default\">\n\t\t\t\t<div class=\"elementor-widget-container\">\n\t\t\t\t\t\t\t\t\t<p>La R\u00e9gion prend en charge <strong>30 % des co\u00fbts \u00e9ligibles HT<\/strong> de la mission de conseil, avec un <strong>plafond de 15<\/strong><strong>\u202f<\/strong><strong>000 <\/strong><strong>\u20ac<\/strong> de subvention par projet. Pour atteindre ce plafond, le montant de d\u00e9penses minimum doit \u00eatre de <strong>5<\/strong><strong>\u202f<\/strong><strong>000 <\/strong><strong>\u20ac<\/strong><strong> HT<\/strong> (soit une subvention minimale de 1\u202f500 \u20ac). De plus, une m\u00eame entreprise ou groupe d\u2019entreprises ne peut recevoir plus de <strong>30<\/strong><strong>\u202f<\/strong><strong>000 <\/strong><strong>\u20ac<\/strong> au total via \u00ab Pays de la Loire Conseil \u00bb sur une p\u00e9riode de trois ans.<\/p>\t\t\t\t\t\t\t\t<\/div>\n\t\t\t\t<\/div>\n\t\t\t\t<div class=\"elementor-element elementor-element-6e4cdc89 elementor-widget elementor-widget-heading\" data-id=\"6e4cdc89\" data-element_type=\"widget\" data-e-type=\"widget\" data-widget_type=\"heading.default\">\n\t\t\t\t<div class=\"elementor-widget-container\">\n\t\t\t\t\t<h4 class=\"elementor-heading-title elementor-size-default\">\ud83d\ude4bB\u00e9n\u00e9ficiaires<\/h4>\t\t\t\t<\/div>\n\t\t\t\t<\/div>\n\t\t\t\t<div class=\"elementor-element elementor-element-75772206 elementor-widget elementor-widget-text-editor\" data-id=\"75772206\" data-element_type=\"widget\" data-e-type=\"widget\" data-widget_type=\"text-editor.default\">\n\t\t\t\t<div class=\"elementor-widget-container\">\n\t\t\t\t\t\t\t\t\t<p>Les <strong>TPE et PME<\/strong> lig\u00e9riennes, ainsi que les <strong>associations, collectivit\u00e9s, institutions<\/strong> ou <strong>groupements (GIP, GIE)<\/strong> actifs en Pays de la Loire, peuvent solliciter cette aide pour des prestations de conseil strat\u00e9gique. <strong>Conditions principales :<\/strong> \u00eatre implant\u00e9 dans la r\u00e9gion et justifier d\u2019au moins <strong>2 ann\u00e9es d\u2019existence<\/strong> (sauf cas particuliers pour certains projets touristiques ou agricoles). Tous les principaux <strong>secteurs d\u2019activit\u00e9<\/strong> sont \u00e9ligibles : industrie (y compris agroalimentaire), artisanat, num\u00e9rique, commerce de d\u00e9tail, tourisme, agriculture\/horticulture, p\u00eache, aquaculture, etc..<\/p>\t\t\t\t\t\t\t\t<\/div>\n\t\t\t\t<\/div>\n\t\t\t\t<div class=\"elementor-element elementor-element-77a928f8 elementor-widget elementor-widget-heading\" data-id=\"77a928f8\" data-element_type=\"widget\" data-e-type=\"widget\" data-widget_type=\"heading.default\">\n\t\t\t\t<div class=\"elementor-widget-container\">\n\t\t\t\t\t<h4 class=\"elementor-heading-title elementor-size-default\">\ud83d\udccbModalit\u00e9s<\/h4>\t\t\t\t<\/div>\n\t\t\t\t<\/div>\n\t\t\t\t<div class=\"elementor-element elementor-element-216edc3d elementor-widget elementor-widget-text-editor\" data-id=\"216edc3d\" data-element_type=\"widget\" data-e-type=\"widget\" data-widget_type=\"text-editor.default\">\n\t\t\t\t<div class=\"elementor-widget-container\">\n\t\t\t\t\t\t\t\t\t<p>L\u2019entreprise s\u00e9lectionne librement un <strong>cabinet de conseil<\/strong> ou un expert, puis d\u00e9pose la demande <em>avant de s\u2019engager financi\u00e8rement<\/em>. La subvention vient alors r\u00e9duire le co\u00fbt de la mission de conseil valid\u00e9e. Ce dispositif s\u2019int\u00e8gre dans le parcours global de transformation des entreprises lig\u00e9riennes, en synergie avec les autres aides (par exemple, r\u00e9aliser d\u2019abord un diagnostic ou un plan d\u2019action via \u00ab Conseil \u00bb puis investir avec l\u2019aide \u00ab Investissement Num\u00e9rique \u00bb). <a href=\"https:\/\/www.paysdelaloire.fr\/conseil\" target=\"_blank\" rel=\"noopener\">En savoir plus<\/a><\/p>\t\t\t\t\t\t\t\t<\/div>\n\t\t\t\t<\/div>\n\t\t\t\t<div class=\"elementor-element elementor-element-32bce1d0 elementor-align-left elementor-mobile-align-justify elementor-tablet-align-justify elementor-widget-mobile__width-inherit elementor-widget elementor-widget-button\" data-id=\"32bce1d0\" data-element_type=\"widget\" data-e-type=\"widget\" data-widget_type=\"button.default\">\n\t\t\t\t<div class=\"elementor-widget-container\">\n\t\t\t\t\t\t\t\t\t<div class=\"elementor-button-wrapper\">\n\t\t\t\t\t<a class=\"elementor-button elementor-button-link elementor-size-sm elementor-animation-shrink\" href=\"https:\/\/www.altosor-communication.com\/agence-marketing\/\">\n\t\t\t\t\t\t<span class=\"elementor-button-content-wrapper\">\n\t\t\t\t\t\t\t\t\t<span class=\"elementor-button-text\">Contactez-nous<\/span>\n\t\t\t\t\t<\/span>\n\t\t\t\t\t<\/a>\n\t\t\t\t<\/div>\n\t\t\t\t\t\t\t\t<\/div>\n\t\t\t\t<\/div>\n\t\t\t\t<\/div>\n\t\t\t\t\t<\/div>\n\t\t\t\t<\/div>\n\t\t<div class=\"elementor-element elementor-element-5a372590 e-flex e-con-boxed e-con e-parent\" data-id=\"5a372590\" data-element_type=\"container\" data-e-type=\"container\" data-settings=\"{&quot;jet_parallax_layout_list&quot;:[{&quot;jet_parallax_layout_image&quot;:{&quot;url&quot;:&quot;&quot;,&quot;id&quot;:&quot;&quot;,&quot;size&quot;:&quot;&quot;,&quot;alt&quot;:&quot;Altosor Communication Martinique : votre agence de communication digitale et print. Cr\\u00e9ation de site internet, SEO, SEA, publicit\\u00e9, marketing.&quot;,&quot;source&quot;:&quot;library&quot;},&quot;_id&quot;:&quot;dfb0fbd&quot;,&quot;jet_parallax_layout_speed&quot;:{&quot;unit&quot;:&quot;%&quot;,&quot;size&quot;:&quot;30&quot;,&quot;sizes&quot;:[]},&quot;jet_parallax_layout_type&quot;:&quot;opacity&quot;,&quot;jet_parallax_layout_bg_size&quot;:&quot;contain&quot;,&quot;jet_parallax_layout_animation_prop&quot;:null,&quot;jet_parallax_layout_image_tablet&quot;:{&quot;url&quot;:&quot;&quot;,&quot;id&quot;:&quot;&quot;,&quot;size&quot;:&quot;&quot;},&quot;jet_parallax_layout_image_mobile&quot;:{&quot;url&quot;:&quot;&quot;,&quot;id&quot;:&quot;&quot;,&quot;size&quot;:&quot;&quot;},&quot;jet_parallax_layout_direction&quot;:null,&quot;jet_parallax_layout_fx_direction&quot;:&quot;fade-in&quot;,&quot;jet_parallax_layout_z_index&quot;:&quot;&quot;,&quot;jet_parallax_layout_bg_x&quot;:50,&quot;jet_parallax_layout_bg_x_tablet&quot;:&quot;&quot;,&quot;jet_parallax_layout_bg_x_mobile&quot;:&quot;&quot;,&quot;jet_parallax_layout_bg_y&quot;:50,&quot;jet_parallax_layout_bg_y_tablet&quot;:&quot;&quot;,&quot;jet_parallax_layout_bg_y_mobile&quot;:&quot;&quot;,&quot;jet_parallax_layout_bg_size_tablet&quot;:&quot;&quot;,&quot;jet_parallax_layout_bg_size_mobile&quot;:&quot;&quot;,&quot;jet_parallax_layout_on&quot;:[&quot;desktop&quot;,&quot;tablet&quot;]}]}\">\n\t\t\t\t\t<div class=\"e-con-inner\">\n\t\t\t\t<div class=\"elementor-element elementor-element-7025f857 elementor-widget elementor-widget-heading\" data-id=\"7025f857\" data-element_type=\"widget\" data-e-type=\"widget\" data-widget_type=\"heading.default\">\n\t\t\t\t<div class=\"elementor-widget-container\">\n\t\t\t\t\t<h3 class=\"elementor-heading-title elementor-size-default\">Pays de la Loire Cyber Diagnostic (Accompagnement \u00e0 la Cybers\u00e9curit\u00e9 des PME)<\/h3>\t\t\t\t<\/div>\n\t\t\t\t<\/div>\n\t\t\t\t<div class=\"elementor-element elementor-element-5ff0cc2d elementor-widget elementor-widget-text-editor\" data-id=\"5ff0cc2d\" data-element_type=\"widget\" data-e-type=\"widget\" data-widget_type=\"text-editor.default\">\n\t\t\t\t<div class=\"elementor-widget-container\">\n\t\t\t\t\t\t\t\t\t<p>Aider les <strong>PME lig\u00e9riennes<\/strong> \u00e0 \u00e9valuer et am\u00e9liorer la s\u00e9curisation de leur syst\u00e8me d\u2019information. Le dispositif <strong>\u00ab Pays de la Loire Cyber Diagnostic \u00bb<\/strong> offre aux petites et moyennes entreprises un <strong>accompagnement sous forme de diagnostics de cybers\u00e9curit\u00e9<\/strong> r\u00e9alis\u00e9s par des prestataires sp\u00e9cialis\u00e9s conventionn\u00e9s par la R\u00e9gion. L\u2019enjeu est de <strong>pr\u00e9venir les cyberattaques<\/strong> en identifiant les vuln\u00e9rabilit\u00e9s du syst\u00e8me informatique de l\u2019entreprise et en proposant un plan d\u2019actions correctives adapt\u00e9.<\/p>\t\t\t\t\t\t\t\t<\/div>\n\t\t\t\t<\/div>\n\t\t<div class=\"elementor-element elementor-element-11761f6e e-con-full e-flex e-con e-child\" data-id=\"11761f6e\" data-element_type=\"container\" data-e-type=\"container\" data-settings=\"{&quot;jet_parallax_layout_list&quot;:[]}\">\n\t\t\t\t<div class=\"elementor-element elementor-element-4af0ae8e elementor-widget elementor-widget-heading\" data-id=\"4af0ae8e\" data-element_type=\"widget\" data-e-type=\"widget\" data-widget_type=\"heading.default\">\n\t\t\t\t<div class=\"elementor-widget-container\">\n\t\t\t\t\t<h4 class=\"elementor-heading-title elementor-size-default\">\ud83c\udfafObjectif<\/h4>\t\t\t\t<\/div>\n\t\t\t\t<\/div>\n\t\t\t\t<div class=\"elementor-element elementor-element-2730935f elementor-widget elementor-widget-text-editor\" data-id=\"2730935f\" data-element_type=\"widget\" data-e-type=\"widget\" data-widget_type=\"text-editor.default\">\n\t\t\t\t<div class=\"elementor-widget-container\">\n\t\t\t\t\t\t\t\t\t<p>Financer les <strong>projets de croissance et de transformation des petites et moyennes entreprises<\/strong> de la r\u00e9gion via un pr\u00eat \u00e0 des conditions avantageuses. Le <strong>Pr\u00eat Croissance TPE-PME<\/strong> est un dispositif financier co-d\u00e9velopp\u00e9 par la <strong>R\u00e9gion Auvergne-Rh\u00f4ne-Alpes<\/strong> et <strong>Bpifrance<\/strong> pour soutenir le d\u00e9veloppement des entreprises locales, en particulier en accompagnant leurs efforts de <strong>digitalisation<\/strong> et de modernisation de leur activit\u00e9.<\/p>\t\t\t\t\t\t\t\t<\/div>\n\t\t\t\t<\/div>\n\t\t\t\t<div class=\"elementor-element elementor-element-575b2796 elementor-widget elementor-widget-heading\" data-id=\"575b2796\" data-element_type=\"widget\" data-e-type=\"widget\" data-widget_type=\"heading.default\">\n\t\t\t\t<div class=\"elementor-widget-container\">\n\t\t\t\t\t<h4 class=\"elementor-heading-title elementor-size-default\">\ud83d\udcb0Montant de l'aide<\/h4>\t\t\t\t<\/div>\n\t\t\t\t<\/div>\n\t\t\t\t<div class=\"elementor-element elementor-element-bc76f13 elementor-widget elementor-widget-text-editor\" data-id=\"bc76f13\" data-element_type=\"widget\" data-e-type=\"widget\" data-widget_type=\"text-editor.default\">\n\t\t\t\t<div class=\"elementor-widget-container\">\n\t\t\t\t\t\t\t\t\t<p>Il s\u2019agit d\u2019un <strong>pr\u00eat sans garantie<\/strong> (ni sur les actifs de l\u2019entreprise ni sur le patrimoine du dirigeant), d\u2019un montant compris <strong>entre 10<\/strong><strong>\u202f<\/strong><strong>000 <\/strong><strong>\u20ac<\/strong><strong> et 300<\/strong><strong>\u202f<\/strong><strong>000 <\/strong><strong>\u20ac<\/strong>. Le remboursement s\u2019effectue sur <strong>5 \u00e0 7 ans<\/strong>, avec une possibilit\u00e9 de diff\u00e9rer les premi\u00e8res \u00e9ch\u00e9ances de capital pendant <strong>12 \u00e0 24 mois<\/strong>. Le taux d\u2019int\u00e9r\u00eat est attractif (souvent autour de 2 % \u00e0 taux fixe, condition d\u00e9pendant des accords avec Bpifrance). Aucune garantie personnelle n\u2019est demand\u00e9e pour souscrire ce pr\u00eat.<\/p><p class=\"MsoNormal\">Le pr\u00eat couvre principalement des d\u00e9penses li\u00e9es au <b>projet de d\u00e9veloppement<\/b> de l\u2019entreprise, et notamment les investissements en <b>transformation num\u00e9rique<\/b> (par exemple : co\u00fbts de logiciels, digitalisation des processus, marketing en ligne, formation au num\u00e9rique, recrutement de comp\u00e9tences digitales). Il peut \u00e9galement financer des investissements mat\u00e9riels \u00e0 faible valeur de gage (\u00e9quipements informatiques, petits outillages), ou renforcer la <b>tr\u00e9sorerie<\/b> li\u00e9e au d\u00e9veloppement (Besoin en Fonds de Roulement accru). Ce pr\u00eat doit imp\u00e9rativement \u00eatre <b>adoss\u00e9 \u00e0 un cofinancement priv\u00e9<\/b> d\u2019un montant au moins \u00e9quivalent (pr\u00eat bancaire, investissement en capital, crowdfunding, etc.) dat\u00e9 de moins de 6 mois.\u00a0<\/p>\t\t\t\t\t\t\t\t<\/div>\n\t\t\t\t<\/div>\n\t\t\t\t<div class=\"elementor-element elementor-element-7143991a elementor-widget elementor-widget-heading\" data-id=\"7143991a\" data-element_type=\"widget\" data-e-type=\"widget\" data-widget_type=\"heading.default\">\n\t\t\t\t<div class=\"elementor-widget-container\">\n\t\t\t\t\t<h4 class=\"elementor-heading-title elementor-size-default\">\ud83d\ude4bB\u00e9n\u00e9ficiaires<\/h4>\t\t\t\t<\/div>\n\t\t\t\t<\/div>\n\t\t\t\t<div class=\"elementor-element elementor-element-5396cc03 elementor-widget elementor-widget-text-editor\" data-id=\"5396cc03\" data-element_type=\"widget\" data-e-type=\"widget\" data-widget_type=\"text-editor.default\">\n\t\t\t\t<div class=\"elementor-widget-container\">\n\t\t\t\t\t\t\t\t\t<p>Les <strong>TPE et PME<\/strong> (de plus de 2 ans) implant\u00e9es en Pays de la Loire, <strong>tous secteurs confondus<\/strong> (sauf agriculture et quelques secteurs exclus comme le conseil pur ou les professions lib\u00e9rales r\u00e9glement\u00e9es) peuvent en b\u00e9n\u00e9ficier. Condition particuli\u00e8re : l\u2019entreprise <strong>ne doit pas avoir d\u00e9j\u00e0 b\u00e9n\u00e9fici\u00e9<\/strong> d\u2019un audit ou conseil en cybers\u00e9curit\u00e9 auparavant, le programme ciblant en priorit\u00e9 les structures n\u2019ayant jamais r\u00e9alis\u00e9 de diagnostic de s\u00e9curit\u00e9 informatique.<\/p>\t\t\t\t\t\t\t\t<\/div>\n\t\t\t\t<\/div>\n\t\t\t\t<div class=\"elementor-element elementor-element-690a0f7c elementor-widget elementor-widget-heading\" data-id=\"690a0f7c\" data-element_type=\"widget\" data-e-type=\"widget\" data-widget_type=\"heading.default\">\n\t\t\t\t<div class=\"elementor-widget-container\">\n\t\t\t\t\t<h4 class=\"elementor-heading-title elementor-size-default\">\ud83d\udccbModalit\u00e9s<\/h4>\t\t\t\t<\/div>\n\t\t\t\t<\/div>\n\t\t\t\t<div class=\"elementor-element elementor-element-5773247 elementor-widget elementor-widget-text-editor\" data-id=\"5773247\" data-element_type=\"widget\" data-e-type=\"widget\" data-widget_type=\"text-editor.default\">\n\t\t\t\t<div class=\"elementor-widget-container\">\n\t\t\t\t\t\t\t\t\t<p>La demande s\u2019effectue directement aupr\u00e8s de la R\u00e9gion via son portail en ligne, avant toute r\u00e9alisation du diagnostic. La R\u00e9gion a pr\u00e9-s\u00e9lectionn\u00e9 des prestataires sp\u00e9cialis\u00e9s qui r\u00e9aliseront l\u2019audit de s\u00e9curit\u00e9. Une fois l\u2019entreprise retenue dans le dispositif, un prestataire est missionn\u00e9 (en fonction du d\u00e9partement d\u2019implantation du b\u00e9n\u00e9ficiaire) pour conduire le <strong>cyberdiagnostic<\/strong> dans la structure. L\u2019entreprise n\u2019a pas \u00e0 avancer l\u2019int\u00e9gralit\u00e9 des frais d\u2019audit, elle ne paye que sa part restant apr\u00e8s aide. <a href=\"https:\/\/www.paysdelaloire.fr\/les-aides\/pays-de-la-loire-cyber-diagnostic\" target=\"_blank\" rel=\"noopener\">En savoir plus<\/a><\/p>\t\t\t\t\t\t\t\t<\/div>\n\t\t\t\t<\/div>\n\t\t\t\t<div class=\"elementor-element elementor-element-6d2365e4 elementor-align-left elementor-mobile-align-justify elementor-tablet-align-justify elementor-widget-mobile__width-inherit elementor-widget elementor-widget-button\" data-id=\"6d2365e4\" data-element_type=\"widget\" data-e-type=\"widget\" data-widget_type=\"button.default\">\n\t\t\t\t<div class=\"elementor-widget-container\">\n\t\t\t\t\t\t\t\t\t<div class=\"elementor-button-wrapper\">\n\t\t\t\t\t<a class=\"elementor-button elementor-button-link elementor-size-sm elementor-animation-shrink\" href=\"https:\/\/www.altosor-communication.com\/agence-marketing\/\">\n\t\t\t\t\t\t<span class=\"elementor-button-content-wrapper\">\n\t\t\t\t\t\t\t\t\t<span class=\"elementor-button-text\">Prendre RDV avec un expert Altosor<\/span>\n\t\t\t\t\t<\/span>\n\t\t\t\t\t<\/a>\n\t\t\t\t<\/div>\n\t\t\t\t\t\t\t\t<\/div>\n\t\t\t\t<\/div>\n\t\t\t\t<\/div>\n\t\t\t\t\t<\/div>\n\t\t\t\t<\/div>\n\t\t<div class=\"elementor-element elementor-element-6402180b e-flex e-con-boxed e-con e-parent\" data-id=\"6402180b\" data-element_type=\"container\" data-e-type=\"container\" data-settings=\"{&quot;jet_parallax_layout_list&quot;:[{&quot;jet_parallax_layout_image&quot;:{&quot;url&quot;:&quot;&quot;,&quot;id&quot;:&quot;&quot;,&quot;size&quot;:&quot;&quot;,&quot;alt&quot;:&quot;Altosor Communication Martinique : votre agence de communication digitale et print. Cr\\u00e9ation de site internet, SEO, SEA, publicit\\u00e9, marketing.&quot;,&quot;source&quot;:&quot;library&quot;},&quot;_id&quot;:&quot;dfb0fbd&quot;,&quot;jet_parallax_layout_speed&quot;:{&quot;unit&quot;:&quot;%&quot;,&quot;size&quot;:&quot;30&quot;,&quot;sizes&quot;:[]},&quot;jet_parallax_layout_type&quot;:&quot;opacity&quot;,&quot;jet_parallax_layout_bg_size&quot;:&quot;contain&quot;,&quot;jet_parallax_layout_animation_prop&quot;:null,&quot;jet_parallax_layout_image_tablet&quot;:{&quot;url&quot;:&quot;&quot;,&quot;id&quot;:&quot;&quot;,&quot;size&quot;:&quot;&quot;},&quot;jet_parallax_layout_image_mobile&quot;:{&quot;url&quot;:&quot;&quot;,&quot;id&quot;:&quot;&quot;,&quot;size&quot;:&quot;&quot;},&quot;jet_parallax_layout_direction&quot;:null,&quot;jet_parallax_layout_fx_direction&quot;:&quot;fade-in&quot;,&quot;jet_parallax_layout_z_index&quot;:&quot;&quot;,&quot;jet_parallax_layout_bg_x&quot;:50,&quot;jet_parallax_layout_bg_x_tablet&quot;:&quot;&quot;,&quot;jet_parallax_layout_bg_x_mobile&quot;:&quot;&quot;,&quot;jet_parallax_layout_bg_y&quot;:50,&quot;jet_parallax_layout_bg_y_tablet&quot;:&quot;&quot;,&quot;jet_parallax_layout_bg_y_mobile&quot;:&quot;&quot;,&quot;jet_parallax_layout_bg_size_tablet&quot;:&quot;&quot;,&quot;jet_parallax_layout_bg_size_mobile&quot;:&quot;&quot;,&quot;jet_parallax_layout_on&quot;:[&quot;desktop&quot;,&quot;tablet&quot;]}],&quot;background_background&quot;:&quot;classic&quot;}\">\n\t\t\t\t\t<div class=\"e-con-inner\">\n\t\t\t\t<div class=\"elementor-element elementor-element-5f195892 elementor-widget elementor-widget-heading\" data-id=\"5f195892\" data-element_type=\"widget\" data-e-type=\"widget\" data-widget_type=\"heading.default\">\n\t\t\t\t<div class=\"elementor-widget-container\">\n\t\t\t\t\t<h3 class=\"elementor-heading-title elementor-size-default\">Pr\u00eat Rebond \u2013 Pr\u00eat \u00e0 taux 0 % pour entreprises en difficult\u00e9<\/h3>\t\t\t\t<\/div>\n\t\t\t\t<\/div>\n\t\t\t\t<div class=\"elementor-element elementor-element-2b593267 elementor-widget elementor-widget-text-editor\" data-id=\"2b593267\" data-element_type=\"widget\" data-e-type=\"widget\" data-widget_type=\"text-editor.default\">\n\t\t\t\t<div class=\"elementor-widget-container\">\n\t\t\t\t\t\t\t\t\t<p>Double accompagnement : conseil + pr\u00eat de tr\u00e9sorerie pour les TPE\/PME et structures de l\u2019ESS.<br \/>Pr\u00eat \u00e0 taux 0 %, sans garantie, jusqu\u2019\u00e0 12 mois. <a href=\"https:\/\/www.fonds-publics.fr\/aides\/pays-loire-rebond-accompagnement\" target=\"_blank\" rel=\"noopener\">Acc\u00e9der au Pr\u00eat Rebond<\/a><\/p>\t\t\t\t\t\t\t\t<\/div>\n\t\t\t\t<\/div>\n\t\t<div class=\"elementor-element elementor-element-497112cb e-con-full e-flex e-con e-child\" data-id=\"497112cb\" data-element_type=\"container\" data-e-type=\"container\" data-settings=\"{&quot;jet_parallax_layout_list&quot;:[]}\">\n\t\t\t\t<div class=\"elementor-element elementor-element-1f16e8d2 elementor-widget elementor-widget-heading\" data-id=\"1f16e8d2\" data-element_type=\"widget\" data-e-type=\"widget\" data-widget_type=\"heading.default\">\n\t\t\t\t<div class=\"elementor-widget-container\">\n\t\t\t\t\t<h4 class=\"elementor-heading-title elementor-size-default\">\ud83c\udfafObjectif<\/h4>\t\t\t\t<\/div>\n\t\t\t\t<\/div>\n\t\t\t\t<div class=\"elementor-element elementor-element-6101d696 elementor-widget elementor-widget-text-editor\" data-id=\"6101d696\" data-element_type=\"widget\" data-e-type=\"widget\" data-widget_type=\"text-editor.default\">\n\t\t\t\t<div class=\"elementor-widget-container\">\n\t\t\t\t\t\t\t\t\t<p>Aider les <strong>entreprises en difficult\u00e9 conjoncturelle<\/strong> \u00e0 surmonter une phase critique (baisse d\u2019activit\u00e9, tensions de tr\u00e9sorerie) et \u00e9viter les d\u00e9faillances. Le programme <strong>\u00ab Pays de la Loire Rebond \u00bb<\/strong> combine deux volets : <strong>un accompagnement<\/strong> personnalis\u00e9 par un cabinet de conseil pour \u00e9tablir un diagnostic financier et un plan de redressement, <em>et<\/em> un <strong>pr\u00eat de tr\u00e9sorerie<\/strong> d\u2019urgence accord\u00e9 par la R\u00e9gion en partenariat avec <strong>France Active.<\/strong><\/p>\t\t\t\t\t\t\t\t<\/div>\n\t\t\t\t<\/div>\n\t\t\t\t<div class=\"elementor-element elementor-element-11b9147 elementor-widget elementor-widget-heading\" data-id=\"11b9147\" data-element_type=\"widget\" data-e-type=\"widget\" data-widget_type=\"heading.default\">\n\t\t\t\t<div class=\"elementor-widget-container\">\n\t\t\t\t\t<h4 class=\"elementor-heading-title elementor-size-default\">\u2705Services propos\u00e9s<\/h4>\t\t\t\t<\/div>\n\t\t\t\t<\/div>\n\t\t\t\t<div class=\"elementor-element elementor-element-58fee08 elementor-widget elementor-widget-text-editor\" data-id=\"58fee08\" data-element_type=\"widget\" data-e-type=\"widget\" data-widget_type=\"text-editor.default\">\n\t\t\t\t<div class=\"elementor-widget-container\">\n\t\t\t\t\t\t\t\t\t<ul><li><strong>Accompagnement conseil individualis\u00e9 :<\/strong> Un expert externe intervient rapidement aupr\u00e8s du dirigeant pour analyser la situation, identifier les causes des difficult\u00e9s et \u00e9laborer un plan d\u2019actions pour le redressement de l\u2019entreprise (plan de restructuration, mesures d\u2019\u00e9conomies, recherche de financements, etc.). Ce volet \u00ab conseil \u00bb est financ\u00e9 par la R\u00e9gion en collaboration avec France Active, sans reste \u00e0 charge pour l\u2019entreprise.<\/li><li><strong>Pr\u00eat de tr\u00e9sorerie \u00e0 taux z\u00e9ro :<\/strong> Une avance de tr\u00e9sorerie pouvant \u00eatre accord\u00e9e \u00e0 l\u2019entreprise en compl\u00e9ment de l\u2019accompagnement, pour soutenir le fonds de roulement et maintenir la confiance des partenaires financiers. Ce <strong>pr\u00eat \u00e0 0%<\/strong> est de <strong>court terme<\/strong> (dur\u00e9e maximale <strong>6 mois<\/strong>, renouvelable une fois, soit 12 mois au total) et <strong>sans garantie ni caution personnelle<\/strong>, avec remboursement in fine. Le montant du pr\u00eat est adapt\u00e9 au besoin de l\u2019entreprise et valid\u00e9 par un comit\u00e9 r\u00e9gional apr\u00e8s expertise du dossier par France Active.<\/li><\/ul>\t\t\t\t\t\t\t\t<\/div>\n\t\t\t\t<\/div>\n\t\t\t\t<div class=\"elementor-element elementor-element-504f1cd elementor-widget elementor-widget-heading\" data-id=\"504f1cd\" data-element_type=\"widget\" data-e-type=\"widget\" data-widget_type=\"heading.default\">\n\t\t\t\t<div class=\"elementor-widget-container\">\n\t\t\t\t\t<h4 class=\"elementor-heading-title elementor-size-default\">\ud83d\udcb0Montant de l'aide<\/h4>\t\t\t\t<\/div>\n\t\t\t\t<\/div>\n\t\t\t\t<div class=\"elementor-element elementor-element-5084c722 elementor-widget elementor-widget-text-editor\" data-id=\"5084c722\" data-element_type=\"widget\" data-e-type=\"widget\" data-widget_type=\"text-editor.default\">\n\t\t\t\t<div class=\"elementor-widget-container\">\n\t\t\t\t\t\t\t\t\t<p>Il ne s\u2019agit pas d\u2019une subvention directe, mais d\u2019un <strong>accompagnement \u00e0 la lev\u00e9e de fonds<\/strong>. La R\u00e9gion travaille en partenariat avec des acteurs du capital-risque (tels que l\u2019acc\u00e9l\u00e9rateur <strong>Axeleo<\/strong>) pour mettre les start-ups s\u00e9lectionn\u00e9es en relation avec des investisseurs potentiels. Concr\u00e8tement, si votre jeune entreprise est retenue, vous serez coach\u00e9 dans votre d\u00e9marche de lev\u00e9e de fonds : pr\u00e9paration du dossier d\u2019investissement, mise en r\u00e9seau avec des fonds d\u2019investissement ou business angels, mentorat, etc. L\u2019objectif est de s\u00e9curiser un tour de table pouvant apporter jusqu\u2019\u00e0 2,5 M\u20ac en capital \u00e0 votre entreprise innovante.<\/p>\t\t\t\t\t\t\t\t<\/div>\n\t\t\t\t<\/div>\n\t\t\t\t<div class=\"elementor-element elementor-element-7ce3b6d6 elementor-widget elementor-widget-heading\" data-id=\"7ce3b6d6\" data-element_type=\"widget\" data-e-type=\"widget\" data-widget_type=\"heading.default\">\n\t\t\t\t<div class=\"elementor-widget-container\">\n\t\t\t\t\t<h4 class=\"elementor-heading-title elementor-size-default\">\ud83d\ude4bB\u00e9n\u00e9ficiaires<\/h4>\t\t\t\t<\/div>\n\t\t\t\t<\/div>\n\t\t\t\t<div class=\"elementor-element elementor-element-f1f19c4 elementor-widget elementor-widget-text-editor\" data-id=\"f1f19c4\" data-element_type=\"widget\" data-e-type=\"widget\" data-widget_type=\"text-editor.default\">\n\t\t\t\t<div class=\"elementor-widget-container\">\n\t\t\t\t\t\t\t\t\t<p>Ce dispositif s\u2019adresse principalement aux <strong>TPE de moins de 20 salari\u00e9s<\/strong> justifiant de <strong>3 ans d\u2019existence<\/strong> minimum, ainsi qu\u2019aux <strong>structures de l\u2019\u00c9conomie Sociale et Solidaire (ESS)<\/strong> comptant de pr\u00e9f\u00e9rence plus de 10 salari\u00e9s (et au moins 1 an d\u2019activit\u00e9). Les entreprises candidates (y compris associations employeuses ou coop\u00e9ratives) doivent pr\u00e9senter des difficult\u00e9s financi\u00e8res av\u00e9r\u00e9es, r\u00e9pondant \u00e0 au moins <strong>2 crit\u00e8res<\/strong> parmi 3 (pertes sur plusieurs exercices, forte d\u00e9gradation des fonds propres, perte d\u2019un march\u00e9 ou financement majeur). Les entreprises relevant de professions lib\u00e9rales ou d\u2019activit\u00e9s r\u00e9glement\u00e9es sont exclues.<\/p>\t\t\t\t\t\t\t\t<\/div>\n\t\t\t\t<\/div>\n\t\t\t\t<div class=\"elementor-element elementor-element-6a21c36f elementor-widget elementor-widget-heading\" data-id=\"6a21c36f\" data-element_type=\"widget\" data-e-type=\"widget\" data-widget_type=\"heading.default\">\n\t\t\t\t<div class=\"elementor-widget-container\">\n\t\t\t\t\t<h4 class=\"elementor-heading-title elementor-size-default\">\ud83d\udccbModalit\u00e9s<\/h4>\t\t\t\t<\/div>\n\t\t\t\t<\/div>\n\t\t\t\t<div class=\"elementor-element elementor-element-5a07ac5a elementor-widget elementor-widget-text-editor\" data-id=\"5a07ac5a\" data-element_type=\"widget\" data-e-type=\"widget\" data-widget_type=\"text-editor.default\">\n\t\t\t\t<div class=\"elementor-widget-container\">\n\t\t\t\t\t\t\t\t\t<p>Les entreprises int\u00e9ress\u00e9es doivent se rapprocher de <strong>France Active Pays de la Loire<\/strong> ou de la R\u00e9gion pour initier le processus. Les dossiers sont instruits conjointement: France Active r\u00e9alise l\u2019analyse financi\u00e8re et propose un plan d\u2019accompagnement, puis le comit\u00e9 de d\u00e9cision r\u00e9gional valide l\u2019octroi du pr\u00eat et l\u2019accompagnement le cas \u00e9ch\u00e9ant. L\u2019articulation conseil + pr\u00eat vise \u00e0 apporter une r\u00e9ponse globale: la <strong>consultation<\/strong> renforce la strat\u00e9gie de l\u2019entreprise, tandis que le <strong>pr\u00eat r\u00e9gional<\/strong> soulage la tr\u00e9sorerie pour faciliter la mise en \u0153uvre du plan de redressement. <a href=\"https:\/\/www.fonds-publics.fr\/aides\/pays-loire-rebond-accompagnement\" target=\"_blank\" rel=\"noopener\">En savoir plus\u00a0<\/a><\/p>\t\t\t\t\t\t\t\t<\/div>\n\t\t\t\t<\/div>\n\t\t\t\t<div class=\"elementor-element elementor-element-1a0d7e18 elementor-align-left elementor-mobile-align-justify elementor-tablet-align-justify elementor-widget-mobile__width-inherit elementor-widget elementor-widget-button\" data-id=\"1a0d7e18\" data-element_type=\"widget\" data-e-type=\"widget\" data-widget_type=\"button.default\">\n\t\t\t\t<div class=\"elementor-widget-container\">\n\t\t\t\t\t\t\t\t\t<div class=\"elementor-button-wrapper\">\n\t\t\t\t\t<a class=\"elementor-button elementor-button-link elementor-size-sm elementor-animation-shrink\" href=\"https:\/\/www.altosor-communication.com\/agence-marketing\/\">\n\t\t\t\t\t\t<span class=\"elementor-button-content-wrapper\">\n\t\t\t\t\t\t\t\t\t<span class=\"elementor-button-text\">Contactez-nous<\/span>\n\t\t\t\t\t<\/span>\n\t\t\t\t\t<\/a>\n\t\t\t\t<\/div>\n\t\t\t\t\t\t\t\t<\/div>\n\t\t\t\t<\/div>\n\t\t\t\t<\/div>\n\t\t\t\t\t<\/div>\n\t\t\t\t<\/div>\n\t\t<div class=\"elementor-element elementor-element-3ce957f e-flex e-con-boxed e-con e-parent\" data-id=\"3ce957f\" data-element_type=\"container\" data-e-type=\"container\" data-settings=\"{&quot;jet_parallax_layout_list&quot;:[{&quot;jet_parallax_layout_image&quot;:{&quot;url&quot;:&quot;&quot;,&quot;id&quot;:&quot;&quot;,&quot;size&quot;:&quot;&quot;,&quot;alt&quot;:&quot;Altosor Communication Martinique : votre agence de communication digitale et print. Cr\\u00e9ation de site internet, SEO, SEA, publicit\\u00e9, marketing.&quot;,&quot;source&quot;:&quot;library&quot;},&quot;_id&quot;:&quot;dfb0fbd&quot;,&quot;jet_parallax_layout_speed&quot;:{&quot;unit&quot;:&quot;%&quot;,&quot;size&quot;:&quot;30&quot;,&quot;sizes&quot;:[]},&quot;jet_parallax_layout_type&quot;:&quot;opacity&quot;,&quot;jet_parallax_layout_bg_size&quot;:&quot;contain&quot;,&quot;jet_parallax_layout_animation_prop&quot;:null,&quot;jet_parallax_layout_image_tablet&quot;:{&quot;url&quot;:&quot;&quot;,&quot;id&quot;:&quot;&quot;,&quot;size&quot;:&quot;&quot;},&quot;jet_parallax_layout_image_mobile&quot;:{&quot;url&quot;:&quot;&quot;,&quot;id&quot;:&quot;&quot;,&quot;size&quot;:&quot;&quot;},&quot;jet_parallax_layout_direction&quot;:null,&quot;jet_parallax_layout_fx_direction&quot;:&quot;fade-in&quot;,&quot;jet_parallax_layout_z_index&quot;:&quot;&quot;,&quot;jet_parallax_layout_bg_x&quot;:50,&quot;jet_parallax_layout_bg_x_tablet&quot;:&quot;&quot;,&quot;jet_parallax_layout_bg_x_mobile&quot;:&quot;&quot;,&quot;jet_parallax_layout_bg_y&quot;:50,&quot;jet_parallax_layout_bg_y_tablet&quot;:&quot;&quot;,&quot;jet_parallax_layout_bg_y_mobile&quot;:&quot;&quot;,&quot;jet_parallax_layout_bg_size_tablet&quot;:&quot;&quot;,&quot;jet_parallax_layout_bg_size_mobile&quot;:&quot;&quot;,&quot;jet_parallax_layout_on&quot;:[&quot;desktop&quot;,&quot;tablet&quot;]}]}\">\n\t\t\t\t\t<div class=\"e-con-inner\">\n\t\t\t\t<div class=\"elementor-element elementor-element-30fd76f elementor-widget elementor-widget-heading\" data-id=\"30fd76f\" data-element_type=\"widget\" data-e-type=\"widget\" data-widget_type=\"heading.default\">\n\t\t\t\t<div class=\"elementor-widget-container\">\n\t\t\t\t\t<h3 class=\"elementor-heading-title elementor-size-default\">Pr\u00eat Entreprise \u2013 Jusqu\u2019\u00e0 2 M\u20ac pour vos investissements<\/h3>\t\t\t\t<\/div>\n\t\t\t\t<\/div>\n\t\t\t\t<div class=\"elementor-element elementor-element-99d4374 elementor-widget elementor-widget-text-editor\" data-id=\"99d4374\" data-element_type=\"widget\" data-e-type=\"widget\" data-widget_type=\"text-editor.default\">\n\t\t\t\t<div class=\"elementor-widget-container\">\n\t\t\t\t\t\t\t\t\t<p>Pr\u00eat r\u00e9gional pour les entreprises industrielles en croissance ou en relance. Taux fixe \u00e0 1,9 %, sans garantie, jusqu\u2019\u00e0 10 ans. <a href=\"https:\/\/territoires.paysdelaloire.fr\/les-aides\/pays-de-la-loire-pret-entreprise\" target=\"_blank\" rel=\"noopener\">Voir le Pr\u00eat Entreprise<\/a><\/p>\t\t\t\t\t\t\t\t<\/div>\n\t\t\t\t<\/div>\n\t\t<div class=\"elementor-element elementor-element-54cdbed e-con-full e-flex e-con e-child\" data-id=\"54cdbed\" data-element_type=\"container\" data-e-type=\"container\" data-settings=\"{&quot;jet_parallax_layout_list&quot;:[]}\">\n\t\t\t\t<div class=\"elementor-element elementor-element-978f57c elementor-widget elementor-widget-heading\" data-id=\"978f57c\" data-element_type=\"widget\" data-e-type=\"widget\" data-widget_type=\"heading.default\">\n\t\t\t\t<div class=\"elementor-widget-container\">\n\t\t\t\t\t<h4 class=\"elementor-heading-title elementor-size-default\">\ud83c\udfafObjectif<\/h4>\t\t\t\t<\/div>\n\t\t\t\t<\/div>\n\t\t\t\t<div class=\"elementor-element elementor-element-c5101cf elementor-widget elementor-widget-text-editor\" data-id=\"c5101cf\" data-element_type=\"widget\" data-e-type=\"widget\" data-widget_type=\"text-editor.default\">\n\t\t\t\t<div class=\"elementor-widget-container\">\n\t\t\t\t\t\t\t\t\t<p>Stimuler l\u2019<strong>investissement<\/strong> et la croissance des entreprises industrielles du territoire. Le <strong>\u00ab Pays de la Loire Pr\u00eat Entreprise \u00bb<\/strong> est un instrument financier mis en place par la R\u00e9gion pour faciliter l\u2019acc\u00e8s au cr\u00e9dit lors de projets de d\u00e9veloppement cons\u00e9quents (croissance interne ou externe), de transmissions\/reprises d\u2019entreprise, de diversification d\u2019activit\u00e9s ou pour soutenir le rebond d\u2019entreprises viables \u00e9prouv\u00e9es par une conjoncture difficile.<\/p>\t\t\t\t\t\t\t\t<\/div>\n\t\t\t\t<\/div>\n\t\t\t\t<div class=\"elementor-element elementor-element-3c96ddd elementor-widget elementor-widget-heading\" data-id=\"3c96ddd\" data-element_type=\"widget\" data-e-type=\"widget\" data-widget_type=\"heading.default\">\n\t\t\t\t<div class=\"elementor-widget-container\">\n\t\t\t\t\t<h4 class=\"elementor-heading-title elementor-size-default\">\ud83d\udcb0Montant de l'aide<\/h4>\t\t\t\t<\/div>\n\t\t\t\t<\/div>\n\t\t\t\t<div class=\"elementor-element elementor-element-f1d5730 elementor-widget elementor-widget-text-editor\" data-id=\"f1d5730\" data-element_type=\"widget\" data-e-type=\"widget\" data-widget_type=\"text-editor.default\">\n\t\t\t\t<div class=\"elementor-widget-container\">\n\t\t\t\t\t\t\t\t\t<p><strong>Pr\u00eat r\u00e9gional compris entre 50<\/strong><strong>\u202f<\/strong><strong>000 <\/strong><strong>\u20ac<\/strong><strong> et 2<\/strong><strong>\u202f<\/strong><strong>000<\/strong><strong>\u202f<\/strong><strong>000 <\/strong><strong>\u20ac<\/strong>, accord\u00e9 \u00e0 un <strong>taux d\u2019int\u00e9r\u00eat fixe pr\u00e9f\u00e9rentiel d\u2019environ 1,9 % TEG<\/strong> (taux global fixe). Aucune garantie sur les actifs de l\u2019entreprise ou du dirigeant n\u2019est exig\u00e9e (pr\u00eat <em>sans garantie<\/em> ni frais de dossier). La dur\u00e9e d\u2019emprunt est <strong>personnalisable jusqu\u2019\u00e0 10 ans<\/strong>, avec possibilit\u00e9 de diff\u00e9rer le remboursement du capital jusqu\u2019\u00e0 <strong>4 ans<\/strong> pour soulager la tr\u00e9sorerie en d\u00e9but de projet. Ce pr\u00eat se veut \u00ab patient \u00bb et adaptable : en cas de besoin, les \u00e9ch\u00e9anciers peuvent \u00eatre r\u00e9am\u00e9nag\u00e9s pour tenir compte de la conjoncture \u00e9conomique de l\u2019entreprise. Un <em>taux r\u00e9duit<\/em> peut \u00eatre appliqu\u00e9 pour les projets ayant un impact environnemental positif (transition \u00e9cologique) ou social (ex : cr\u00e9ation d\u2019emplois pour des publics sp\u00e9cifiques, projets favorisant l\u2019inclusion).<\/p>\t\t\t\t\t\t\t\t<\/div>\n\t\t\t\t<\/div>\n\t\t\t\t<div class=\"elementor-element elementor-element-4d6d90e elementor-widget elementor-widget-heading\" data-id=\"4d6d90e\" data-element_type=\"widget\" data-e-type=\"widget\" data-widget_type=\"heading.default\">\n\t\t\t\t<div class=\"elementor-widget-container\">\n\t\t\t\t\t<h4 class=\"elementor-heading-title elementor-size-default\">\ud83d\ude4bB\u00e9n\u00e9ficiaires<\/h4>\t\t\t\t<\/div>\n\t\t\t\t<\/div>\n\t\t\t\t<div class=\"elementor-element elementor-element-31866f5 elementor-widget elementor-widget-text-editor\" data-id=\"31866f5\" data-element_type=\"widget\" data-e-type=\"widget\" data-widget_type=\"text-editor.default\">\n\t\t\t\t<div class=\"elementor-widget-container\">\n\t\t\t\t\t\t\t\t\t<p>Le pr\u00eat s\u2019adresse en priorit\u00e9 aux <strong>entreprises industrielles<\/strong> de la r\u00e9gion (PME et ETI du secteur de l\u2019industrie et de la production) ayant des projets d\u2019investissement structurants. Il peut \u00e9galement b\u00e9n\u00e9ficier \u00e0 des PME de services ayant des projets d\u2019industrialisation ou d\u2019innovation significative. Les dossiers doivent d\u00e9montrer un besoin de financement important et un plan d\u2019affaires solide, validant la <strong>viabilit\u00e9 \u00e0 long terme<\/strong> du projet (pr\u00e9servation ou cr\u00e9ation d\u2019emplois, innovation, relocalisation d\u2019activit\u00e9, etc.). La R\u00e9gion intervient toujours de mani\u00e8re compl\u00e9mentaire aux financeurs priv\u00e9s (banques, investisseurs), en cofinancement des projets retenus.<\/p>\t\t\t\t\t\t\t\t<\/div>\n\t\t\t\t<\/div>\n\t\t\t\t<div class=\"elementor-element elementor-element-b47a5ea elementor-widget elementor-widget-heading\" data-id=\"b47a5ea\" data-element_type=\"widget\" data-e-type=\"widget\" data-widget_type=\"heading.default\">\n\t\t\t\t<div class=\"elementor-widget-container\">\n\t\t\t\t\t<h4 class=\"elementor-heading-title elementor-size-default\">\ud83d\udccbModalit\u00e9s<\/h4>\t\t\t\t<\/div>\n\t\t\t\t<\/div>\n\t\t\t\t<div class=\"elementor-element elementor-element-4a84ca6 elementor-widget elementor-widget-text-editor\" data-id=\"4a84ca6\" data-element_type=\"widget\" data-e-type=\"widget\" data-widget_type=\"text-editor.default\">\n\t\t\t\t<div class=\"elementor-widget-container\">\n\t\t\t\t\t\t\t\t\t<p>Les entreprises int\u00e9ress\u00e9es doivent d\u00e9poser un <strong>dossier d\u00e9taill\u00e9<\/strong> sur le site de la R\u00e9gion. Une analyse technique et financi\u00e8re approfondie sera men\u00e9e en lien avec les partenaires financiers potentiels du projet pour calibrer l\u2019intervention r\u00e9gionale au plus juste. Le pr\u00eat est octroy\u00e9 en compl\u00e9ment d\u2019un financement bancaire ou en co-investissement avec d\u2019autres partenaires, de fa\u00e7on \u00e0 maximiser l\u2019effet de levier du soutien public. Ce dispositif est g\u00e9r\u00e9 par la R\u00e9gion en partenariat avec Bpifrance et d\u2019autres institutions financi\u00e8res qui cofinancent certains projets strat\u00e9giques pour le territoire. <a href=\"https:\/\/territoires.paysdelaloire.fr\/les-aides\/pays-de-la-loire-pret-entreprise\" target=\"_blank\" rel=\"noopener\">En savoir plus<\/a><\/p>\t\t\t\t\t\t\t\t<\/div>\n\t\t\t\t<\/div>\n\t\t\t\t<div class=\"elementor-element elementor-element-c7c9559 elementor-align-left elementor-mobile-align-justify elementor-tablet-align-justify elementor-widget-mobile__width-inherit elementor-widget elementor-widget-button\" data-id=\"c7c9559\" data-element_type=\"widget\" data-e-type=\"widget\" data-widget_type=\"button.default\">\n\t\t\t\t<div class=\"elementor-widget-container\">\n\t\t\t\t\t\t\t\t\t<div class=\"elementor-button-wrapper\">\n\t\t\t\t\t<a class=\"elementor-button elementor-button-link elementor-size-sm elementor-animation-shrink\" href=\"https:\/\/www.altosor-communication.com\/agence-marketing\/\">\n\t\t\t\t\t\t<span class=\"elementor-button-content-wrapper\">\n\t\t\t\t\t\t\t\t\t<span class=\"elementor-button-text\">Contactez nous<\/span>\n\t\t\t\t\t<\/span>\n\t\t\t\t\t<\/a>\n\t\t\t\t<\/div>\n\t\t\t\t\t\t\t\t<\/div>\n\t\t\t\t<\/div>\n\t\t\t\t<\/div>\n\t\t\t\t\t<\/div>\n\t\t\t\t<\/div>\n\t\t<div class=\"elementor-element elementor-element-57a04b0 e-flex e-con-boxed e-con e-parent\" data-id=\"57a04b0\" data-element_type=\"container\" data-e-type=\"container\" data-settings=\"{&quot;jet_parallax_layout_list&quot;:[{&quot;jet_parallax_layout_image&quot;:{&quot;url&quot;:&quot;&quot;,&quot;id&quot;:&quot;&quot;,&quot;size&quot;:&quot;&quot;,&quot;alt&quot;:&quot;Altosor Communication Martinique : votre agence de communication digitale et print. Cr\\u00e9ation de site internet, SEO, SEA, publicit\\u00e9, marketing.&quot;,&quot;source&quot;:&quot;library&quot;},&quot;_id&quot;:&quot;dfb0fbd&quot;,&quot;jet_parallax_layout_speed&quot;:{&quot;unit&quot;:&quot;%&quot;,&quot;size&quot;:&quot;30&quot;,&quot;sizes&quot;:[]},&quot;jet_parallax_layout_type&quot;:&quot;opacity&quot;,&quot;jet_parallax_layout_bg_size&quot;:&quot;contain&quot;,&quot;jet_parallax_layout_animation_prop&quot;:null,&quot;jet_parallax_layout_image_tablet&quot;:{&quot;url&quot;:&quot;&quot;,&quot;id&quot;:&quot;&quot;,&quot;size&quot;:&quot;&quot;},&quot;jet_parallax_layout_image_mobile&quot;:{&quot;url&quot;:&quot;&quot;,&quot;id&quot;:&quot;&quot;,&quot;size&quot;:&quot;&quot;},&quot;jet_parallax_layout_direction&quot;:null,&quot;jet_parallax_layout_fx_direction&quot;:&quot;fade-in&quot;,&quot;jet_parallax_layout_z_index&quot;:&quot;&quot;,&quot;jet_parallax_layout_bg_x&quot;:50,&quot;jet_parallax_layout_bg_x_tablet&quot;:&quot;&quot;,&quot;jet_parallax_layout_bg_x_mobile&quot;:&quot;&quot;,&quot;jet_parallax_layout_bg_y&quot;:50,&quot;jet_parallax_layout_bg_y_tablet&quot;:&quot;&quot;,&quot;jet_parallax_layout_bg_y_mobile&quot;:&quot;&quot;,&quot;jet_parallax_layout_bg_size_tablet&quot;:&quot;&quot;,&quot;jet_parallax_layout_bg_size_mobile&quot;:&quot;&quot;,&quot;jet_parallax_layout_on&quot;:[&quot;desktop&quot;,&quot;tablet&quot;]}],&quot;background_background&quot;:&quot;classic&quot;}\">\n\t\t\t\t\t<div class=\"e-con-inner\">\n\t\t\t\t<div class=\"elementor-element elementor-element-16c42a4 elementor-widget elementor-widget-heading\" data-id=\"16c42a4\" data-element_type=\"widget\" data-e-type=\"widget\" data-widget_type=\"heading.default\">\n\t\t\t\t<div class=\"elementor-widget-container\">\n\t\t\t\t\t<h3 class=\"elementor-heading-title elementor-size-default\">Fonds Partenarial \u00c9conomie de Proximit\u00e9 \u2013 Soutien aux commerces<\/h3>\t\t\t\t<\/div>\n\t\t\t\t<\/div>\n\t\t\t\t<div class=\"elementor-element elementor-element-3d72ab0 elementor-widget elementor-widget-text-editor\" data-id=\"3d72ab0\" data-element_type=\"widget\" data-e-type=\"widget\" data-widget_type=\"text-editor.default\">\n\t\t\t\t<div class=\"elementor-widget-container\">\n\t\t\t\t\t\t\t\t\t<p>Aide aux commerces de proximit\u00e9 et artisans pour leurs projets d\u2019investissement. Subvention jusqu\u2019\u00e0 20 000 \u20ac, taux de 30 \u00e0 50 %. <a href=\"https:\/\/www.francenum.gouv.fr\/aides-financieres\/fonds-partenarial-economie-de-proximite-0\" target=\"_blank\" rel=\"noopener\">D\u00e9couvrir le Fonds de proximit\u00e9<\/a><\/p>\t\t\t\t\t\t\t\t<\/div>\n\t\t\t\t<\/div>\n\t\t<div class=\"elementor-element elementor-element-6e7a1c7 e-con-full e-flex e-con e-child\" data-id=\"6e7a1c7\" data-element_type=\"container\" data-e-type=\"container\" data-settings=\"{&quot;jet_parallax_layout_list&quot;:[]}\">\n\t\t\t\t<div class=\"elementor-element elementor-element-385505e elementor-widget elementor-widget-heading\" data-id=\"385505e\" data-element_type=\"widget\" data-e-type=\"widget\" data-widget_type=\"heading.default\">\n\t\t\t\t<div class=\"elementor-widget-container\">\n\t\t\t\t\t<h4 class=\"elementor-heading-title elementor-size-default\">\ud83c\udfafObjectif<\/h4>\t\t\t\t<\/div>\n\t\t\t\t<\/div>\n\t\t\t\t<div class=\"elementor-element elementor-element-59e3c3a elementor-widget elementor-widget-text-editor\" data-id=\"59e3c3a\" data-element_type=\"widget\" data-e-type=\"widget\" data-widget_type=\"text-editor.default\">\n\t\t\t\t<div class=\"elementor-widget-container\">\n\t\t\t\t\t\t\t\t\t<p>Renforcer le d\u00e9veloppement des <strong>petites entreprises de commerce de proximit\u00e9 et de l\u2019artisanat local<\/strong> en Pays de la Loire. Ce <strong>Fonds partenarial pour l\u2019\u00e9conomie de proximit\u00e9<\/strong> a pour vocation d\u2019accompagner les projets d\u2019investissement des <strong>\u00ab entreprises du quotidien \u00bb<\/strong> \u2013 celles qui fournissent biens et services de proximit\u00e9 aux habitants et aux touristes (ex : petits commerces, artisans, caf\u00e9s\/restaurants locaux, TPE commerciales, etc.).<\/p>\t\t\t\t\t\t\t\t<\/div>\n\t\t\t\t<\/div>\n\t\t\t\t<div class=\"elementor-element elementor-element-57a3168 elementor-widget elementor-widget-heading\" data-id=\"57a3168\" data-element_type=\"widget\" data-e-type=\"widget\" data-widget_type=\"heading.default\">\n\t\t\t\t<div class=\"elementor-widget-container\">\n\t\t\t\t\t<h4 class=\"elementor-heading-title elementor-size-default\">\ud83d\udcb0Montant de l'aide<\/h4>\t\t\t\t<\/div>\n\t\t\t\t<\/div>\n\t\t\t\t<div class=\"elementor-element elementor-element-3188aba elementor-widget elementor-widget-text-editor\" data-id=\"3188aba\" data-element_type=\"widget\" data-e-type=\"widget\" data-widget_type=\"text-editor.default\">\n\t\t\t\t<div class=\"elementor-widget-container\">\n\t\t\t\t\t\t\t\t\t<p>Il s\u2019agit d\u2019une <strong>subvention<\/strong> qui repr\u00e9sente <strong>30 % maximum des d\u00e9penses \u00e9ligibles<\/strong>, avec un <strong>plafond de 20<\/strong><strong>\u202f<\/strong><strong>000 <\/strong><strong>\u20ac<\/strong> par projet. Si le projet comporte des investissements g\u00e9n\u00e9rant des <strong>\u00e9conomies d\u2019\u00e9nergie<\/strong> significatives (transition \u00e9cologique), le taux de subvention peut \u00eatre port\u00e9 jusqu\u2019\u00e0 <strong>50 % des d\u00e9penses<\/strong>. Ce dispositif s\u2019inscrit dans le cadre des aides <em>\u201cde minimis\u201d<\/em> de l\u2019UE, limitant le cumul des subventions publiques \u00e0 <strong>300<\/strong><strong>\u202f<\/strong><strong>000 <\/strong><strong>\u20ac<\/strong> sur trois ans par entreprise.<\/p>\t\t\t\t\t\t\t\t<\/div>\n\t\t\t\t<\/div>\n\t\t\t\t<div class=\"elementor-element elementor-element-b6ff3eb elementor-widget elementor-widget-heading\" data-id=\"b6ff3eb\" data-element_type=\"widget\" data-e-type=\"widget\" data-widget_type=\"heading.default\">\n\t\t\t\t<div class=\"elementor-widget-container\">\n\t\t\t\t\t<h4 class=\"elementor-heading-title elementor-size-default\">\ud83d\ude4bB\u00e9n\u00e9ficiaires<\/h4>\t\t\t\t<\/div>\n\t\t\t\t<\/div>\n\t\t\t\t<div class=\"elementor-element elementor-element-7b7b4cd elementor-widget elementor-widget-text-editor\" data-id=\"7b7b4cd\" data-element_type=\"widget\" data-e-type=\"widget\" data-widget_type=\"text-editor.default\">\n\t\t\t\t<div class=\"elementor-widget-container\">\n\t\t\t\t\t\t\t\t\t<p>Les <strong>PME<\/strong> du secteur <strong>commercial ou artisanal de proximit\u00e9<\/strong> situ\u00e9es en Pays de la Loire, immatricul\u00e9es (au Registre du Commerce ou M\u00e9tiers), peuvent solliciter le fonds. Ce sont en g\u00e9n\u00e9ral des commerces de d\u00e9tail et entreprises artisanales fr\u00e9quent\u00e9es par le public local ou touristique de mani\u00e8re r\u00e9guli\u00e8re (commerces alimentaires, boutiques de centre-ville, caf\u00e9s, services aux personnes, etc.). <strong>Ne sont pas \u00e9ligibles<\/strong> par exemple : les activit\u00e9s d\u00e9j\u00e0 couvertes par d\u2019autres dispositifs r\u00e9gionaux (CAP PME-PMI pour artisans producteurs), les grandes surfaces (&gt;300 m\u00b2), les agences (immobili\u00e8res, bancaires\u2026), les commerces de gros ou tr\u00e8s saisonniers, et les professions lib\u00e9rales.<\/p><p>Sont soutenus les investissements n\u00e9cessaires \u00e0 la <strong>cr\u00e9ation, la reprise ou le d\u00e9veloppement<\/strong> de ces activit\u00e9s locales, par exemple l\u2019acquisition de mat\u00e9riel de production (neuf ou d\u2019occasion), des travaux d\u2019am\u00e9nagement de locaux commerciaux (hors achat de terrain), les d\u00e9penses de transition num\u00e9rique (cr\u00e9ation d\u2019un site e-commerce, \u00e9quipement digital) ou de transition \u00e9cologique (am\u00e9lioration de l\u2019efficacit\u00e9 \u00e9nerg\u00e9tique, \u00e9quipements \u00e9coresponsables). Pour un projet de reprise de commerce, l\u2019aide peut \u00e9galement porter sur le rachat de parts sociales (si au moins 80% du capital est repris). <strong>Sont exclues<\/strong> notamment les d\u00e9penses de fonctionnement comme les abonnements ou maintenance logicielle courante, les achats de terrains, les v\u00e9hicules de soci\u00e9t\u00e9, le mobilier non sp\u00e9cifique \u00e0 l\u2019activit\u00e9, etc. \u2013 l\u2019aide vise bien des <strong>investissements<\/strong> structurants.<\/p>\t\t\t\t\t\t\t\t<\/div>\n\t\t\t\t<\/div>\n\t\t\t\t<div class=\"elementor-element elementor-element-64f7834 elementor-widget elementor-widget-heading\" data-id=\"64f7834\" data-element_type=\"widget\" data-e-type=\"widget\" data-widget_type=\"heading.default\">\n\t\t\t\t<div class=\"elementor-widget-container\">\n\t\t\t\t\t<h4 class=\"elementor-heading-title elementor-size-default\">\ud83d\udccbModalit\u00e9s<\/h4>\t\t\t\t<\/div>\n\t\t\t\t<\/div>\n\t\t\t\t<div class=\"elementor-element elementor-element-2c4c068 elementor-widget elementor-widget-text-editor\" data-id=\"2c4c068\" data-element_type=\"widget\" data-e-type=\"widget\" data-widget_type=\"text-editor.default\">\n\t\t\t\t<div class=\"elementor-widget-container\">\n\t\t\t\t\t\t\t\t\t<p>Les demandes se font via le portail des aides r\u00e9gionales. Les projets sont instruits en lien avec les intercommunalit\u00e9s ou chambres consulaires locales selon les cas. Le dispositif fonctionne en <strong>partenariat entre la R\u00e9gion et les intercommunalit\u00e9s<\/strong> (<em>contrats CAP \u00c9conomie de Proximit\u00e9<\/em>) dans certains territoires, afin d\u2019accorder des cofinancements coordonn\u00e9s pour les petits commerces locaux. Les chefs d\u2019entreprise sont encourag\u00e9s \u00e0 se rapprocher de leur <strong>Chambre de commerce ou d\u2019artisanat<\/strong> pour \u00eatre orient\u00e9s dans le montage du dossier. <a href=\"https:\/\/www.francenum.gouv.fr\/aides-financieres\/fonds-partenarial-economie-de-proximite-0\" target=\"_blank\" rel=\"noopener\">En savoir plus<\/a><\/p>\t\t\t\t\t\t\t\t<\/div>\n\t\t\t\t<\/div>\n\t\t\t\t<div class=\"elementor-element elementor-element-de47d02 elementor-align-left elementor-mobile-align-justify elementor-tablet-align-justify elementor-widget-mobile__width-inherit elementor-widget elementor-widget-button\" data-id=\"de47d02\" data-element_type=\"widget\" data-e-type=\"widget\" data-widget_type=\"button.default\">\n\t\t\t\t<div class=\"elementor-widget-container\">\n\t\t\t\t\t\t\t\t\t<div class=\"elementor-button-wrapper\">\n\t\t\t\t\t<a class=\"elementor-button elementor-button-link elementor-size-sm elementor-animation-shrink\" href=\"https:\/\/www.altosor-communication.com\/agence-marketing\/\">\n\t\t\t\t\t\t<span class=\"elementor-button-content-wrapper\">\n\t\t\t\t\t\t\t\t\t<span class=\"elementor-button-text\">Contactez-nous<\/span>\n\t\t\t\t\t<\/span>\n\t\t\t\t\t<\/a>\n\t\t\t\t<\/div>\n\t\t\t\t\t\t\t\t<\/div>\n\t\t\t\t<\/div>\n\t\t\t\t<\/div>\n\t\t\t\t\t<\/div>\n\t\t\t\t<\/div>\n\t\t<div class=\"elementor-element elementor-element-382e810 e-flex e-con-boxed e-con e-parent\" data-id=\"382e810\" data-element_type=\"container\" data-e-type=\"container\" data-settings=\"{&quot;jet_parallax_layout_list&quot;:[{&quot;jet_parallax_layout_image&quot;:{&quot;url&quot;:&quot;&quot;,&quot;id&quot;:&quot;&quot;,&quot;size&quot;:&quot;&quot;,&quot;alt&quot;:&quot;Altosor Communication Martinique : votre agence de communication digitale et print. Cr\\u00e9ation de site internet, SEO, SEA, publicit\\u00e9, marketing.&quot;,&quot;source&quot;:&quot;library&quot;},&quot;_id&quot;:&quot;dfb0fbd&quot;,&quot;jet_parallax_layout_speed&quot;:{&quot;unit&quot;:&quot;%&quot;,&quot;size&quot;:&quot;30&quot;,&quot;sizes&quot;:[]},&quot;jet_parallax_layout_type&quot;:&quot;opacity&quot;,&quot;jet_parallax_layout_bg_size&quot;:&quot;contain&quot;,&quot;jet_parallax_layout_animation_prop&quot;:null,&quot;jet_parallax_layout_image_tablet&quot;:{&quot;url&quot;:&quot;&quot;,&quot;id&quot;:&quot;&quot;,&quot;size&quot;:&quot;&quot;},&quot;jet_parallax_layout_image_mobile&quot;:{&quot;url&quot;:&quot;&quot;,&quot;id&quot;:&quot;&quot;,&quot;size&quot;:&quot;&quot;},&quot;jet_parallax_layout_direction&quot;:null,&quot;jet_parallax_layout_fx_direction&quot;:&quot;fade-in&quot;,&quot;jet_parallax_layout_z_index&quot;:&quot;&quot;,&quot;jet_parallax_layout_bg_x&quot;:50,&quot;jet_parallax_layout_bg_x_tablet&quot;:&quot;&quot;,&quot;jet_parallax_layout_bg_x_mobile&quot;:&quot;&quot;,&quot;jet_parallax_layout_bg_y&quot;:50,&quot;jet_parallax_layout_bg_y_tablet&quot;:&quot;&quot;,&quot;jet_parallax_layout_bg_y_mobile&quot;:&quot;&quot;,&quot;jet_parallax_layout_bg_size_tablet&quot;:&quot;&quot;,&quot;jet_parallax_layout_bg_size_mobile&quot;:&quot;&quot;,&quot;jet_parallax_layout_on&quot;:[&quot;desktop&quot;,&quot;tablet&quot;]}]}\">\n\t\t\t\t\t<div class=\"e-con-inner\">\n\t\t\t\t<div class=\"elementor-element elementor-element-8431b61 elementor-widget elementor-widget-heading\" data-id=\"8431b61\" data-element_type=\"widget\" data-e-type=\"widget\" data-widget_type=\"heading.default\">\n\t\t\t\t<div class=\"elementor-widget-container\">\n\t\t\t\t\t<h3 class=\"elementor-heading-title elementor-size-default\">Pr\u00eat Entreprise \u2013 Jusqu\u2019\u00e0 2 M\u20ac pour vos investissements<\/h3>\t\t\t\t<\/div>\n\t\t\t\t<\/div>\n\t\t\t\t<div class=\"elementor-element elementor-element-f23ee75 elementor-widget elementor-widget-text-editor\" data-id=\"f23ee75\" data-element_type=\"widget\" data-e-type=\"widget\" data-widget_type=\"text-editor.default\">\n\t\t\t\t<div class=\"elementor-widget-container\">\n\t\t\t\t\t\t\t\t\t<p>Pr\u00eat r\u00e9gional pour les entreprises industrielles en croissance ou en relance. Taux fixe \u00e0 1,9 %, sans garantie, jusqu\u2019\u00e0 10 ans. <a href=\"https:\/\/territoires.paysdelaloire.fr\/les-aides\/pays-de-la-loire-pret-entreprise\" target=\"_blank\" rel=\"noopener\">Voir le Pr\u00eat Entreprise<\/a><\/p>\t\t\t\t\t\t\t\t<\/div>\n\t\t\t\t<\/div>\n\t\t<div class=\"elementor-element elementor-element-a3737f6 e-con-full e-flex e-con e-child\" data-id=\"a3737f6\" data-element_type=\"container\" data-e-type=\"container\" data-settings=\"{&quot;jet_parallax_layout_list&quot;:[]}\">\n\t\t\t\t<div class=\"elementor-element elementor-element-c844133 elementor-widget elementor-widget-heading\" data-id=\"c844133\" data-element_type=\"widget\" data-e-type=\"widget\" data-widget_type=\"heading.default\">\n\t\t\t\t<div class=\"elementor-widget-container\">\n\t\t\t\t\t<h4 class=\"elementor-heading-title elementor-size-default\">\ud83c\udfafObjectif<\/h4>\t\t\t\t<\/div>\n\t\t\t\t<\/div>\n\t\t\t\t<div class=\"elementor-element elementor-element-b5eb42b elementor-widget elementor-widget-text-editor\" data-id=\"b5eb42b\" data-element_type=\"widget\" data-e-type=\"widget\" data-widget_type=\"text-editor.default\">\n\t\t\t\t<div class=\"elementor-widget-container\">\n\t\t\t\t\t\t\t\t\t<p>Stimuler l\u2019<strong>investissement<\/strong> et la croissance des entreprises industrielles du territoire. Le <strong>\u00ab Pays de la Loire Pr\u00eat Entreprise \u00bb<\/strong> est un instrument financier mis en place par la R\u00e9gion pour faciliter l\u2019acc\u00e8s au cr\u00e9dit lors de projets de d\u00e9veloppement cons\u00e9quents (croissance interne ou externe), de transmissions\/reprises d\u2019entreprise, de diversification d\u2019activit\u00e9s ou pour soutenir le rebond d\u2019entreprises viables \u00e9prouv\u00e9es par une conjoncture difficile.<\/p>\t\t\t\t\t\t\t\t<\/div>\n\t\t\t\t<\/div>\n\t\t\t\t<div class=\"elementor-element elementor-element-ff936de elementor-widget elementor-widget-heading\" data-id=\"ff936de\" data-element_type=\"widget\" data-e-type=\"widget\" data-widget_type=\"heading.default\">\n\t\t\t\t<div class=\"elementor-widget-container\">\n\t\t\t\t\t<h4 class=\"elementor-heading-title elementor-size-default\">\ud83d\udcb0Montant de l'aide<\/h4>\t\t\t\t<\/div>\n\t\t\t\t<\/div>\n\t\t\t\t<div class=\"elementor-element elementor-element-2ddeb03 elementor-widget elementor-widget-text-editor\" data-id=\"2ddeb03\" data-element_type=\"widget\" data-e-type=\"widget\" data-widget_type=\"text-editor.default\">\n\t\t\t\t<div class=\"elementor-widget-container\">\n\t\t\t\t\t\t\t\t\t<p><strong>Pr\u00eat r\u00e9gional compris entre 50<\/strong><strong>\u202f<\/strong><strong>000 <\/strong><strong>\u20ac<\/strong><strong> et 2<\/strong><strong>\u202f<\/strong><strong>000<\/strong><strong>\u202f<\/strong><strong>000 <\/strong><strong>\u20ac<\/strong>, accord\u00e9 \u00e0 un <strong>taux d\u2019int\u00e9r\u00eat fixe pr\u00e9f\u00e9rentiel d\u2019environ 1,9 % TEG<\/strong> (taux global fixe). Aucune garantie sur les actifs de l\u2019entreprise ou du dirigeant n\u2019est exig\u00e9e (pr\u00eat <em>sans garantie<\/em> ni frais de dossier). La dur\u00e9e d\u2019emprunt est <strong>personnalisable jusqu\u2019\u00e0 10 ans<\/strong>, avec possibilit\u00e9 de diff\u00e9rer le remboursement du capital jusqu\u2019\u00e0 <strong>4 ans<\/strong> pour soulager la tr\u00e9sorerie en d\u00e9but de projet. Ce pr\u00eat se veut \u00ab patient \u00bb et adaptable : en cas de besoin, les \u00e9ch\u00e9anciers peuvent \u00eatre r\u00e9am\u00e9nag\u00e9s pour tenir compte de la conjoncture \u00e9conomique de l\u2019entreprise. Un <em>taux r\u00e9duit<\/em> peut \u00eatre appliqu\u00e9 pour les projets ayant un impact environnemental positif (transition \u00e9cologique) ou social (ex : cr\u00e9ation d\u2019emplois pour des publics sp\u00e9cifiques, projets favorisant l\u2019inclusion).<\/p>\t\t\t\t\t\t\t\t<\/div>\n\t\t\t\t<\/div>\n\t\t\t\t<div class=\"elementor-element elementor-element-ccaaf54 elementor-widget elementor-widget-heading\" data-id=\"ccaaf54\" data-element_type=\"widget\" data-e-type=\"widget\" data-widget_type=\"heading.default\">\n\t\t\t\t<div class=\"elementor-widget-container\">\n\t\t\t\t\t<h4 class=\"elementor-heading-title elementor-size-default\">\ud83d\ude4bB\u00e9n\u00e9ficiaires<\/h4>\t\t\t\t<\/div>\n\t\t\t\t<\/div>\n\t\t\t\t<div class=\"elementor-element elementor-element-1c037d3 elementor-widget elementor-widget-text-editor\" data-id=\"1c037d3\" data-element_type=\"widget\" data-e-type=\"widget\" data-widget_type=\"text-editor.default\">\n\t\t\t\t<div class=\"elementor-widget-container\">\n\t\t\t\t\t\t\t\t\t<p>Le pr\u00eat s\u2019adresse en priorit\u00e9 aux <strong>entreprises industrielles<\/strong> de la r\u00e9gion (PME et ETI du secteur de l\u2019industrie et de la production) ayant des projets d\u2019investissement structurants. Il peut \u00e9galement b\u00e9n\u00e9ficier \u00e0 des PME de services ayant des projets d\u2019industrialisation ou d\u2019innovation significative. Les dossiers doivent d\u00e9montrer un besoin de financement important et un plan d\u2019affaires solide, validant la <strong>viabilit\u00e9 \u00e0 long terme<\/strong> du projet (pr\u00e9servation ou cr\u00e9ation d\u2019emplois, innovation, relocalisation d\u2019activit\u00e9, etc.). La R\u00e9gion intervient toujours de mani\u00e8re compl\u00e9mentaire aux financeurs priv\u00e9s (banques, investisseurs), en cofinancement des projets retenus.<\/p>\t\t\t\t\t\t\t\t<\/div>\n\t\t\t\t<\/div>\n\t\t\t\t<div class=\"elementor-element elementor-element-0ab3cc7 elementor-widget elementor-widget-heading\" data-id=\"0ab3cc7\" data-element_type=\"widget\" data-e-type=\"widget\" data-widget_type=\"heading.default\">\n\t\t\t\t<div class=\"elementor-widget-container\">\n\t\t\t\t\t<h4 class=\"elementor-heading-title elementor-size-default\">\ud83d\udccbModalit\u00e9s<\/h4>\t\t\t\t<\/div>\n\t\t\t\t<\/div>\n\t\t\t\t<div class=\"elementor-element elementor-element-c3e6fc6 elementor-widget elementor-widget-text-editor\" data-id=\"c3e6fc6\" data-element_type=\"widget\" data-e-type=\"widget\" data-widget_type=\"text-editor.default\">\n\t\t\t\t<div class=\"elementor-widget-container\">\n\t\t\t\t\t\t\t\t\t<p>Les entreprises int\u00e9ress\u00e9es doivent d\u00e9poser un <strong>dossier d\u00e9taill\u00e9<\/strong> sur le site de la R\u00e9gion. Une analyse technique et financi\u00e8re approfondie sera men\u00e9e en lien avec les partenaires financiers potentiels du projet pour calibrer l\u2019intervention r\u00e9gionale au plus juste. Le pr\u00eat est octroy\u00e9 en compl\u00e9ment d\u2019un financement bancaire ou en co-investissement avec d\u2019autres partenaires, de fa\u00e7on \u00e0 maximiser l\u2019effet de levier du soutien public. Ce dispositif est g\u00e9r\u00e9 par la R\u00e9gion en partenariat avec Bpifrance et d\u2019autres institutions financi\u00e8res qui cofinancent certains projets strat\u00e9giques pour le territoire. <a href=\"https:\/\/territoires.paysdelaloire.fr\/les-aides\/pays-de-la-loire-pret-entreprise\" target=\"_blank\" rel=\"noopener\">En savoir plus<\/a><\/p>\t\t\t\t\t\t\t\t<\/div>\n\t\t\t\t<\/div>\n\t\t\t\t<div class=\"elementor-element elementor-element-38f84ef elementor-align-left elementor-mobile-align-justify elementor-tablet-align-justify elementor-widget-mobile__width-inherit elementor-widget elementor-widget-button\" data-id=\"38f84ef\" data-element_type=\"widget\" data-e-type=\"widget\" data-widget_type=\"button.default\">\n\t\t\t\t<div class=\"elementor-widget-container\">\n\t\t\t\t\t\t\t\t\t<div class=\"elementor-button-wrapper\">\n\t\t\t\t\t<a class=\"elementor-button elementor-button-link elementor-size-sm elementor-animation-shrink\" href=\"https:\/\/www.altosor-communication.com\/agence-marketing\/\">\n\t\t\t\t\t\t<span class=\"elementor-button-content-wrapper\">\n\t\t\t\t\t\t\t\t\t<span class=\"elementor-button-text\">Contactez nous<\/span>\n\t\t\t\t\t<\/span>\n\t\t\t\t\t<\/a>\n\t\t\t\t<\/div>\n\t\t\t\t\t\t\t\t<\/div>\n\t\t\t\t<\/div>\n\t\t\t\t<\/div>\n\t\t\t\t\t<\/div>\n\t\t\t\t<\/div>\n\t\t<div class=\"elementor-element elementor-element-2505c24 e-flex e-con-boxed e-con e-parent\" data-id=\"2505c24\" data-element_type=\"container\" data-e-type=\"container\" data-settings=\"{&quot;jet_parallax_layout_list&quot;:[],&quot;background_background&quot;:&quot;classic&quot;}\">\n\t\t\t\t\t<div class=\"e-con-inner\">\n\t\t<div class=\"elementor-element elementor-element-298ccb31 e-con-full e-flex e-con e-child\" data-id=\"298ccb31\" data-element_type=\"container\" data-e-type=\"container\" data-settings=\"{&quot;jet_parallax_layout_list&quot;:[]}\">\n\t\t\t\t<div class=\"elementor-element elementor-element-448b2be5 elementor-widget elementor-widget-theme-site-logo elementor-widget-image\" data-id=\"448b2be5\" data-element_type=\"widget\" data-e-type=\"widget\" data-widget_type=\"theme-site-logo.default\">\n\t\t\t\t<div class=\"elementor-widget-container\">\n\t\t\t\t\t\t\t\t\t\t\t<a href=\"https:\/\/www.altosor-communication.com\/en\/\">\n\t\t\t<img fetchpriority=\"high\" decoding=\"async\" width=\"768\" height=\"227\" src=\"https:\/\/www.altosor-communication.com\/wp-content\/uploads\/2022\/02\/CN-Altosor-logo-_France-noir-768x227.png\" class=\"attachment-medium_large size-medium_large wp-image-10039\" alt=\"Altosor communication France logo\" srcset=\"https:\/\/www.altosor-communication.com\/wp-content\/uploads\/2022\/02\/CN-Altosor-logo-_France-noir-768x227.png 768w, https:\/\/www.altosor-communication.com\/wp-content\/uploads\/2022\/02\/CN-Altosor-logo-_France-noir-300x89.png 300w, https:\/\/www.altosor-communication.com\/wp-content\/uploads\/2022\/02\/CN-Altosor-logo-_France-noir-1024x303.png 1024w, https:\/\/www.altosor-communication.com\/wp-content\/uploads\/2022\/02\/CN-Altosor-logo-_France-noir-1536x455.png 1536w, https:\/\/www.altosor-communication.com\/wp-content\/uploads\/2022\/02\/CN-Altosor-logo-_France-noir-2048x606.png 2048w\" sizes=\"(max-width: 768px) 100vw, 768px\" title=\"\">\t\t\t\t<\/a>\n\t\t\t\t\t\t\t\t\t\t\t<\/div>\n\t\t\t\t<\/div>\n\t\t\t\t<div class=\"elementor-element elementor-element-b946d44 elementor-widget elementor-widget-heading\" data-id=\"b946d44\" data-element_type=\"widget\" data-e-type=\"widget\" data-widget_type=\"heading.default\">\n\t\t\t\t<div class=\"elementor-widget-container\">\n\t\t\t\t\t<h2 class=\"elementor-heading-title elementor-size-default\">Altosor, votre partenaire pour r\u00e9ussir votre transformation num\u00e9rique<\/h2>\t\t\t\t<\/div>\n\t\t\t\t<\/div>\n\t\t\t\t<div class=\"elementor-element elementor-element-7211f641 elementor-widget elementor-widget-text-editor\" data-id=\"7211f641\" data-element_type=\"widget\" data-e-type=\"widget\" data-widget_type=\"text-editor.default\">\n\t\t\t\t<div class=\"elementor-widget-container\">\n\t\t\t\t\t\t\t\t\t<p>L&#8217;agence Altosor Communication accompagne les entreprises, associations et collectivit\u00e9s d&#8217;Auvergne-Rh\u00f4ne-Alpes dans toutes les \u00e9tapes de leur projet digital. De l&#8217;identification des aides r\u00e9gionales pertinentes \u00e0 la constitution des dossiers de subvention, en passant par la r\u00e9daction des devis, la cr\u00e9ation de sites internet, le r\u00e9f\u00e9rencement SEO, la strat\u00e9gie de communication ou encore la cybers\u00e9curit\u00e9, notre \u00e9quipe vous propose un accompagnement sur mesure. Gr\u00e2ce \u00e0 notre expertise et notre connaissance des dispositifs r\u00e9gionaux, nous maximisons vos chances d&#8217;obtenir les financements adapt\u00e9s \u00e0 vos besoins et assurons la r\u00e9ussite de votre transformation num\u00e9rique.<\/p>\t\t\t\t\t\t\t\t<\/div>\n\t\t\t\t<\/div>\n\t\t<div class=\"elementor-element elementor-element-5e3a3efb e-grid e-con-full e-con e-child\" data-id=\"5e3a3efb\" data-element_type=\"container\" data-e-type=\"container\" data-settings=\"{&quot;jet_parallax_layout_list&quot;:[]}\">\n\t\t\t\t<div class=\"elementor-element elementor-element-1541b276 elementor-invisible elementor-widget elementor-widget-image-box\" data-id=\"1541b276\" data-element_type=\"widget\" data-e-type=\"widget\" data-settings=\"{&quot;_animation&quot;:&quot;zoomIn&quot;}\" data-widget_type=\"image-box.default\">\n\t\t\t\t<div class=\"elementor-widget-container\">\n\t\t\t\t\t<div class=\"elementor-image-box-wrapper\"><div class=\"elementor-image-box-content\"><h5 class=\"elementor-image-box-title\"><a href=\"https:\/\/www.altosor-communication.com\/creation-de-site-internet-sur-mesure\/\">Cr\u00e9ation de site internet sur mesure en Auvergne-Rh\u00f4ne-Alpes<\/a><\/h5><p class=\"elementor-image-box-description\">Altosor Communication con\u00e7oit des sites web sur mesure pour les TPE, PME et associations locales. Que vous soyez \u00e0 Lyon, Grenoble, Clermont-Ferrand ou ailleurs en Auvergne-Rh\u00f4ne-Alpes, notre \u00e9quipe cr\u00e9e un site vitrine professionnel ou e-commerce adapt\u00e9 \u00e0 vos besoins, optimis\u00e9 pour le SEO local et compatible mobiles.<\/p><\/div><\/div>\t\t\t\t<\/div>\n\t\t\t\t<\/div>\n\t\t\t\t<div class=\"elementor-element elementor-element-4f9942be elementor-invisible elementor-widget elementor-widget-image-box\" data-id=\"4f9942be\" data-element_type=\"widget\" data-e-type=\"widget\" data-settings=\"{&quot;_animation&quot;:&quot;zoomIn&quot;}\" data-widget_type=\"image-box.default\">\n\t\t\t\t<div class=\"elementor-widget-container\">\n\t\t\t\t\t<div class=\"elementor-image-box-wrapper\"><div class=\"elementor-image-box-content\"><h5 class=\"elementor-image-box-title\"><a href=\"https:\/\/www.altosor-communication.com\/creer-un-site-e-commerce\/\">Lancement de site e-commerce en Auvergne-Rh\u00f4ne-Alpes<\/a><\/h5><p class=\"elementor-image-box-description\">Vous souhaitez d\u00e9velopper la vente en ligne dans la r\u00e9gion Auvergne-Rh\u00f4ne-Alpes ? Altosor vous accompagne dans la cr\u00e9ation de votre boutique e-commerce de A \u00e0 Z : choix de la plateforme (WooCommerce, Shopify\u2026), design personnalis\u00e9, tunnel de conversion, paiement s\u00e9curis\u00e9, logistique et r\u00e9f\u00e9rencement. Cr\u00e9ez votre boutique en ligne !<\/p><\/div><\/div>\t\t\t\t<\/div>\n\t\t\t\t<\/div>\n\t\t\t\t<div class=\"elementor-element elementor-element-46cf0fda elementor-invisible elementor-widget elementor-widget-image-box\" data-id=\"46cf0fda\" data-element_type=\"widget\" data-e-type=\"widget\" data-settings=\"{&quot;_animation&quot;:&quot;zoomIn&quot;}\" data-widget_type=\"image-box.default\">\n\t\t\t\t<div class=\"elementor-widget-container\">\n\t\t\t\t\t<div class=\"elementor-image-box-wrapper\"><div class=\"elementor-image-box-content\"><h5 class=\"elementor-image-box-title\"><a href=\"https:\/\/www.altosor-communication.com\/referencement-seo\/\">R\u00e9f\u00e9rencement SEO local pour booster votre visibilit\u00e9<\/a><\/h5><p class=\"elementor-image-box-description\">Altosor met en place une strat\u00e9gie SEO sur mesure pour am\u00e9liorer votre positionnement sur Google, notamment sur les requ\u00eates locales comme \u00ab agence web \u00e0 Lyon \u00bb ou \u00ab cr\u00e9ation site internet Grenoble \u00bb. Optimisez votre SEO !<\/p><\/div><\/div>\t\t\t\t<\/div>\n\t\t\t\t<\/div>\n\t\t\t\t<div class=\"elementor-element elementor-element-1e5e39ff elementor-invisible elementor-widget elementor-widget-image-box\" data-id=\"1e5e39ff\" data-element_type=\"widget\" data-e-type=\"widget\" data-settings=\"{&quot;_animation&quot;:&quot;zoomIn&quot;}\" data-widget_type=\"image-box.default\">\n\t\t\t\t<div class=\"elementor-widget-container\">\n\t\t\t\t\t<div class=\"elementor-image-box-wrapper\"><div class=\"elementor-image-box-content\"><h5 class=\"elementor-image-box-title\"><a href=\"https:\/\/www.altosor-communication.com\/audit-seo-site-web\/\">Audit SEO de votre site web<\/a><\/h5><p class=\"elementor-image-box-description\">Votre site internet ne g\u00e9n\u00e8re pas assez de trafic ? Gr\u00e2ce \u00e0 notre audit SEO complet, nous analysons les performances de votre site, identifions les points bloquants et vous proposons des solutions concr\u00e8tes pour am\u00e9liorer votre visibilit\u00e9 locale. Demandez votre audit !<\/p><\/div><\/div>\t\t\t\t<\/div>\n\t\t\t\t<\/div>\n\t\t\t\t<div class=\"elementor-element elementor-element-3fc6d5ec elementor-invisible elementor-widget elementor-widget-image-box\" data-id=\"3fc6d5ec\" data-element_type=\"widget\" data-e-type=\"widget\" data-settings=\"{&quot;_animation&quot;:&quot;zoomIn&quot;}\" data-widget_type=\"image-box.default\">\n\t\t\t\t<div class=\"elementor-widget-container\">\n\t\t\t\t\t<div class=\"elementor-image-box-wrapper\"><div class=\"elementor-image-box-content\"><h5 class=\"elementor-image-box-title\"><a href=\"https:\/\/www.altosor-communication.com\/conseil-en-communication\/\">Conseil en communication et relations presse<\/a><\/h5><p class=\"elementor-image-box-description\">Altosor vous accompagne dans la d\u00e9finition de votre strat\u00e9gie de communication globale : identit\u00e9 visuelle, branding, r\u00e9seaux sociaux, relations presse, campagnes locales\u2026 Nous vous aidons \u00e0 renforcer votre notori\u00e9t\u00e9 dans votre ville, votre d\u00e9partement ou sur l\u2019ensemble de la r\u00e9gion Auvergne-Rh\u00f4ne-Alpes. D\u00e9couvrez nos services.\n<\/p><\/div><\/div>\t\t\t\t<\/div>\n\t\t\t\t<\/div>\n\t\t\t\t<div class=\"elementor-element elementor-element-24fedad2 elementor-invisible elementor-widget elementor-widget-image-box\" data-id=\"24fedad2\" data-element_type=\"widget\" data-e-type=\"widget\" data-settings=\"{&quot;_animation&quot;:&quot;zoomIn&quot;}\" data-widget_type=\"image-box.default\">\n\t\t\t\t<div class=\"elementor-widget-container\">\n\t\t\t\t\t<div class=\"elementor-image-box-wrapper\"><div class=\"elementor-image-box-content\"><h5 class=\"elementor-image-box-title\"><a href=\"https:\/\/www.altosor-communication.com\/campagne-google-ads\/\">R\u00e9f\u00e9rencement payant (Google Ads) pour des r\u00e9sultats imm\u00e9diats<\/a><\/h5><p class=\"elementor-image-box-description\">En compl\u00e9ment du SEO, Altosor vous aide \u00e0 mettre en place des campagnes Google Ads cibl\u00e9es pour g\u00e9n\u00e9rer rapidement du trafic qualifi\u00e9 vers votre site. Nous optimisons vos annonces, vos mots-cl\u00e9s et votre budget pour maximiser votre retour sur investissement dans la r\u00e9gion Auvergne-Rh\u00f4ne-Alpes. Lancez vos campagnes !<\/p><\/div><\/div>\t\t\t\t<\/div>\n\t\t\t\t<\/div>\n\t\t\t\t<\/div>\n\t\t\t\t<\/div>\n\t\t\t\t\t<\/div>\n\t\t\t\t<\/div>\n\t\t\t\t<\/div>\n\t\t","protected":false},"excerpt":{"rendered":"<p>Accueil Aids and subsidies in the Pays de la Loire region Are you a VSE, SME, association or entrepreneur based in the Pays de la Loire region? Take advantage of the many regional grants available to finance your development, digital transition, ecological or cultural projects. Altosor can help you put together your grant applications and [&hellip;]<\/p>\n","protected":false},"author":1,"featured_media":13136,"parent":10453,"menu_order":0,"comment_status":"closed","ping_status":"closed","template":"elementor_header_footer","meta":{"footnotes":""},"class_list":["post-10552","page","type-page","status-publish","has-post-thumbnail","hentry"],"_links":{"self":[{"href":"https:\/\/www.altosor-communication.com\/en\/wp-json\/wp\/v2\/pages\/10552","targetHints":{"allow":["GET"]}}],"collection":[{"href":"https:\/\/www.altosor-communication.com\/en\/wp-json\/wp\/v2\/pages"}],"about":[{"href":"https:\/\/www.altosor-communication.com\/en\/wp-json\/wp\/v2\/types\/page"}],"author":[{"embeddable":true,"href":"https:\/\/www.altosor-communication.com\/en\/wp-json\/wp\/v2\/users\/1"}],"replies":[{"embeddable":true,"href":"https:\/\/www.altosor-communication.com\/en\/wp-json\/wp\/v2\/comments?post=10552"}],"version-history":[{"count":2,"href":"https:\/\/www.altosor-communication.com\/en\/wp-json\/wp\/v2\/pages\/10552\/revisions"}],"predecessor-version":[{"id":26966,"href":"https:\/\/www.altosor-communication.com\/en\/wp-json\/wp\/v2\/pages\/10552\/revisions\/26966"}],"up":[{"embeddable":true,"href":"https:\/\/www.altosor-communication.com\/en\/wp-json\/wp\/v2\/pages\/10453"}],"wp:featuredmedia":[{"embeddable":true,"href":"https:\/\/www.altosor-communication.com\/en\/wp-json\/wp\/v2\/media\/13136"}],"wp:attachment":[{"href":"https:\/\/www.altosor-communication.com\/en\/wp-json\/wp\/v2\/media?parent=10552"}],"curies":[{"name":"wp","href":"https:\/\/api.w.org\/{rel}","templated":true}]}}