{"id":10560,"date":"2022-08-11T08:52:12","date_gmt":"2022-08-11T08:52:12","guid":{"rendered":"https:\/\/www.altosor-communication.com\/grants-by-region\/auvergne-rhone-alpes-region\/"},"modified":"2026-03-07T12:01:11","modified_gmt":"2026-03-07T12:01:11","slug":"region-auvergne-rhone-alpes","status":"publish","type":"page","link":"https:\/\/www.altosor-communication.com\/en\/grants-by-region\/region-auvergne-rhone-alpes\/","title":{"rendered":"Auvergne-Rh\u00f4ne-Alpes Region"},"content":{"rendered":"\t\t<div data-elementor-type=\"wp-page\" data-elementor-id=\"10560\" class=\"elementor elementor-10560 elementor-8540\" data-elementor-post-type=\"page\">\n\t\t\t\t<div class=\"elementor-element elementor-element-4123aa4 e-flex e-con-boxed e-con e-parent\" data-id=\"4123aa4\" data-element_type=\"container\" data-e-type=\"container\" data-settings=\"{&quot;jet_parallax_layout_list&quot;:[{&quot;jet_parallax_layout_image&quot;:{&quot;url&quot;:&quot;&quot;,&quot;id&quot;:&quot;&quot;,&quot;size&quot;:&quot;&quot;},&quot;_id&quot;:&quot;e33c706&quot;,&quot;jet_parallax_layout_image_tablet&quot;:{&quot;url&quot;:&quot;&quot;,&quot;id&quot;:&quot;&quot;,&quot;size&quot;:&quot;&quot;},&quot;jet_parallax_layout_image_mobile&quot;:{&quot;url&quot;:&quot;&quot;,&quot;id&quot;:&quot;&quot;,&quot;size&quot;:&quot;&quot;},&quot;jet_parallax_layout_speed&quot;:{&quot;unit&quot;:&quot;%&quot;,&quot;size&quot;:50,&quot;sizes&quot;:[]},&quot;jet_parallax_layout_type&quot;:&quot;scroll&quot;,&quot;jet_parallax_layout_direction&quot;:&quot;1&quot;,&quot;jet_parallax_layout_fx_direction&quot;:null,&quot;jet_parallax_layout_z_index&quot;:&quot;&quot;,&quot;jet_parallax_layout_bg_x&quot;:50,&quot;jet_parallax_layout_bg_x_tablet&quot;:&quot;&quot;,&quot;jet_parallax_layout_bg_x_mobile&quot;:&quot;&quot;,&quot;jet_parallax_layout_bg_y&quot;:50,&quot;jet_parallax_layout_bg_y_tablet&quot;:&quot;&quot;,&quot;jet_parallax_layout_bg_y_mobile&quot;:&quot;&quot;,&quot;jet_parallax_layout_bg_size&quot;:&quot;auto&quot;,&quot;jet_parallax_layout_bg_size_tablet&quot;:&quot;&quot;,&quot;jet_parallax_layout_bg_size_mobile&quot;:&quot;&quot;,&quot;jet_parallax_layout_animation_prop&quot;:&quot;transform&quot;,&quot;jet_parallax_layout_on&quot;:[&quot;desktop&quot;,&quot;tablet&quot;]}],&quot;background_background&quot;:&quot;classic&quot;,&quot;background_motion_fx_motion_fx_scrolling&quot;:&quot;yes&quot;,&quot;background_motion_fx_translateY_effect&quot;:&quot;yes&quot;,&quot;background_motion_fx_translateY_speed&quot;:{&quot;unit&quot;:&quot;px&quot;,&quot;size&quot;:&quot;5&quot;,&quot;sizes&quot;:[]},&quot;background_motion_fx_translateY_direction&quot;:&quot;negative&quot;,&quot;background_motion_fx_translateY_affectedRange&quot;:{&quot;unit&quot;:&quot;%&quot;,&quot;size&quot;:&quot;&quot;,&quot;sizes&quot;:{&quot;start&quot;:0,&quot;end&quot;:100}},&quot;background_motion_fx_devices&quot;:[&quot;desktop&quot;,&quot;tablet&quot;,&quot;mobile&quot;]}\">\n\t\t\t\t\t<div class=\"e-con-inner\">\n\t\t<div class=\"elementor-element elementor-element-010260c e-con-full e-flex e-con e-child\" data-id=\"010260c\" data-element_type=\"container\" data-e-type=\"container\" data-settings=\"{&quot;jet_parallax_layout_list&quot;:[]}\">\n\t\t\t\t<div class=\"elementor-element elementor-element-d3c665b elementor-widget elementor-widget-breadcrumbs\" data-id=\"d3c665b\" data-element_type=\"widget\" data-e-type=\"widget\" data-widget_type=\"breadcrumbs.default\">\n\t\t\t\t<div class=\"elementor-widget-container\">\n\t\t\t\t\t<nav aria-label=\"breadcrumbs\" class=\"rank-math-breadcrumb\"><p><span class=\"last\">Accueil<\/span><\/p><\/nav>\t\t\t\t<\/div>\n\t\t\t\t<\/div>\n\t\t\t\t<div class=\"elementor-element elementor-element-d24687d elementor-widget elementor-widget-heading\" data-id=\"d24687d\" data-element_type=\"widget\" data-e-type=\"widget\" data-widget_type=\"heading.default\">\n\t\t\t\t<div class=\"elementor-widget-container\">\n\t\t\t\t\t<h1 class=\"elementor-heading-title elementor-size-default\">Aids and subsidies for digital transformation in Auvergne-Rh\u00f4ne-Alpes<\/h1>\t\t\t\t<\/div>\n\t\t\t\t<\/div>\n\t\t\t\t<div class=\"elementor-element elementor-element-6dd93ec elementor-widget elementor-widget-text-editor\" data-id=\"6dd93ec\" data-element_type=\"widget\" data-e-type=\"widget\" data-widget_type=\"text-editor.default\">\n\t\t\t\t<div class=\"elementor-widget-container\">\n\t\t\t\t\t\t\t\t\t<p>Do you run a <strong>small business<\/strong>, an <strong>association<\/strong> or are you an <strong>entrepreneur in the Auvergne-Rh\u00f4ne-Alpes region<\/strong> (Lyon, Grenoble, Saint-\u00c9tienne, Clermont-Ferrand, Annecy, etc.) looking for help with the <strong>digital transformation of<\/strong> your business? The <strong>Auvergne-Rh\u00f4ne-Alpes region<\/strong> is actively committed to helping local businesses digitize, with a range of <strong>digital aids<\/strong> and tailored support. <\/p><p>These regional schemes &#8211; often co-financed by the European Union or in partnership with Bpifrance &#8211; cover<strong>support and advice<\/strong> (digital diagnostics, training, cybersecurity) as well as <strong>direct financing<\/strong> (grants, interest-free or preferential loans, fund-raising assistance). Below is a <strong>summary of the main regional digital grants<\/strong> available in <strong>2026<\/strong>. Don&#8217;t hesitate to contact <strong>Altosor Communication<\/strong> for <strong>tailor-made assistance<\/strong> with your digital transformation and grant applications.  <\/p>\t\t\t\t\t\t\t\t<\/div>\n\t\t\t\t<\/div>\n\t\t<div class=\"elementor-element elementor-element-8ecefc6 e-con-full e-flex e-con e-child\" data-id=\"8ecefc6\" data-element_type=\"container\" data-e-type=\"container\" data-settings=\"{&quot;jet_parallax_layout_list&quot;:[]}\">\n\t\t\t\t<div class=\"elementor-element elementor-element-786a31d elementor-align-left elementor-mobile-align-justify elementor-tablet-align-justify elementor-widget-mobile__width-inherit elementor-widget elementor-widget-button\" data-id=\"786a31d\" data-element_type=\"widget\" data-e-type=\"widget\" data-widget_type=\"button.default\">\n\t\t\t\t<div class=\"elementor-widget-container\">\n\t\t\t\t\t\t\t\t\t<div class=\"elementor-button-wrapper\">\n\t\t\t\t\t<a class=\"elementor-button elementor-button-link elementor-size-sm elementor-animation-shrink\" href=\"https:\/\/www.altosor-communication.com\/en\/agency-marketing\/\">\n\t\t\t\t\t\t<span class=\"elementor-button-content-wrapper\">\n\t\t\t\t\t\t\t\t\t<span class=\"elementor-button-text\">Contact us<\/span>\n\t\t\t\t\t<\/span>\n\t\t\t\t\t<\/a>\n\t\t\t\t<\/div>\n\t\t\t\t\t\t\t\t<\/div>\n\t\t\t\t<\/div>\n\t\t\t\t<div class=\"elementor-element elementor-element-1d3b824 elementor-align-left elementor-mobile-align-justify elementor-tablet-align-justify elementor-widget-mobile__width-inherit elementor-widget elementor-widget-button\" data-id=\"1d3b824\" data-element_type=\"widget\" data-e-type=\"widget\" data-widget_type=\"button.default\">\n\t\t\t\t<div class=\"elementor-widget-container\">\n\t\t\t\t\t\t\t\t\t<div class=\"elementor-button-wrapper\">\n\t\t\t\t\t<a class=\"elementor-button elementor-button-link elementor-size-sm elementor-animation-shrink\" href=\"#sommaire\">\n\t\t\t\t\t\t<span class=\"elementor-button-content-wrapper\">\n\t\t\t\t\t\t\t\t\t<span class=\"elementor-button-text\">See the aid summary<\/span>\n\t\t\t\t\t<\/span>\n\t\t\t\t\t<\/a>\n\t\t\t\t<\/div>\n\t\t\t\t\t\t\t\t<\/div>\n\t\t\t\t<\/div>\n\t\t\t\t<\/div>\n\t\t\t\t<\/div>\n\t\t\t\t\t<\/div>\n\t\t\t\t<\/div>\n\t\t<div class=\"elementor-element elementor-element-7742ebb e-flex e-con-boxed e-con e-parent\" data-id=\"7742ebb\" data-element_type=\"container\" data-e-type=\"container\" data-settings=\"{&quot;jet_parallax_layout_list&quot;:[{&quot;jet_parallax_layout_image&quot;:{&quot;url&quot;:&quot;&quot;,&quot;id&quot;:&quot;&quot;,&quot;size&quot;:&quot;&quot;,&quot;alt&quot;:&quot;Altosor Communication Martinique : votre agence de communication digitale et print. Cr\\u00e9ation de site internet, SEO, SEA, publicit\\u00e9, marketing.&quot;,&quot;source&quot;:&quot;library&quot;},&quot;_id&quot;:&quot;dfb0fbd&quot;,&quot;jet_parallax_layout_speed&quot;:{&quot;unit&quot;:&quot;%&quot;,&quot;size&quot;:&quot;30&quot;,&quot;sizes&quot;:[]},&quot;jet_parallax_layout_type&quot;:&quot;opacity&quot;,&quot;jet_parallax_layout_bg_size&quot;:&quot;contain&quot;,&quot;jet_parallax_layout_animation_prop&quot;:null,&quot;jet_parallax_layout_image_tablet&quot;:{&quot;url&quot;:&quot;&quot;,&quot;id&quot;:&quot;&quot;,&quot;size&quot;:&quot;&quot;},&quot;jet_parallax_layout_image_mobile&quot;:{&quot;url&quot;:&quot;&quot;,&quot;id&quot;:&quot;&quot;,&quot;size&quot;:&quot;&quot;},&quot;jet_parallax_layout_direction&quot;:null,&quot;jet_parallax_layout_fx_direction&quot;:&quot;fade-in&quot;,&quot;jet_parallax_layout_z_index&quot;:&quot;&quot;,&quot;jet_parallax_layout_bg_x&quot;:50,&quot;jet_parallax_layout_bg_x_tablet&quot;:&quot;&quot;,&quot;jet_parallax_layout_bg_x_mobile&quot;:&quot;&quot;,&quot;jet_parallax_layout_bg_y&quot;:50,&quot;jet_parallax_layout_bg_y_tablet&quot;:&quot;&quot;,&quot;jet_parallax_layout_bg_y_mobile&quot;:&quot;&quot;,&quot;jet_parallax_layout_bg_size_tablet&quot;:&quot;&quot;,&quot;jet_parallax_layout_bg_size_mobile&quot;:&quot;&quot;,&quot;jet_parallax_layout_on&quot;:[&quot;desktop&quot;,&quot;tablet&quot;]}]}\">\n\t\t\t\t\t<div class=\"e-con-inner\">\n\t\t\t\t<div class=\"elementor-element elementor-element-8fd46c8 elementor-widget elementor-widget-heading\" data-id=\"8fd46c8\" data-element_type=\"widget\" data-e-type=\"widget\" data-widget_type=\"heading.default\">\n\t\t\t\t<div class=\"elementor-widget-container\">\n\t\t\t\t\t<h2 class=\"elementor-heading-title elementor-size-default\">Summary of the main regional aids to digital transition (2026) in the Auvergne-Rh\u00f4ne-Alpes Region<\/h2>\t\t\t\t<\/div>\n\t\t\t\t<\/div>\n\t\t\t\t<div class=\"elementor-element elementor-element-c52483b elementor-widget elementor-widget-text-editor\" data-id=\"c52483b\" data-element_type=\"widget\" data-e-type=\"widget\" data-widget_type=\"text-editor.default\">\n\t\t\t\t<div class=\"elementor-widget-container\">\n\t\t\t\t\t\t\t\t\t<p>The Auvergne-Rh\u00f4ne-Alpes Region is deploying several <em>flagship<\/em> schemes to support the <strong>digital transition<\/strong> of the region&#8217;s economic players:<\/p>\t\t\t\t\t\t\t\t<\/div>\n\t\t\t\t<\/div>\n\t\t\t\t<div class=\"elementor-element elementor-element-ce6708f elementor-toc--minimized-on-tablet elementor-widget elementor-widget-table-of-contents\" data-id=\"ce6708f\" data-element_type=\"widget\" data-e-type=\"widget\" id=\"sommaire\" data-settings=\"{&quot;headings_by_tags&quot;:[&quot;h3&quot;,&quot;h4&quot;],&quot;exclude_headings_by_selector&quot;:[],&quot;no_headings_message&quot;:&quot;Aucun titre n\\u2019a \\u00e9t\\u00e9 trouv\\u00e9 sur cette page.&quot;,&quot;marker_view&quot;:&quot;numbers&quot;,&quot;minimize_box&quot;:&quot;yes&quot;,&quot;minimized_on&quot;:&quot;tablet&quot;,&quot;hierarchical_view&quot;:&quot;yes&quot;,&quot;min_height&quot;:{&quot;unit&quot;:&quot;px&quot;,&quot;size&quot;:&quot;&quot;,&quot;sizes&quot;:[]},&quot;min_height_tablet&quot;:{&quot;unit&quot;:&quot;px&quot;,&quot;size&quot;:&quot;&quot;,&quot;sizes&quot;:[]},&quot;min_height_mobile&quot;:{&quot;unit&quot;:&quot;px&quot;,&quot;size&quot;:&quot;&quot;,&quot;sizes&quot;:[]}}\" data-widget_type=\"table-of-contents.default\">\n\t\t\t\t<div class=\"elementor-widget-container\">\n\t\t\t\t\t\t\t\t\t<div class=\"elementor-toc__header\">\n\t\t\t\t\t\t<h3 class=\"elementor-toc__header-title\">\n\t\t\t\tTable of contents\t\t\t<\/h3>\n\t\t\t\t\t\t\t\t\t\t<div class=\"elementor-toc__toggle-button elementor-toc__toggle-button--expand\" role=\"button\" tabindex=\"0\" aria-controls=\"elementor-toc__ce6708f\" aria-expanded=\"true\" aria-label=\"Open table of contents\"><i aria-hidden=\"true\" class=\"fas fa-chevron-down\"><\/i><\/div>\n\t\t\t\t<div class=\"elementor-toc__toggle-button elementor-toc__toggle-button--collapse\" role=\"button\" tabindex=\"0\" aria-controls=\"elementor-toc__ce6708f\" aria-expanded=\"true\" aria-label=\"Close table of contents\"><i aria-hidden=\"true\" class=\"fas fa-chevron-up\"><\/i><\/div>\n\t\t\t\t\t<\/div>\n\t\t\t\t<div id=\"elementor-toc__ce6708f\" class=\"elementor-toc__body\">\n\t\t\t<div class=\"elementor-toc__spinner-container\">\n\t\t\t\t<i class=\"elementor-toc__spinner eicon-animation-spin eicon-loading\" aria-hidden=\"true\"><\/i>\t\t\t<\/div>\n\t\t<\/div>\n\t\t\t\t\t\t<\/div>\n\t\t\t\t<\/div>\n\t\t\t\t\t<\/div>\n\t\t\t\t<\/div>\n\t\t<div class=\"elementor-element elementor-element-f7a874e aide e-flex e-con-boxed e-con e-parent\" data-id=\"f7a874e\" data-element_type=\"container\" data-e-type=\"container\" id=\"aide\" data-settings=\"{&quot;jet_parallax_layout_list&quot;:[{&quot;jet_parallax_layout_image&quot;:{&quot;url&quot;:&quot;&quot;,&quot;id&quot;:&quot;&quot;,&quot;size&quot;:&quot;&quot;,&quot;alt&quot;:&quot;Altosor Communication Martinique : votre agence de communication digitale et print. Cr\\u00e9ation de site internet, SEO, SEA, publicit\\u00e9, marketing.&quot;,&quot;source&quot;:&quot;library&quot;},&quot;_id&quot;:&quot;dfb0fbd&quot;,&quot;jet_parallax_layout_speed&quot;:{&quot;unit&quot;:&quot;%&quot;,&quot;size&quot;:&quot;30&quot;,&quot;sizes&quot;:[]},&quot;jet_parallax_layout_type&quot;:&quot;opacity&quot;,&quot;jet_parallax_layout_bg_size&quot;:&quot;contain&quot;,&quot;jet_parallax_layout_animation_prop&quot;:null,&quot;jet_parallax_layout_image_tablet&quot;:{&quot;url&quot;:&quot;&quot;,&quot;id&quot;:&quot;&quot;,&quot;size&quot;:&quot;&quot;},&quot;jet_parallax_layout_image_mobile&quot;:{&quot;url&quot;:&quot;&quot;,&quot;id&quot;:&quot;&quot;,&quot;size&quot;:&quot;&quot;},&quot;jet_parallax_layout_direction&quot;:null,&quot;jet_parallax_layout_fx_direction&quot;:&quot;fade-in&quot;,&quot;jet_parallax_layout_z_index&quot;:&quot;&quot;,&quot;jet_parallax_layout_bg_x&quot;:50,&quot;jet_parallax_layout_bg_x_tablet&quot;:&quot;&quot;,&quot;jet_parallax_layout_bg_x_mobile&quot;:&quot;&quot;,&quot;jet_parallax_layout_bg_y&quot;:50,&quot;jet_parallax_layout_bg_y_tablet&quot;:&quot;&quot;,&quot;jet_parallax_layout_bg_y_mobile&quot;:&quot;&quot;,&quot;jet_parallax_layout_bg_size_tablet&quot;:&quot;&quot;,&quot;jet_parallax_layout_bg_size_mobile&quot;:&quot;&quot;,&quot;jet_parallax_layout_on&quot;:[&quot;desktop&quot;,&quot;tablet&quot;]}],&quot;background_background&quot;:&quot;classic&quot;}\">\n\t\t\t\t\t<div class=\"e-con-inner\">\n\t\t\t\t<div class=\"elementor-element elementor-element-6069a39 elementor-widget elementor-widget-heading\" data-id=\"6069a39\" data-element_type=\"widget\" data-e-type=\"widget\" data-widget_type=\"heading.default\">\n\t\t\t\t<div class=\"elementor-widget-container\">\n\t\t\t\t\t<h3 class=\"elementor-heading-title elementor-size-default\">Atouts Num\u00e9riques - Free digital support for SMEs<\/h3>\t\t\t\t<\/div>\n\t\t\t\t<\/div>\n\t\t\t\t<div class=\"elementor-element elementor-element-893ab2b elementor-widget elementor-widget-text-editor\" data-id=\"893ab2b\" data-element_type=\"widget\" data-e-type=\"widget\" data-widget_type=\"text-editor.default\">\n\t\t\t\t<div class=\"elementor-widget-container\">\n\t\t\t\t\t\t\t\t\t<p>Free personalized support for SMEs with fewer than 50 employees. The program includes a digital maturity diagnosis, personalized advice and group training courses.  100% financed by the Region and the European Union (ERDF).  <a href=\"https:\/\/www.auvergnerhonealpes.fr\/aides\/region-commerce-et-artisanat-developpement-transmission-mettre-en-oeuvre-un-projet-numerique\" target=\"_blank\" rel=\"noopener\">Read more<\/a><\/p>\t\t\t\t\t\t\t\t<\/div>\n\t\t\t\t<\/div>\n\t\t<div class=\"elementor-element elementor-element-a589dee e-con-full e-flex e-con e-child\" data-id=\"a589dee\" data-element_type=\"container\" data-e-type=\"container\" data-settings=\"{&quot;jet_parallax_layout_list&quot;:[]}\">\n\t\t\t\t<div class=\"elementor-element elementor-element-94dff30 elementor-widget elementor-widget-heading\" data-id=\"94dff30\" data-element_type=\"widget\" data-e-type=\"widget\" data-widget_type=\"heading.default\">\n\t\t\t\t<div class=\"elementor-widget-container\">\n\t\t\t\t\t<h4 class=\"elementor-heading-title elementor-size-default\">\ud83c\udfafObjectif<\/h4>\t\t\t\t<\/div>\n\t\t\t\t<\/div>\n\t\t\t\t<div class=\"elementor-element elementor-element-dacbddf elementor-widget elementor-widget-text-editor\" data-id=\"dacbddf\" data-element_type=\"widget\" data-e-type=\"widget\" data-widget_type=\"text-editor.default\">\n\t\t\t\t<div class=\"elementor-widget-container\">\n\t\t\t\t\t\t\t\t\t<p>Enable <strong>VSEs, SMEs and businesses<\/strong> in Auvergne-Rh\u00f4ne-Alpes to make a success of their <strong>digital transition<\/strong> by benefiting from 100% financed expert support. The <strong>Atouts Num\u00e9riques<\/strong> program &#8211; piloted by the Region with European co-funding ( <strong>ERDF<\/strong> funds) &#8211; offers small businesses a <strong>personalized, free support path<\/strong> to develop and implement their digital project. <\/p>\t\t\t\t\t\t\t\t<\/div>\n\t\t\t\t<\/div>\n\t\t\t\t<div class=\"elementor-element elementor-element-9911d66 elementor-widget elementor-widget-heading\" data-id=\"9911d66\" data-element_type=\"widget\" data-e-type=\"widget\" data-widget_type=\"heading.default\">\n\t\t\t\t<div class=\"elementor-widget-container\">\n\t\t\t\t\t<h4 class=\"elementor-heading-title elementor-size-default\">\u2705Services offered<\/h4>\t\t\t\t<\/div>\n\t\t\t\t<\/div>\n\t\t\t\t<div class=\"elementor-element elementor-element-75b3e67 elementor-widget elementor-widget-text-editor\" data-id=\"75b3e67\" data-element_type=\"widget\" data-e-type=\"widget\" data-widget_type=\"text-editor.default\">\n\t\t\t\t<div class=\"elementor-widget-container\">\n\t\t\t\t\t\t\t\t\t<p>A <strong>dedicated digital advisor<\/strong> is assigned via the <strong>Entreprises &amp; Num\u00e9rique (ENE<\/strong> ) association to guide the company through its digital project. Support includes : <\/p><ul><li>An <strong>individual digital maturity diagnostic<\/strong> to assess the company&#8217;s current use of digital tools and identify priority areas for improvement.<\/li><li>A <strong>tailor-made action plan<\/strong> and <strong>personalized advice<\/strong> to implement the right digital solutions (showcase or e-commerce website, social networking presence, management tools, cybersecurity, etc.).<\/li><li><strong>Training sessions or group workshops<\/strong> (up to 7 hours) on e-marketing, cybersecurity, digital management, etc., in addition to individual meetings.<\/li><\/ul>\t\t\t\t\t\t\t\t<\/div>\n\t\t\t\t<\/div>\n\t\t\t\t<div class=\"elementor-element elementor-element-d18cd22 elementor-widget elementor-widget-heading\" data-id=\"d18cd22\" data-element_type=\"widget\" data-e-type=\"widget\" data-widget_type=\"heading.default\">\n\t\t\t\t<div class=\"elementor-widget-container\">\n\t\t\t\t\t<h4 class=\"elementor-heading-title elementor-size-default\">\ud83d\ude4bB\u00e9n\u00e9ficiaires<\/h4>\t\t\t\t<\/div>\n\t\t\t\t<\/div>\n\t\t\t\t<div class=\"elementor-element elementor-element-ad8e53a elementor-widget elementor-widget-text-editor\" data-id=\"ad8e53a\" data-element_type=\"widget\" data-e-type=\"widget\" data-widget_type=\"text-editor.default\">\n\t\t\t\t<div class=\"elementor-widget-container\">\n\t\t\t\t\t\t\t\t\t<p><strong>Companies with more than 2 years&#8217; existence and fewer than 50 employees<\/strong>, mainly in the <strong>retail or craft<\/strong> sectors, can benefit from Atouts Num\u00e9riques. These schemes are particularly well suited to <strong>local VSEs<\/strong> (retailers, craftsmen, small businesses) wishing to use digital technology to develop their business (online sales, web promotion, management tools, etc.). <\/p>\t\t\t\t\t\t\t\t<\/div>\n\t\t\t\t<\/div>\n\t\t\t\t<div class=\"elementor-element elementor-element-3c2c3eb elementor-widget elementor-widget-heading\" data-id=\"3c2c3eb\" data-element_type=\"widget\" data-e-type=\"widget\" data-widget_type=\"heading.default\">\n\t\t\t\t<div class=\"elementor-widget-container\">\n\t\t\t\t\t<h4 class=\"elementor-heading-title elementor-size-default\">\ud83d\udccbModalit\u00e9s<\/h4>\t\t\t\t<\/div>\n\t\t\t\t<\/div>\n\t\t\t\t<div class=\"elementor-element elementor-element-6b5385b elementor-widget elementor-widget-text-editor\" data-id=\"6b5385b\" data-element_type=\"widget\" data-e-type=\"widget\" data-widget_type=\"text-editor.default\">\n\t\t\t\t<div class=\"elementor-widget-container\">\n\t\t\t\t\t\t\t\t\t<p>Registration is via the <strong>Campus R\u00e9gion du Num\u00e9rique portal<\/strong>, and involves carrying out an <strong>online<\/strong> digital maturity <strong>diagnostic<\/strong> (free of charge), which forms the basis of the application file. Once the company has been selected, support is fully financed by the Region and the EU &#8211; <strong>no costs to be borne by the company<\/strong>.  This program is an opportunity to access digital experts at no cost, in order to define specifications, choose appropriate solutions and achieve a successful digital transformation.  <a href=\"https:\/\/www.auvergnerhonealpes.fr\/aides\/region-commerce-et-artisanat-developpement-transmission-mettre-en-oeuvre-un-projet-numerique\" target=\"_blank\" rel=\"noopener\">[auvergnerh&#8230;nealpes.fr]<\/a><\/p>\t\t\t\t\t\t\t\t<\/div>\n\t\t\t\t<\/div>\n\t\t\t\t<div class=\"elementor-element elementor-element-b3f5d45 elementor-align-left elementor-mobile-align-justify elementor-tablet-align-justify elementor-widget-mobile__width-inherit elementor-widget elementor-widget-button\" data-id=\"b3f5d45\" data-element_type=\"widget\" data-e-type=\"widget\" data-widget_type=\"button.default\">\n\t\t\t\t<div class=\"elementor-widget-container\">\n\t\t\t\t\t\t\t\t\t<div class=\"elementor-button-wrapper\">\n\t\t\t\t\t<a class=\"elementor-button elementor-button-link elementor-size-sm elementor-animation-shrink\" href=\"https:\/\/www.altosor-communication.com\/en\/agency-marketing\/\">\n\t\t\t\t\t\t<span class=\"elementor-button-content-wrapper\">\n\t\t\t\t\t\t\t\t\t<span class=\"elementor-button-text\">Contact us<\/span>\n\t\t\t\t\t<\/span>\n\t\t\t\t\t<\/a>\n\t\t\t\t<\/div>\n\t\t\t\t\t\t\t\t<\/div>\n\t\t\t\t<\/div>\n\t\t\t\t<\/div>\n\t\t\t\t\t<\/div>\n\t\t\t\t<\/div>\n\t\t<div class=\"elementor-element elementor-element-eb65a80 e-flex e-con-boxed e-con e-parent\" data-id=\"eb65a80\" data-element_type=\"container\" data-e-type=\"container\" data-settings=\"{&quot;jet_parallax_layout_list&quot;:[{&quot;jet_parallax_layout_image&quot;:{&quot;url&quot;:&quot;&quot;,&quot;id&quot;:&quot;&quot;,&quot;size&quot;:&quot;&quot;,&quot;alt&quot;:&quot;Altosor Communication Martinique : votre agence de communication digitale et print. Cr\\u00e9ation de site internet, SEO, SEA, publicit\\u00e9, marketing.&quot;,&quot;source&quot;:&quot;library&quot;},&quot;_id&quot;:&quot;dfb0fbd&quot;,&quot;jet_parallax_layout_speed&quot;:{&quot;unit&quot;:&quot;%&quot;,&quot;size&quot;:&quot;30&quot;,&quot;sizes&quot;:[]},&quot;jet_parallax_layout_type&quot;:&quot;opacity&quot;,&quot;jet_parallax_layout_bg_size&quot;:&quot;contain&quot;,&quot;jet_parallax_layout_animation_prop&quot;:null,&quot;jet_parallax_layout_image_tablet&quot;:{&quot;url&quot;:&quot;&quot;,&quot;id&quot;:&quot;&quot;,&quot;size&quot;:&quot;&quot;},&quot;jet_parallax_layout_image_mobile&quot;:{&quot;url&quot;:&quot;&quot;,&quot;id&quot;:&quot;&quot;,&quot;size&quot;:&quot;&quot;},&quot;jet_parallax_layout_direction&quot;:null,&quot;jet_parallax_layout_fx_direction&quot;:&quot;fade-in&quot;,&quot;jet_parallax_layout_z_index&quot;:&quot;&quot;,&quot;jet_parallax_layout_bg_x&quot;:50,&quot;jet_parallax_layout_bg_x_tablet&quot;:&quot;&quot;,&quot;jet_parallax_layout_bg_x_mobile&quot;:&quot;&quot;,&quot;jet_parallax_layout_bg_y&quot;:50,&quot;jet_parallax_layout_bg_y_tablet&quot;:&quot;&quot;,&quot;jet_parallax_layout_bg_y_mobile&quot;:&quot;&quot;,&quot;jet_parallax_layout_bg_size_tablet&quot;:&quot;&quot;,&quot;jet_parallax_layout_bg_size_mobile&quot;:&quot;&quot;,&quot;jet_parallax_layout_on&quot;:[&quot;desktop&quot;,&quot;tablet&quot;]}]}\">\n\t\t\t\t\t<div class=\"e-con-inner\">\n\t\t\t\t<div class=\"elementor-element elementor-element-a41afc3 elementor-widget elementor-widget-heading\" data-id=\"a41afc3\" data-element_type=\"widget\" data-e-type=\"widget\" data-widget_type=\"heading.default\">\n\t\t\t\t<div class=\"elementor-widget-container\">\n\t\t\t\t\t<h3 class=\"elementor-heading-title elementor-size-default\">Digital security: Cybersecurity support (70% financed)<\/h3>\t\t\t\t<\/div>\n\t\t\t\t<\/div>\n\t\t\t\t<div class=\"elementor-element elementor-element-403ed2c elementor-widget elementor-widget-text-editor\" data-id=\"403ed2c\" data-element_type=\"widget\" data-e-type=\"widget\" data-widget_type=\"text-editor.default\">\n\t\t\t\t<div class=\"elementor-widget-container\">\n\t\t\t\t\t\t\t\t\t<p>Short or long courses to raise awareness and train companies in cybersecurity issues. 70% of costs covered by the Region.   <a href=\"https:\/\/www.drome.cci.fr\/sites\/g\/files\/mwbcuj971\/files\/alfresco_ged\/fd5cbdc0-372e-46f6-9aa9-f34a05039310.PDF\" target=\"_blank\" rel=\"noopener\">Read more<\/a><\/p>\t\t\t\t\t\t\t\t<\/div>\n\t\t\t\t<\/div>\n\t\t<div class=\"elementor-element elementor-element-8cb05a2 e-con-full e-flex e-con e-child\" data-id=\"8cb05a2\" data-element_type=\"container\" data-e-type=\"container\" data-settings=\"{&quot;jet_parallax_layout_list&quot;:[]}\">\n\t\t\t\t<div class=\"elementor-element elementor-element-882c4d5 elementor-widget elementor-widget-heading\" data-id=\"882c4d5\" data-element_type=\"widget\" data-e-type=\"widget\" data-widget_type=\"heading.default\">\n\t\t\t\t<div class=\"elementor-widget-container\">\n\t\t\t\t\t<h4 class=\"elementor-heading-title elementor-size-default\">Objective<\/h4>\t\t\t\t<\/div>\n\t\t\t\t<\/div>\n\t\t\t\t<div class=\"elementor-element elementor-element-080c69e elementor-widget elementor-widget-text-editor\" data-id=\"080c69e\" data-element_type=\"widget\" data-e-type=\"widget\" data-widget_type=\"text-editor.default\">\n\t\t\t\t<div class=\"elementor-widget-container\">\n\t\t\t\t\t\t\t\t\t<p>Help regional businesses <strong>protect their data and IT systems<\/strong> in the face of growing cyberthreats. The program entitled <em>&#8220;Caract\u00e9riser la valeur de mon entreprise face aux cybermenaces&#8221;<\/em> (supported by the Region in partnership with the <strong>CCI Auvergne-Rh\u00f4ne-Alpes<\/strong> and <strong>local CCIs<\/strong>) offers <strong>VSEs, SMEs and ETIs<\/strong> a training-action program in <strong>cybersecurity<\/strong>. The aim is to equip managers and employees with the skills they need to <strong>prevent cyber-attacks<\/strong> and set up genuine in-house <strong>cyber-protection<\/strong>. <a href=\"https:\/\/www.drome.cci.fr\/sites\/g\/files\/mwbcuj971\/files\/alfresco_ged\/fd5cbdc0-372e-46f6-9aa9-f34a05039310.PDF\" target=\"_blank\" rel=\"noopener\">[drome.cci.fr]<\/a>  <\/p>\t\t\t\t\t\t\t\t<\/div>\n\t\t\t\t<\/div>\n\t\t\t\t<div class=\"elementor-element elementor-element-6fe8901 elementor-widget elementor-widget-heading\" data-id=\"6fe8901\" data-element_type=\"widget\" data-e-type=\"widget\" data-widget_type=\"heading.default\">\n\t\t\t\t<div class=\"elementor-widget-container\">\n\t\t\t\t\t<h4 class=\"elementor-heading-title elementor-size-default\">\u2705Services offered<\/h4>\t\t\t\t<\/div>\n\t\t\t\t<\/div>\n\t\t\t\t<div class=\"elementor-element elementor-element-e5e3fb0 elementor-widget elementor-widget-text-editor\" data-id=\"e5e3fb0\" data-element_type=\"widget\" data-e-type=\"widget\" data-widget_type=\"text-editor.default\">\n\t\t\t\t<div class=\"elementor-widget-container\">\n\t\t\t\t\t\t\t\t\t<p>The program offers two levels of support:<\/p><ul><li><strong>Short course<\/strong> &#8211; Raising awareness of cybersecurity issues and best practices (cyber culture, basic concepts, initial diagnosis).<\/li><li><strong>Long-term course<\/strong> &#8211; Deepening of fundamentals with practical application in the company<em>(IT security audit<\/em>, development of a personalized action plan, incident simulation exercises, etc.).<\/li><\/ul><div> <\/div><p>These courses combine <strong>group sessions<\/strong> (training workshops) and <strong>individual follow-up by a specialized consultant<\/strong> (in-company interventions). Support is tailored to the profile and needs of each structure. [ <a href=\"https:\/\/www.drome.cci.fr\/sites\/g\/files\/mwbcuj971\/files\/alfresco_ged\/fd5cbdc0-372e-46f6-9aa9-f34a05039310.PDF\" target=\"_blank\" rel=\"noopener\">drome.cci.fr]<\/a>, <a href=\"https:\/\/www.drome.cci.fr\/sites\/g\/files\/mwbcuj971\/files\/alfresco_ged\/fd5cbdc0-372e-46f6-9aa9-f34a05039310.PDF\" target=\"_blank\" rel=\"noopener\">[drome.cci.fr]<\/a> <\/p>\t\t\t\t\t\t\t\t<\/div>\n\t\t\t\t<\/div>\n\t\t\t\t<div class=\"elementor-element elementor-element-55300a4 elementor-widget elementor-widget-heading\" data-id=\"55300a4\" data-element_type=\"widget\" data-e-type=\"widget\" data-widget_type=\"heading.default\">\n\t\t\t\t<div class=\"elementor-widget-container\">\n\t\t\t\t\t<h4 class=\"elementor-heading-title elementor-size-default\">Amount of assistance<\/h4>\t\t\t\t<\/div>\n\t\t\t\t<\/div>\n\t\t\t\t<div class=\"elementor-element elementor-element-d5c0150 elementor-widget elementor-widget-text-editor\" data-id=\"d5c0150\" data-element_type=\"widget\" data-e-type=\"widget\" data-widget_type=\"text-editor.default\">\n\t\t\t\t<div class=\"elementor-widget-container\">\n\t\t\t\t\t\t\t\t\t<p>The Region covers <strong>70% of the cost of the service<\/strong> for each participating company. The  The <strong>total cost of<\/strong> the course ranges from<strong>\u20ac4<\/strong><strong>, <\/strong> <strong>300<\/strong><strong> (excluding VAT) for the short course<\/strong> to<strong>\u20ac7<\/strong><strong>,300 <\/strong><strong> (excluding VAT) for the long course<\/strong>.    <strong>The remaining cost for the company is around<\/strong><strong>\u20ac1<\/strong><strong>,<\/strong><strong>290 <\/strong><strong> (excluding VAT) or<\/strong> only<strong>\u20ac2<\/strong><strong>,190 <\/strong><strong> (excluding VAT)<\/strong>, after regional subsidy. This significant co-funding gives small businesses access to cybersecurity experts at lower cost. [ <a href=\"https:\/\/www.drome.cci.fr\/sites\/g\/files\/mwbcuj971\/files\/alfresco_ged\/fd5cbdc0-372e-46f6-9aa9-f34a05039310.PDF\" target=\"_blank\" rel=\"noopener\">drome.cci.fr]<\/a> <a href=\"https:\/\/www.drome.cci.fr\/sites\/g\/files\/mwbcuj971\/files\/alfresco_ged\/fd5cbdc0-372e-46f6-9aa9-f34a05039310.PDF\" target=\"_blank\" rel=\"noopener\">[drome.cci.fr]<\/a>, <a href=\"https:\/\/www.drome.cci.fr\/sites\/g\/files\/mwbcuj971\/files\/alfresco_ged\/fd5cbdc0-372e-46f6-9aa9-f34a05039310.PDF\" target=\"_blank\" rel=\"noopener\">[drome.cci.fr]<\/a> <\/p>\t\t\t\t\t\t\t\t<\/div>\n\t\t\t\t<\/div>\n\t\t\t\t<div class=\"elementor-element elementor-element-3b16657 elementor-widget elementor-widget-heading\" data-id=\"3b16657\" data-element_type=\"widget\" data-e-type=\"widget\" data-widget_type=\"heading.default\">\n\t\t\t\t<div class=\"elementor-widget-container\">\n\t\t\t\t\t<h4 class=\"elementor-heading-title elementor-size-default\">Beneficiaries<\/h4>\t\t\t\t<\/div>\n\t\t\t\t<\/div>\n\t\t\t\t<div class=\"elementor-element elementor-element-70fab7e elementor-widget elementor-widget-text-editor\" data-id=\"70fab7e\" data-element_type=\"widget\" data-e-type=\"widget\" data-widget_type=\"text-editor.default\">\n\t\t\t\t<div class=\"elementor-widget-container\">\n\t\t\t\t\t\t\t\t\t<p>All <strong>VSEs, SMEs and ETIs in the Auvergne-Rh\u00f4ne-Alpes region<\/strong> are eligible to apply, regardless of sector, provided they are committed to digital transformation and have not previously received equivalent support. The scheme falls under the <em>de minimis<\/em> regime, which limits the total amount of public aid per company over 3 years (generally capped at \u20ac200,000). <a href=\"https:\/\/www.drome.cci.fr\/sites\/g\/files\/mwbcuj971\/files\/alfresco_ged\/fd5cbdc0-372e-46f6-9aa9-f34a05039310.PDF\" target=\"_blank\" rel=\"noopener\">[drome.cci.fr]<\/a> <\/p>\t\t\t\t\t\t\t\t<\/div>\n\t\t\t\t<\/div>\n\t\t\t\t<div class=\"elementor-element elementor-element-90205f1 elementor-widget elementor-widget-heading\" data-id=\"90205f1\" data-element_type=\"widget\" data-e-type=\"widget\" data-widget_type=\"heading.default\">\n\t\t\t\t<div class=\"elementor-widget-container\">\n\t\t\t\t\t<h4 class=\"elementor-heading-title elementor-size-default\">Terms and conditions<\/h4>\t\t\t\t<\/div>\n\t\t\t\t<\/div>\n\t\t\t\t<div class=\"elementor-element elementor-element-12bf7c1 elementor-widget elementor-widget-text-editor\" data-id=\"12bf7c1\" data-element_type=\"widget\" data-e-type=\"widget\" data-widget_type=\"text-editor.default\">\n\t\t\t\t<div class=\"elementor-widget-container\">\n\t\t\t\t\t\t\t\t\t<p>Interested companies should contact their <strong>local CCI<\/strong> or the program team via the Region&#8217;s <strong>Ambition Eco<\/strong> platform. An initial registration enables an online pre-diagnosis to be carried out and the application file to be compiled. After validation by the Region, the company joins a group for the short or long course, depending on its needs. Approved consultants (via the CPME or the CCI, for example) are then brought in to deliver the training courses and carry out the technical diagnostics on site, over a period of several weeks to months. At the end of the program, the company has a <strong>concrete action plan<\/strong> for improving its <strong>IT security<\/strong>, and can apply for further assistance if additional investments are required (cybersecurity equipment, system upgrades, etc.).    <\/p>\t\t\t\t\t\t\t\t<\/div>\n\t\t\t\t<\/div>\n\t\t\t\t<div class=\"elementor-element elementor-element-d0ad59c elementor-align-left elementor-mobile-align-justify elementor-tablet-align-justify elementor-widget-mobile__width-inherit elementor-widget elementor-widget-button\" data-id=\"d0ad59c\" data-element_type=\"widget\" data-e-type=\"widget\" data-widget_type=\"button.default\">\n\t\t\t\t<div class=\"elementor-widget-container\">\n\t\t\t\t\t\t\t\t\t<div class=\"elementor-button-wrapper\">\n\t\t\t\t\t<a class=\"elementor-button elementor-button-link elementor-size-sm elementor-animation-shrink\" href=\"https:\/\/www.altosor-communication.com\/en\/agency-marketing\/\">\n\t\t\t\t\t\t<span class=\"elementor-button-content-wrapper\">\n\t\t\t\t\t\t\t\t\t<span class=\"elementor-button-text\">Ask for a quote<\/span>\n\t\t\t\t\t<\/span>\n\t\t\t\t\t<\/a>\n\t\t\t\t<\/div>\n\t\t\t\t\t\t\t\t<\/div>\n\t\t\t\t<\/div>\n\t\t\t\t<\/div>\n\t\t\t\t\t<\/div>\n\t\t\t\t<\/div>\n\t\t<div class=\"elementor-element elementor-element-d6375af e-flex e-con-boxed e-con e-parent\" data-id=\"d6375af\" data-element_type=\"container\" data-e-type=\"container\" data-settings=\"{&quot;jet_parallax_layout_list&quot;:[{&quot;jet_parallax_layout_image&quot;:{&quot;url&quot;:&quot;&quot;,&quot;id&quot;:&quot;&quot;,&quot;size&quot;:&quot;&quot;,&quot;alt&quot;:&quot;Altosor Communication Martinique : votre agence de communication digitale et print. Cr\\u00e9ation de site internet, SEO, SEA, publicit\\u00e9, marketing.&quot;,&quot;source&quot;:&quot;library&quot;},&quot;_id&quot;:&quot;dfb0fbd&quot;,&quot;jet_parallax_layout_speed&quot;:{&quot;unit&quot;:&quot;%&quot;,&quot;size&quot;:&quot;30&quot;,&quot;sizes&quot;:[]},&quot;jet_parallax_layout_type&quot;:&quot;opacity&quot;,&quot;jet_parallax_layout_bg_size&quot;:&quot;contain&quot;,&quot;jet_parallax_layout_animation_prop&quot;:null,&quot;jet_parallax_layout_image_tablet&quot;:{&quot;url&quot;:&quot;&quot;,&quot;id&quot;:&quot;&quot;,&quot;size&quot;:&quot;&quot;},&quot;jet_parallax_layout_image_mobile&quot;:{&quot;url&quot;:&quot;&quot;,&quot;id&quot;:&quot;&quot;,&quot;size&quot;:&quot;&quot;},&quot;jet_parallax_layout_direction&quot;:null,&quot;jet_parallax_layout_fx_direction&quot;:&quot;fade-in&quot;,&quot;jet_parallax_layout_z_index&quot;:&quot;&quot;,&quot;jet_parallax_layout_bg_x&quot;:50,&quot;jet_parallax_layout_bg_x_tablet&quot;:&quot;&quot;,&quot;jet_parallax_layout_bg_x_mobile&quot;:&quot;&quot;,&quot;jet_parallax_layout_bg_y&quot;:50,&quot;jet_parallax_layout_bg_y_tablet&quot;:&quot;&quot;,&quot;jet_parallax_layout_bg_y_mobile&quot;:&quot;&quot;,&quot;jet_parallax_layout_bg_size_tablet&quot;:&quot;&quot;,&quot;jet_parallax_layout_bg_size_mobile&quot;:&quot;&quot;,&quot;jet_parallax_layout_on&quot;:[&quot;desktop&quot;,&quot;tablet&quot;]}],&quot;background_background&quot;:&quot;classic&quot;}\">\n\t\t\t\t\t<div class=\"e-con-inner\">\n\t\t\t\t<div class=\"elementor-element elementor-element-a1853d5 elementor-widget elementor-widget-heading\" data-id=\"a1853d5\" data-element_type=\"widget\" data-e-type=\"widget\" data-widget_type=\"heading.default\">\n\t\t\t\t<div class=\"elementor-widget-container\">\n\t\t\t\t\t<h3 class=\"elementor-heading-title elementor-size-default\">\"Industrie du Futur\" - Conseil Industrie 4.0 grant (up to 16 k\u20ac)<\/h3>\t\t\t\t<\/div>\n\t\t\t\t<\/div>\n\t\t\t\t<div class=\"elementor-element elementor-element-a85f745 elementor-widget elementor-widget-text-editor\" data-id=\"a85f745\" data-element_type=\"widget\" data-e-type=\"widget\" data-widget_type=\"text-editor.default\">\n\t\t\t\t<div class=\"elementor-widget-container\">\n\t\t\t\t\t\t\t\t\t<p>50% subsidy (up to \u20ac16,000) to finance consulting services in digitalization, automation, industrial cybersecurity, etc.  <a href=\"https:\/\/www.auvergnerhonealpes.fr\/aides\/region-industrie-etre-accompagne-dans-mon-projet-industrie-du-futur\" target=\"_blank\" rel=\"noopener\">Read more<\/a><\/p>\t\t\t\t\t\t\t\t<\/div>\n\t\t\t\t<\/div>\n\t\t<div class=\"elementor-element elementor-element-93c44ea e-con-full e-flex e-con e-child\" data-id=\"93c44ea\" data-element_type=\"container\" data-e-type=\"container\" data-settings=\"{&quot;jet_parallax_layout_list&quot;:[]}\">\n\t\t\t\t<div class=\"elementor-element elementor-element-1632259 elementor-widget elementor-widget-heading\" data-id=\"1632259\" data-element_type=\"widget\" data-e-type=\"widget\" data-widget_type=\"heading.default\">\n\t\t\t\t<div class=\"elementor-widget-container\">\n\t\t\t\t\t<h4 class=\"elementor-heading-title elementor-size-default\">\ud83c\udfafObjectif<\/h4>\t\t\t\t<\/div>\n\t\t\t\t<\/div>\n\t\t\t\t<div class=\"elementor-element elementor-element-abe60ef elementor-widget elementor-widget-text-editor\" data-id=\"abe60ef\" data-element_type=\"widget\" data-e-type=\"widget\" data-widget_type=\"text-editor.default\">\n\t\t\t\t<div class=\"elementor-widget-container\">\n\t\t\t\t\t\t\t\t\t<p>Prepare the region&#8217;s industrial companies for<strong>Industry 4.0<\/strong> by co-financing <strong>specialized consulting services<\/strong>. The regional scheme <em>&#8220;\u00catre accompagn\u00e9 dans mon projet Industrie du Futur&#8221;<\/em> enables <strong>manufacturing companies (VSEs, SMEs or ETIs)<\/strong> to hire experts to modernize their production facilities and adopt innovative technologies (automation, robotics, additive manufacturing, <strong>digitalization of processes<\/strong>, data management and information systems, industrial cybersecurity, etc.). <\/p>\t\t\t\t\t\t\t\t<\/div>\n\t\t\t\t<\/div>\n\t\t\t\t<div class=\"elementor-element elementor-element-0137766 elementor-widget elementor-widget-heading\" data-id=\"0137766\" data-element_type=\"widget\" data-e-type=\"widget\" data-widget_type=\"heading.default\">\n\t\t\t\t<div class=\"elementor-widget-container\">\n\t\t\t\t\t<h4 class=\"elementor-heading-title elementor-size-default\">\u2705Services offered<\/h4>\t\t\t\t<\/div>\n\t\t\t\t<\/div>\n\t\t\t\t<div class=\"elementor-element elementor-element-9cbb62b elementor-widget elementor-widget-text-editor\" data-id=\"9cbb62b\" data-element_type=\"widget\" data-e-type=\"widget\" data-widget_type=\"text-editor.default\">\n\t\t\t\t<div class=\"elementor-widget-container\">\n\t\t\t\t\t\t\t\t\t<p>A <strong>dedicated digital advisor<\/strong> is assigned via the <strong>Entreprises &amp; Num\u00e9rique (ENE<\/strong> ) association to guide the company through its digital project. Support includes : <\/p><ul><li>An <strong>individual digital maturity diagnostic<\/strong> to assess the company&#8217;s current use of digital tools and identify priority areas for improvement.<\/li><li>A <strong>tailor-made action plan<\/strong> and <strong>personalized advice<\/strong> to implement the right digital solutions (showcase or e-commerce website, social networking presence, management tools, cybersecurity, etc.).<\/li><li><strong>Training sessions or group workshops<\/strong> (up to 7 hours) on e-marketing, cybersecurity, digital management, etc., in addition to individual meetings.<\/li><\/ul>\t\t\t\t\t\t\t\t<\/div>\n\t\t\t\t<\/div>\n\t\t\t\t<div class=\"elementor-element elementor-element-66d566d elementor-widget elementor-widget-heading\" data-id=\"66d566d\" data-element_type=\"widget\" data-e-type=\"widget\" data-widget_type=\"heading.default\">\n\t\t\t\t<div class=\"elementor-widget-container\">\n\t\t\t\t\t<h4 class=\"elementor-heading-title elementor-size-default\">\ud83d\udcb0Montant de l'aide<\/h4>\t\t\t\t<\/div>\n\t\t\t\t<\/div>\n\t\t\t\t<div class=\"elementor-element elementor-element-39043ec elementor-widget elementor-widget-text-editor\" data-id=\"39043ec\" data-element_type=\"widget\" data-e-type=\"widget\" data-widget_type=\"text-editor.default\">\n\t\t\t\t<div class=\"elementor-widget-container\">\n\t\t\t\t\t\t\t\t\t<p>The Region covers <strong>50% of the cost of the consultancy mission<\/strong>, up to a maximum <strong>expenditure of<\/strong><strong>\u20ac32<\/strong><strong>,000 <\/strong> per company (i.e. <strong>a maximum subsidy of<\/strong><strong>\u20ac16<\/strong><strong>,000 <\/strong> per beneficiary). In practical terms, this means that the selected company can call on the services of a specialist consultancy firm (chosen from a validated list), and half the invoice will be paid by the Region (the remainder being borne by the company). This support falls within the scope of the <em>de minimis<\/em> scheme (aid capped at \u20ac200,000 over 3 years per company).  <\/p>\t\t\t\t\t\t\t\t<\/div>\n\t\t\t\t<\/div>\n\t\t\t\t<div class=\"elementor-element elementor-element-d60493b elementor-widget elementor-widget-heading\" data-id=\"d60493b\" data-element_type=\"widget\" data-e-type=\"widget\" data-widget_type=\"heading.default\">\n\t\t\t\t<div class=\"elementor-widget-container\">\n\t\t\t\t\t<h4 class=\"elementor-heading-title elementor-size-default\">\ud83d\ude4bB\u00e9n\u00e9ficiaires<\/h4>\t\t\t\t<\/div>\n\t\t\t\t<\/div>\n\t\t\t\t<div class=\"elementor-element elementor-element-15b7235 elementor-widget elementor-widget-text-editor\" data-id=\"15b7235\" data-element_type=\"widget\" data-e-type=\"widget\" data-widget_type=\"text-editor.default\">\n\t\t\t\t<div class=\"elementor-widget-container\">\n\t\t\t\t\t\t\t\t\t<p><strong>Industrial companies<\/strong> (including small-scale production companies) based in the Auvergne-Rh\u00f4ne-Alpes region are eligible to apply, from small businesses to ETIs (intermediate-sized companies). The assistance is aimed at any company undertaking a project to transform itself towards the technologies of<strong>the industry of the future<\/strong>: improving manufacturing processes, moving upmarket towards the digital factory, integrating new high-tech equipment, making the transition to energy-efficient and environmentally-friendly production facilities, etc. <strong>Examples of topics<\/strong> covered: energy audits of industrial processes, studies on the implementation of robots or additive manufacturing machines, analysis of production flows using digital tools, deployment of an <strong>MES\/ERP<\/strong> to optimize production management, reinforcement of <strong>industrial cybersecurity<\/strong>, etc. <\/p>\t\t\t\t\t\t\t\t<\/div>\n\t\t\t\t<\/div>\n\t\t\t\t<div class=\"elementor-element elementor-element-970b722 elementor-widget elementor-widget-heading\" data-id=\"970b722\" data-element_type=\"widget\" data-e-type=\"widget\" data-widget_type=\"heading.default\">\n\t\t\t\t<div class=\"elementor-widget-container\">\n\t\t\t\t\t<h4 class=\"elementor-heading-title elementor-size-default\">\ud83d\udccbModalit\u00e9s<\/h4>\t\t\t\t<\/div>\n\t\t\t\t<\/div>\n\t\t\t\t<div class=\"elementor-element elementor-element-572f740 elementor-widget elementor-widget-text-editor\" data-id=\"572f740\" data-element_type=\"widget\" data-e-type=\"widget\" data-widget_type=\"text-editor.default\">\n\t\t\t\t<div class=\"elementor-widget-container\">\n\t\t\t\t\t\t\t\t\t<p>The request for assistance must be submitted <em>before the start of the service<\/em> on the regional assistance portal (&#8220;Industrie du futur&#8221; section). First, an <strong>intention form<\/strong> must be completed online, enabling an <strong>Auvergne-Rh\u00f4ne-Alpes Entreprises<\/strong> advisor to make contact, refine the need and propose a list of qualified service providers. Once the project has been validated, the decision to grant the subsidy is taken by the Regional Council&#8217;s Permanent Commission.   The beneficiary company will be asked to submit a final report, and may be assisted in identifying other sources of aid (e.g. to invest in the equipment recommended following the consultancy).  <a href=\"https:\/\/www.auvergnerhonealpes.fr\/aides\/region-industrie-etre-accompagne-dans-mon-projet-industrie-du-futur\" target=\"_blank\" rel=\"noopener\">Read more<\/a><\/p>\t\t\t\t\t\t\t\t<\/div>\n\t\t\t\t<\/div>\n\t\t\t\t<div class=\"elementor-element elementor-element-68e761d elementor-align-left elementor-mobile-align-justify elementor-tablet-align-justify elementor-widget-mobile__width-inherit elementor-widget elementor-widget-button\" data-id=\"68e761d\" data-element_type=\"widget\" data-e-type=\"widget\" data-widget_type=\"button.default\">\n\t\t\t\t<div class=\"elementor-widget-container\">\n\t\t\t\t\t\t\t\t\t<div class=\"elementor-button-wrapper\">\n\t\t\t\t\t<a class=\"elementor-button elementor-button-link elementor-size-sm elementor-animation-shrink\" href=\"https:\/\/www.altosor-communication.com\/agence-marketing\/\">\n\t\t\t\t\t\t<span class=\"elementor-button-content-wrapper\">\n\t\t\t\t\t\t\t\t\t<span class=\"elementor-button-text\">Contactez-nous<\/span>\n\t\t\t\t\t<\/span>\n\t\t\t\t\t<\/a>\n\t\t\t\t<\/div>\n\t\t\t\t\t\t\t\t<\/div>\n\t\t\t\t<\/div>\n\t\t\t\t<\/div>\n\t\t\t\t\t<\/div>\n\t\t\t\t<\/div>\n\t\t<div class=\"elementor-element elementor-element-0479374 e-flex e-con-boxed e-con e-parent\" data-id=\"0479374\" data-element_type=\"container\" data-e-type=\"container\" data-settings=\"{&quot;jet_parallax_layout_list&quot;:[{&quot;jet_parallax_layout_image&quot;:{&quot;url&quot;:&quot;&quot;,&quot;id&quot;:&quot;&quot;,&quot;size&quot;:&quot;&quot;,&quot;alt&quot;:&quot;Altosor Communication Martinique : votre agence de communication digitale et print. Cr\\u00e9ation de site internet, SEO, SEA, publicit\\u00e9, marketing.&quot;,&quot;source&quot;:&quot;library&quot;},&quot;_id&quot;:&quot;dfb0fbd&quot;,&quot;jet_parallax_layout_speed&quot;:{&quot;unit&quot;:&quot;%&quot;,&quot;size&quot;:&quot;30&quot;,&quot;sizes&quot;:[]},&quot;jet_parallax_layout_type&quot;:&quot;opacity&quot;,&quot;jet_parallax_layout_bg_size&quot;:&quot;contain&quot;,&quot;jet_parallax_layout_animation_prop&quot;:null,&quot;jet_parallax_layout_image_tablet&quot;:{&quot;url&quot;:&quot;&quot;,&quot;id&quot;:&quot;&quot;,&quot;size&quot;:&quot;&quot;},&quot;jet_parallax_layout_image_mobile&quot;:{&quot;url&quot;:&quot;&quot;,&quot;id&quot;:&quot;&quot;,&quot;size&quot;:&quot;&quot;},&quot;jet_parallax_layout_direction&quot;:null,&quot;jet_parallax_layout_fx_direction&quot;:&quot;fade-in&quot;,&quot;jet_parallax_layout_z_index&quot;:&quot;&quot;,&quot;jet_parallax_layout_bg_x&quot;:50,&quot;jet_parallax_layout_bg_x_tablet&quot;:&quot;&quot;,&quot;jet_parallax_layout_bg_x_mobile&quot;:&quot;&quot;,&quot;jet_parallax_layout_bg_y&quot;:50,&quot;jet_parallax_layout_bg_y_tablet&quot;:&quot;&quot;,&quot;jet_parallax_layout_bg_y_mobile&quot;:&quot;&quot;,&quot;jet_parallax_layout_bg_size_tablet&quot;:&quot;&quot;,&quot;jet_parallax_layout_bg_size_mobile&quot;:&quot;&quot;,&quot;jet_parallax_layout_on&quot;:[&quot;desktop&quot;,&quot;tablet&quot;]}]}\">\n\t\t\t\t\t<div class=\"e-con-inner\">\n\t\t\t\t<div class=\"elementor-element elementor-element-604c392 elementor-widget elementor-widget-heading\" data-id=\"604c392\" data-element_type=\"widget\" data-e-type=\"widget\" data-widget_type=\"heading.default\">\n\t\t\t\t<div class=\"elementor-widget-container\">\n\t\t\t\t\t<h3 class=\"elementor-heading-title elementor-size-default\">TPE-PME Growth Loan (Region + Bpifrance, up to \u20ac300k unsecured)<\/h3>\t\t\t\t<\/div>\n\t\t\t\t<\/div>\n\t\t\t\t<div class=\"elementor-element elementor-element-29485a6 elementor-widget elementor-widget-text-editor\" data-id=\"29485a6\" data-element_type=\"widget\" data-e-type=\"widget\" data-widget_type=\"text-editor.default\">\n\t\t\t\t<div class=\"elementor-widget-container\">\n\t\t\t\t\t\t\t\t\t<p>Unsecured equity loan to finance digital transformation projects, process digitization, software, digital marketing, etc. Co-financing required.   <a href=\"https:\/\/campusnumerique.auvergnerhonealpes.fr\/dispositifs\/pret-croissance-tpe-pme-region-et-bpifrance\/\" target=\"_blank\" rel=\"noopener\">Read more<\/a><\/p>\t\t\t\t\t\t\t\t<\/div>\n\t\t\t\t<\/div>\n\t\t<div class=\"elementor-element elementor-element-dbdc865 e-con-full e-flex e-con e-child\" data-id=\"dbdc865\" data-element_type=\"container\" data-e-type=\"container\" data-settings=\"{&quot;jet_parallax_layout_list&quot;:[]}\">\n\t\t\t\t<div class=\"elementor-element elementor-element-b6e43a0 elementor-widget elementor-widget-heading\" data-id=\"b6e43a0\" data-element_type=\"widget\" data-e-type=\"widget\" data-widget_type=\"heading.default\">\n\t\t\t\t<div class=\"elementor-widget-container\">\n\t\t\t\t\t<h4 class=\"elementor-heading-title elementor-size-default\">\ud83c\udfafObjectif<\/h4>\t\t\t\t<\/div>\n\t\t\t\t<\/div>\n\t\t\t\t<div class=\"elementor-element elementor-element-da4d9e0 elementor-widget elementor-widget-text-editor\" data-id=\"da4d9e0\" data-element_type=\"widget\" data-e-type=\"widget\" data-widget_type=\"text-editor.default\">\n\t\t\t\t<div class=\"elementor-widget-container\">\n\t\t\t\t\t\t\t\t\t<p>Financing the <strong>growth and transformation projects of the<\/strong> region&#8217;s <strong>small and medium-sized<\/strong> businesses via a loan on advantageous terms. The <strong>Pr\u00eat Croissance TPE-PME<\/strong> is a financial scheme co-developed by the <strong>Auvergne-Rh\u00f4ne-Alpes Region<\/strong> and <strong>Bpifrance<\/strong> to support the development of local companies, in particular by assisting their efforts to <strong>digitize<\/strong> and modernize their business. <\/p>\t\t\t\t\t\t\t\t<\/div>\n\t\t\t\t<\/div>\n\t\t\t\t<div class=\"elementor-element elementor-element-61efaa8 elementor-widget elementor-widget-heading\" data-id=\"61efaa8\" data-element_type=\"widget\" data-e-type=\"widget\" data-widget_type=\"heading.default\">\n\t\t\t\t<div class=\"elementor-widget-container\">\n\t\t\t\t\t<h4 class=\"elementor-heading-title elementor-size-default\">\u2705Services offered<\/h4>\t\t\t\t<\/div>\n\t\t\t\t<\/div>\n\t\t\t\t<div class=\"elementor-element elementor-element-2729474 elementor-widget elementor-widget-text-editor\" data-id=\"2729474\" data-element_type=\"widget\" data-e-type=\"widget\" data-widget_type=\"text-editor.default\">\n\t\t\t\t<div class=\"elementor-widget-container\">\n\t\t\t\t\t\t\t\t\t<p>The program offers two levels of support:<\/p><ul><li><strong>Short course<\/strong> &#8211; Raising awareness of cybersecurity issues and best practices (cyber culture, basic concepts, initial diagnosis).<\/li><li><strong>Long-term course<\/strong> &#8211; Deepening of fundamentals with practical application in the company<em>(IT security audit<\/em>, development of a personalized action plan, incident simulation exercises, etc.).<\/li><\/ul><div> <\/div><p>These courses combine <strong>group sessions<\/strong> (training workshops) and <strong>individual follow-up by a specialized consultant<\/strong> (in-company interventions). Support is tailored to the profile and needs of each structure. [ <a href=\"https:\/\/www.drome.cci.fr\/sites\/g\/files\/mwbcuj971\/files\/alfresco_ged\/fd5cbdc0-372e-46f6-9aa9-f34a05039310.PDF\" target=\"_blank\" rel=\"noopener\">drome.cci.fr]<\/a>, <a href=\"https:\/\/www.drome.cci.fr\/sites\/g\/files\/mwbcuj971\/files\/alfresco_ged\/fd5cbdc0-372e-46f6-9aa9-f34a05039310.PDF\" target=\"_blank\" rel=\"noopener\">[drome.cci.fr]<\/a> <\/p>\t\t\t\t\t\t\t\t<\/div>\n\t\t\t\t<\/div>\n\t\t\t\t<div class=\"elementor-element elementor-element-179f67b elementor-widget elementor-widget-heading\" data-id=\"179f67b\" data-element_type=\"widget\" data-e-type=\"widget\" data-widget_type=\"heading.default\">\n\t\t\t\t<div class=\"elementor-widget-container\">\n\t\t\t\t\t<h4 class=\"elementor-heading-title elementor-size-default\">\ud83d\udcb0Montant de l'aide<\/h4>\t\t\t\t<\/div>\n\t\t\t\t<\/div>\n\t\t\t\t<div class=\"elementor-element elementor-element-e81fdff elementor-widget elementor-widget-text-editor\" data-id=\"e81fdff\" data-element_type=\"widget\" data-e-type=\"widget\" data-widget_type=\"text-editor.default\">\n\t\t\t\t<div class=\"elementor-widget-container\">\n\t\t\t\t\t\t\t\t\t<p>The loan is <strong>unsecured<\/strong> (neither on the company&#8217;s assets nor on the manager&#8217;s assets), and is for an amount of <strong>between<\/strong><strong>\u20ac10<\/strong><strong>,000 <\/strong><strong> and<\/strong><strong>\u20ac300<\/strong><strong>,000 <\/strong>. Repayment takes place over <strong>5 to 7 years<\/strong>, with the option of deferring the first capital instalments for <strong>12 to 24 months<\/strong>. The interest rate is attractive (often around 2% fixed rate, depending on agreements with Bpifrance). No personal guarantee is required to take out this loan.   <\/p><p class=\"MsoNormal\">The loan mainly covers expenses linked to the company&#8217;s <b>development project<\/b>, and in particular investments in <b>digital transformation<\/b> (e.g. software costs, digitization of processes, online marketing, digital training, recruitment of digital skills). It can also be used to finance low-value tangible investments (IT equipment, small tools), or to bolster <b>cash flow<\/b> linked to development (increased working capital requirements).  This loan must be <b>backed by private co-financing<\/b> of at least the same amount (bank loan, equity investment, crowdfunding, etc.) for less than 6 months.  <\/p>\t\t\t\t\t\t\t\t<\/div>\n\t\t\t\t<\/div>\n\t\t\t\t<div class=\"elementor-element elementor-element-e3a8861 elementor-widget elementor-widget-heading\" data-id=\"e3a8861\" data-element_type=\"widget\" data-e-type=\"widget\" data-widget_type=\"heading.default\">\n\t\t\t\t<div class=\"elementor-widget-container\">\n\t\t\t\t\t<h4 class=\"elementor-heading-title elementor-size-default\">\ud83d\ude4bB\u00e9n\u00e9ficiaires<\/h4>\t\t\t\t<\/div>\n\t\t\t\t<\/div>\n\t\t\t\t<div class=\"elementor-element elementor-element-6e55270 elementor-widget elementor-widget-text-editor\" data-id=\"6e55270\" data-element_type=\"widget\" data-e-type=\"widget\" data-widget_type=\"text-editor.default\">\n\t\t\t\t<div class=\"elementor-widget-container\">\n\t\t\t\t\t\t\t\t\t<p><strong>VSEs and SMEs<\/strong> in the region meeting Bpifrance criteria (3 years in business, 3 to 250 employees, viable financial health) can apply for this growth loan. All business sectors are eligible (except real estate, finance and first-level agriculture), subject to sales of around &lt; 50 M\u20ac and a sound financial situation. The company must present a sound development project (launch of a new offering, business expansion, digital transition, export, etc.) requiring a capital injection.  <\/p>\t\t\t\t\t\t\t\t<\/div>\n\t\t\t\t<\/div>\n\t\t\t\t<div class=\"elementor-element elementor-element-ee2196b elementor-widget elementor-widget-heading\" data-id=\"ee2196b\" data-element_type=\"widget\" data-e-type=\"widget\" data-widget_type=\"heading.default\">\n\t\t\t\t<div class=\"elementor-widget-container\">\n\t\t\t\t\t<h4 class=\"elementor-heading-title elementor-size-default\">\ud83d\udccbModalit\u00e9s<\/h4>\t\t\t\t<\/div>\n\t\t\t\t<\/div>\n\t\t\t\t<div class=\"elementor-element elementor-element-5607968 elementor-widget elementor-widget-text-editor\" data-id=\"5607968\" data-element_type=\"widget\" data-e-type=\"widget\" data-widget_type=\"text-editor.default\">\n\t\t\t\t<div class=\"elementor-widget-container\">\n\t\t\t\t\t\t\t\t\t<p>Applications for the Pr\u00eat Croissance TPE-PME are made online via the dedicated <strong>Bpifrance regional platform<\/strong>. Once the application has been submitted, a Bpifrance account manager examines your project, and the Region approves the loan. In addition, <strong>Altosor<\/strong> can help you strengthen your file (business plan, digital strategy, forecasts) to maximize your chances of obtaining the loan. <a href=\"https:\/\/laxmi.digital\/aides-digitalisation-region-auvergne-rhone-alpes\/\" target=\"_blank\" rel=\"noopener\">Find out more about Altosor<\/a>  <\/p>\t\t\t\t\t\t\t\t<\/div>\n\t\t\t\t<\/div>\n\t\t\t\t<div class=\"elementor-element elementor-element-33524c1 elementor-align-left elementor-mobile-align-justify elementor-tablet-align-justify elementor-widget-mobile__width-inherit elementor-widget elementor-widget-button\" data-id=\"33524c1\" data-element_type=\"widget\" data-e-type=\"widget\" data-widget_type=\"button.default\">\n\t\t\t\t<div class=\"elementor-widget-container\">\n\t\t\t\t\t\t\t\t\t<div class=\"elementor-button-wrapper\">\n\t\t\t\t\t<a class=\"elementor-button elementor-button-link elementor-size-sm elementor-animation-shrink\" href=\"https:\/\/www.altosor-communication.com\/agence-marketing\/\">\n\t\t\t\t\t\t<span class=\"elementor-button-content-wrapper\">\n\t\t\t\t\t\t\t\t\t<span class=\"elementor-button-text\">Demandez un devis<\/span>\n\t\t\t\t\t<\/span>\n\t\t\t\t\t<\/a>\n\t\t\t\t<\/div>\n\t\t\t\t\t\t\t\t<\/div>\n\t\t\t\t<\/div>\n\t\t\t\t<\/div>\n\t\t\t\t\t<\/div>\n\t\t\t\t<\/div>\n\t\t<div class=\"elementor-element elementor-element-dff31dd e-flex e-con-boxed e-con e-parent\" data-id=\"dff31dd\" data-element_type=\"container\" data-e-type=\"container\" data-settings=\"{&quot;jet_parallax_layout_list&quot;:[{&quot;jet_parallax_layout_image&quot;:{&quot;url&quot;:&quot;&quot;,&quot;id&quot;:&quot;&quot;,&quot;size&quot;:&quot;&quot;,&quot;alt&quot;:&quot;Altosor Communication Martinique : votre agence de communication digitale et print. Cr\\u00e9ation de site internet, SEO, SEA, publicit\\u00e9, marketing.&quot;,&quot;source&quot;:&quot;library&quot;},&quot;_id&quot;:&quot;dfb0fbd&quot;,&quot;jet_parallax_layout_speed&quot;:{&quot;unit&quot;:&quot;%&quot;,&quot;size&quot;:&quot;30&quot;,&quot;sizes&quot;:[]},&quot;jet_parallax_layout_type&quot;:&quot;opacity&quot;,&quot;jet_parallax_layout_bg_size&quot;:&quot;contain&quot;,&quot;jet_parallax_layout_animation_prop&quot;:null,&quot;jet_parallax_layout_image_tablet&quot;:{&quot;url&quot;:&quot;&quot;,&quot;id&quot;:&quot;&quot;,&quot;size&quot;:&quot;&quot;},&quot;jet_parallax_layout_image_mobile&quot;:{&quot;url&quot;:&quot;&quot;,&quot;id&quot;:&quot;&quot;,&quot;size&quot;:&quot;&quot;},&quot;jet_parallax_layout_direction&quot;:null,&quot;jet_parallax_layout_fx_direction&quot;:&quot;fade-in&quot;,&quot;jet_parallax_layout_z_index&quot;:&quot;&quot;,&quot;jet_parallax_layout_bg_x&quot;:50,&quot;jet_parallax_layout_bg_x_tablet&quot;:&quot;&quot;,&quot;jet_parallax_layout_bg_x_mobile&quot;:&quot;&quot;,&quot;jet_parallax_layout_bg_y&quot;:50,&quot;jet_parallax_layout_bg_y_tablet&quot;:&quot;&quot;,&quot;jet_parallax_layout_bg_y_mobile&quot;:&quot;&quot;,&quot;jet_parallax_layout_bg_size_tablet&quot;:&quot;&quot;,&quot;jet_parallax_layout_bg_size_mobile&quot;:&quot;&quot;,&quot;jet_parallax_layout_on&quot;:[&quot;desktop&quot;,&quot;tablet&quot;]}],&quot;background_background&quot;:&quot;classic&quot;}\">\n\t\t\t\t\t<div class=\"e-con-inner\">\n\t\t\t\t<div class=\"elementor-element elementor-element-16e7ce7 elementor-widget elementor-widget-heading\" data-id=\"16e7ce7\" data-element_type=\"widget\" data-e-type=\"widget\" data-widget_type=\"heading.default\">\n\t\t\t\t<div class=\"elementor-widget-container\">\n\t\t\t\t\t<h3 class=\"elementor-heading-title elementor-size-default\">Support for digital start-ups (fund-raising)<\/h3>\t\t\t\t<\/div>\n\t\t\t\t<\/div>\n\t\t\t\t<div class=\"elementor-element elementor-element-0922fe2 elementor-widget elementor-widget-text-editor\" data-id=\"0922fe2\" data-element_type=\"widget\" data-e-type=\"widget\" data-widget_type=\"text-editor.default\">\n\t\t\t\t<div class=\"elementor-widget-container\">\n\t\t\t\t\t\t\t\t\t<p>Fund-raising support (\u20ac200,000 to \u20ac2.5 M) for B2B digital start-ups. Coaching, introductions to investors, mentoring.   <a href=\"https:\/\/www.auvergnerhonealpes.fr\/aides\/renforcer-les-fonds-propres-de-mon-entreprise-du-numerique\" target=\"_blank\" rel=\"noopener\">Read more<\/a><\/p>\t\t\t\t\t\t\t\t<\/div>\n\t\t\t\t<\/div>\n\t\t<div class=\"elementor-element elementor-element-5fcbbb2 e-con-full e-flex e-con e-child\" data-id=\"5fcbbb2\" data-element_type=\"container\" data-e-type=\"container\" data-settings=\"{&quot;jet_parallax_layout_list&quot;:[]}\">\n\t\t\t\t<div class=\"elementor-element elementor-element-e3e4f4e elementor-widget elementor-widget-heading\" data-id=\"e3e4f4e\" data-element_type=\"widget\" data-e-type=\"widget\" data-widget_type=\"heading.default\">\n\t\t\t\t<div class=\"elementor-widget-container\">\n\t\t\t\t\t<h4 class=\"elementor-heading-title elementor-size-default\">\ud83c\udfafObjectif<\/h4>\t\t\t\t<\/div>\n\t\t\t\t<\/div>\n\t\t\t\t<div class=\"elementor-element elementor-element-e6e2c8b elementor-widget elementor-widget-text-editor\" data-id=\"e6e2c8b\" data-element_type=\"widget\" data-e-type=\"widget\" data-widget_type=\"text-editor.default\">\n\t\t\t\t<div class=\"elementor-widget-container\">\n\t\t\t\t\t\t\t\t\t<p>Support <strong>young innovative digital companies<\/strong> (especially B2B) in their acceleration phase, by facilitating the raising of private capital. The <em>&#8220;Reinforcer les fonds propres de mon entreprise du num\u00e9rique&#8221;<\/em> scheme, initiated by the Region, helps Loire Valley start-ups <strong>raise between<\/strong><strong>\u20ac200<\/strong><strong>,000 <\/strong><strong> and<\/strong><strong>\u20ac2<\/strong><strong>.5 million<\/strong> to finance their commercial and technological growth. <\/p>\t\t\t\t\t\t\t\t<\/div>\n\t\t\t\t<\/div>\n\t\t\t\t<div class=\"elementor-element elementor-element-390ce4b elementor-widget elementor-widget-heading\" data-id=\"390ce4b\" data-element_type=\"widget\" data-e-type=\"widget\" data-widget_type=\"heading.default\">\n\t\t\t\t<div class=\"elementor-widget-container\">\n\t\t\t\t\t<h4 class=\"elementor-heading-title elementor-size-default\">\ud83d\udcb0Montant de l'aide<\/h4>\t\t\t\t<\/div>\n\t\t\t\t<\/div>\n\t\t\t\t<div class=\"elementor-element elementor-element-5c3974a elementor-widget elementor-widget-text-editor\" data-id=\"5c3974a\" data-element_type=\"widget\" data-e-type=\"widget\" data-widget_type=\"text-editor.default\">\n\t\t\t\t<div class=\"elementor-widget-container\">\n\t\t\t\t\t\t\t\t\t<p>Il ne s\u2019agit pas d\u2019une subvention directe, mais d\u2019un <strong>accompagnement \u00e0 la lev\u00e9e de fonds<\/strong>. La R\u00e9gion travaille en partenariat avec des acteurs du capital-risque (tels que l\u2019acc\u00e9l\u00e9rateur <strong>Axeleo<\/strong>) pour mettre les start-ups s\u00e9lectionn\u00e9es en relation avec des investisseurs potentiels. Concr\u00e8tement, si votre jeune entreprise est retenue, vous serez coach\u00e9 dans votre d\u00e9marche de lev\u00e9e de fonds : pr\u00e9paration du dossier d\u2019investissement, mise en r\u00e9seau avec des fonds d\u2019investissement ou business angels, mentorat, etc. L\u2019objectif est de s\u00e9curiser un tour de table pouvant apporter jusqu\u2019\u00e0 2,5 M\u20ac en capital \u00e0 votre entreprise innovante.<\/p>\t\t\t\t\t\t\t\t<\/div>\n\t\t\t\t<\/div>\n\t\t\t\t<div class=\"elementor-element elementor-element-b244d2e elementor-widget elementor-widget-heading\" data-id=\"b244d2e\" data-element_type=\"widget\" data-e-type=\"widget\" data-widget_type=\"heading.default\">\n\t\t\t\t<div class=\"elementor-widget-container\">\n\t\t\t\t\t<h4 class=\"elementor-heading-title elementor-size-default\">\ud83d\ude4bB\u00e9n\u00e9ficiaires<\/h4>\t\t\t\t<\/div>\n\t\t\t\t<\/div>\n\t\t\t\t<div class=\"elementor-element elementor-element-adf52b8 elementor-widget elementor-widget-text-editor\" data-id=\"adf52b8\" data-element_type=\"widget\" data-e-type=\"widget\" data-widget_type=\"text-editor.default\">\n\t\t\t\t<div class=\"elementor-widget-container\">\n\t\t\t\t\t\t\t\t\t<p>Sont \u00e9ligibles les <strong>start-ups de la fili\u00e8re num\u00e9rique<\/strong> implant\u00e9es en Auvergne-Rh\u00f4ne-Alpes, d\u00e9veloppant des produits ou services innovants \u00e0 destination d\u2019autres entreprises (mod\u00e8le <strong>BtoB<\/strong>). Votre soci\u00e9t\u00e9 doit \u00eatre <em>jeune<\/em> (g\u00e9n\u00e9ralement moins de 5 ans) et pr\u00e9senter un fort potentiel de croissance n\u00e9cessitant un apport en capital pour acc\u00e9l\u00e9rer (d\u00e9ploiement commercial, R&amp;D, recrutements, etc.). Ce dispositif vient en compl\u00e9ment des autres aides r\u00e9gionales : par exemple, une start-up du num\u00e9rique pourrait successivement b\u00e9n\u00e9ficier d\u2019un accompagnement technique (via Atouts Num\u00e9riques ou un <strong>appel \u00e0 projet innovation<\/strong>), puis recourir au soutien <em>Renforcement de fonds propres<\/em> pour sa premi\u00e8re lev\u00e9e d\u2019envergure. <a href=\"https:\/\/www.auvergnerhonealpes.fr\/aides\/renforcer-les-fonds-propres-de-mon-entreprise-du-numerique\" target=\"_blank\" rel=\"noopener\">[auvergnerh&#8230;nealpes.fr]<\/a><\/p>\t\t\t\t\t\t\t\t<\/div>\n\t\t\t\t<\/div>\n\t\t\t\t<div class=\"elementor-element elementor-element-e34d3c8 elementor-widget elementor-widget-heading\" data-id=\"e34d3c8\" data-element_type=\"widget\" data-e-type=\"widget\" data-widget_type=\"heading.default\">\n\t\t\t\t<div class=\"elementor-widget-container\">\n\t\t\t\t\t<h4 class=\"elementor-heading-title elementor-size-default\">\ud83d\udccbModalit\u00e9s<\/h4>\t\t\t\t<\/div>\n\t\t\t\t<\/div>\n\t\t\t\t<div class=\"elementor-element elementor-element-8f23a45 elementor-widget elementor-widget-text-editor\" data-id=\"8f23a45\" data-element_type=\"widget\" data-e-type=\"widget\" data-widget_type=\"text-editor.default\">\n\t\t\t\t<div class=\"elementor-widget-container\">\n\t\t\t\t\t\t\t\t\t<p>La demande doit \u00eatre d\u00e9pos\u00e9e aupr\u00e8s de la R\u00e9gion (via un interm\u00e9diaire d\u00e9di\u00e9). Actuellement, c\u2019est l\u2019acc\u00e9l\u00e9rateur <strong>Axeleo<\/strong> qui op\u00e8re ce programme pour le compte de la R\u00e9gion. Apr\u00e8s une s\u00e9lection des dossiers, Axeleo se charge de conseiller les laur\u00e9ats et de pr\u00e9senter leurs projets aux investisseurs. Si la lev\u00e9e de fonds aboutit, la start-up obtient les capitaux priv\u00e9s, \u00e9ventuellement compl\u00e9t\u00e9s par des financements publics (selon les autres dispositifs mobilis\u00e9s en parall\u00e8le). Ce type d\u2019accompagnement s\u2019inscrit dans la strat\u00e9gie r\u00e9gionale de soutien \u00e0 l\u2019\u00e9cosyst\u00e8me num\u00e9rique local, en synergie avec le <strong>Campus R\u00e9gion du num\u00e9rique<\/strong> et les initiatives telles que <strong>French Tech<\/strong>. <a href=\"https:\/\/www.auvergnerhonealpes.fr\/aides\/renforcer-les-fonds-propres-de-mon-entreprise-du-numerique\" target=\"_blank\" rel=\"noopener\">En savoir plus<\/a><\/p>\t\t\t\t\t\t\t\t<\/div>\n\t\t\t\t<\/div>\n\t\t\t\t<div class=\"elementor-element elementor-element-ede7597 elementor-align-left elementor-mobile-align-justify elementor-tablet-align-justify elementor-widget-mobile__width-inherit elementor-widget elementor-widget-button\" data-id=\"ede7597\" data-element_type=\"widget\" data-e-type=\"widget\" data-widget_type=\"button.default\">\n\t\t\t\t<div class=\"elementor-widget-container\">\n\t\t\t\t\t\t\t\t\t<div class=\"elementor-button-wrapper\">\n\t\t\t\t\t<a class=\"elementor-button elementor-button-link elementor-size-sm elementor-animation-shrink\" href=\"https:\/\/www.altosor-communication.com\/agence-marketing\/\">\n\t\t\t\t\t\t<span class=\"elementor-button-content-wrapper\">\n\t\t\t\t\t\t\t\t\t<span class=\"elementor-button-text\">Contactez-nous<\/span>\n\t\t\t\t\t<\/span>\n\t\t\t\t\t<\/a>\n\t\t\t\t<\/div>\n\t\t\t\t\t\t\t\t<\/div>\n\t\t\t\t<\/div>\n\t\t\t\t<\/div>\n\t\t\t\t\t<\/div>\n\t\t\t\t<\/div>\n\t\t<div class=\"elementor-element elementor-element-365987f e-flex e-con-boxed e-con e-parent\" data-id=\"365987f\" data-element_type=\"container\" data-e-type=\"container\" data-settings=\"{&quot;jet_parallax_layout_list&quot;:[]}\">\n\t\t\t\t\t<div class=\"e-con-inner\">\n\t\t<div class=\"elementor-element elementor-element-7187fcd e-con-full e-flex e-con e-child\" data-id=\"7187fcd\" data-element_type=\"container\" data-e-type=\"container\" data-settings=\"{&quot;jet_parallax_layout_list&quot;:[]}\">\n\t\t\t\t<div class=\"elementor-element elementor-element-5669992 elementor-widget elementor-widget-theme-site-logo elementor-widget-image\" data-id=\"5669992\" data-element_type=\"widget\" data-e-type=\"widget\" data-widget_type=\"theme-site-logo.default\">\n\t\t\t\t<div class=\"elementor-widget-container\">\n\t\t\t\t\t\t\t\t\t\t\t<a href=\"https:\/\/www.altosor-communication.com\/en\/\">\n\t\t\t<img fetchpriority=\"high\" decoding=\"async\" width=\"768\" height=\"227\" src=\"https:\/\/www.altosor-communication.com\/wp-content\/uploads\/2022\/02\/CN-Altosor-logo-_France-noir-768x227.png\" class=\"attachment-medium_large size-medium_large wp-image-10039\" alt=\"Altosor communication France logo\" srcset=\"https:\/\/www.altosor-communication.com\/wp-content\/uploads\/2022\/02\/CN-Altosor-logo-_France-noir-768x227.png 768w, https:\/\/www.altosor-communication.com\/wp-content\/uploads\/2022\/02\/CN-Altosor-logo-_France-noir-300x89.png 300w, https:\/\/www.altosor-communication.com\/wp-content\/uploads\/2022\/02\/CN-Altosor-logo-_France-noir-1024x303.png 1024w, https:\/\/www.altosor-communication.com\/wp-content\/uploads\/2022\/02\/CN-Altosor-logo-_France-noir-1536x455.png 1536w, https:\/\/www.altosor-communication.com\/wp-content\/uploads\/2022\/02\/CN-Altosor-logo-_France-noir-2048x606.png 2048w\" sizes=\"(max-width: 768px) 100vw, 768px\" title=\"\">\t\t\t\t<\/a>\n\t\t\t\t\t\t\t\t\t\t\t<\/div>\n\t\t\t\t<\/div>\n\t\t\t\t<div class=\"elementor-element elementor-element-07daf09 elementor-widget elementor-widget-heading\" data-id=\"07daf09\" data-element_type=\"widget\" data-e-type=\"widget\" data-widget_type=\"heading.default\">\n\t\t\t\t<div class=\"elementor-widget-container\">\n\t\t\t\t\t<h2 class=\"elementor-heading-title elementor-size-default\">Altosor, votre partenaire pour r\u00e9ussir votre transformation num\u00e9rique<\/h2>\t\t\t\t<\/div>\n\t\t\t\t<\/div>\n\t\t\t\t<div class=\"elementor-element elementor-element-015d97f elementor-widget elementor-widget-text-editor\" data-id=\"015d97f\" data-element_type=\"widget\" data-e-type=\"widget\" data-widget_type=\"text-editor.default\">\n\t\t\t\t<div class=\"elementor-widget-container\">\n\t\t\t\t\t\t\t\t\t<p>L&#8217;agence Altosor Communication accompagne les entreprises, associations et collectivit\u00e9s d&#8217;Auvergne-Rh\u00f4ne-Alpes dans toutes les \u00e9tapes de leur projet digital. De l&#8217;identification des aides r\u00e9gionales pertinentes \u00e0 la constitution des dossiers de subvention, en passant par la r\u00e9daction des devis, la cr\u00e9ation de sites internet, le r\u00e9f\u00e9rencement SEO, la strat\u00e9gie de communication ou encore la cybers\u00e9curit\u00e9, notre \u00e9quipe vous propose un accompagnement sur mesure. Gr\u00e2ce \u00e0 notre expertise et notre connaissance des dispositifs r\u00e9gionaux, nous maximisons vos chances d&#8217;obtenir les financements adapt\u00e9s \u00e0 vos besoins et assurons la r\u00e9ussite de votre transformation num\u00e9rique.<\/p>\t\t\t\t\t\t\t\t<\/div>\n\t\t\t\t<\/div>\n\t\t<div class=\"elementor-element elementor-element-254b12e e-grid e-con-full e-con e-child\" data-id=\"254b12e\" data-element_type=\"container\" data-e-type=\"container\" data-settings=\"{&quot;jet_parallax_layout_list&quot;:[]}\">\n\t\t\t\t<div class=\"elementor-element elementor-element-846500c elementor-invisible elementor-widget elementor-widget-image-box\" data-id=\"846500c\" data-element_type=\"widget\" data-e-type=\"widget\" data-settings=\"{&quot;_animation&quot;:&quot;zoomIn&quot;}\" data-widget_type=\"image-box.default\">\n\t\t\t\t<div class=\"elementor-widget-container\">\n\t\t\t\t\t<div class=\"elementor-image-box-wrapper\"><div class=\"elementor-image-box-content\"><h5 class=\"elementor-image-box-title\"><a href=\"https:\/\/www.altosor-communication.com\/creation-de-site-internet-sur-mesure\/\">Cr\u00e9ation de site internet sur mesure en Auvergne-Rh\u00f4ne-Alpes<\/a><\/h5><p class=\"elementor-image-box-description\">Altosor Communication con\u00e7oit des sites web sur mesure pour les TPE, PME et associations locales. Que vous soyez \u00e0 Lyon, Grenoble, Clermont-Ferrand ou ailleurs en Auvergne-Rh\u00f4ne-Alpes, notre \u00e9quipe cr\u00e9e un site vitrine professionnel ou e-commerce adapt\u00e9 \u00e0 vos besoins, optimis\u00e9 pour le SEO local et compatible mobiles.<\/p><\/div><\/div>\t\t\t\t<\/div>\n\t\t\t\t<\/div>\n\t\t\t\t<div class=\"elementor-element elementor-element-85cf292 elementor-invisible elementor-widget elementor-widget-image-box\" data-id=\"85cf292\" data-element_type=\"widget\" data-e-type=\"widget\" data-settings=\"{&quot;_animation&quot;:&quot;zoomIn&quot;}\" data-widget_type=\"image-box.default\">\n\t\t\t\t<div class=\"elementor-widget-container\">\n\t\t\t\t\t<div class=\"elementor-image-box-wrapper\"><div class=\"elementor-image-box-content\"><h5 class=\"elementor-image-box-title\"><a href=\"https:\/\/www.altosor-communication.com\/creer-un-site-e-commerce\/\">Lancement de site e-commerce en Auvergne-Rh\u00f4ne-Alpes<\/a><\/h5><p class=\"elementor-image-box-description\">Vous souhaitez d\u00e9velopper la vente en ligne dans la r\u00e9gion Auvergne-Rh\u00f4ne-Alpes ? Altosor vous accompagne dans la cr\u00e9ation de votre boutique e-commerce de A \u00e0 Z : choix de la plateforme (WooCommerce, Shopify\u2026), design personnalis\u00e9, tunnel de conversion, paiement s\u00e9curis\u00e9, logistique et r\u00e9f\u00e9rencement. Cr\u00e9ez votre boutique en ligne !<\/p><\/div><\/div>\t\t\t\t<\/div>\n\t\t\t\t<\/div>\n\t\t\t\t<div class=\"elementor-element elementor-element-05fdf23 elementor-invisible elementor-widget elementor-widget-image-box\" data-id=\"05fdf23\" data-element_type=\"widget\" data-e-type=\"widget\" data-settings=\"{&quot;_animation&quot;:&quot;zoomIn&quot;}\" data-widget_type=\"image-box.default\">\n\t\t\t\t<div class=\"elementor-widget-container\">\n\t\t\t\t\t<div class=\"elementor-image-box-wrapper\"><div class=\"elementor-image-box-content\"><h5 class=\"elementor-image-box-title\"><a href=\"https:\/\/www.altosor-communication.com\/referencement-seo\/\">R\u00e9f\u00e9rencement SEO local pour booster votre visibilit\u00e9<\/a><\/h5><p class=\"elementor-image-box-description\">Altosor met en place une strat\u00e9gie SEO sur mesure pour am\u00e9liorer votre positionnement sur Google, notamment sur les requ\u00eates locales comme \u00ab agence web \u00e0 Lyon \u00bb ou \u00ab cr\u00e9ation site internet Grenoble \u00bb. Optimisez votre SEO !<\/p><\/div><\/div>\t\t\t\t<\/div>\n\t\t\t\t<\/div>\n\t\t\t\t<div class=\"elementor-element elementor-element-186e446 elementor-invisible elementor-widget elementor-widget-image-box\" data-id=\"186e446\" data-element_type=\"widget\" data-e-type=\"widget\" data-settings=\"{&quot;_animation&quot;:&quot;zoomIn&quot;}\" data-widget_type=\"image-box.default\">\n\t\t\t\t<div class=\"elementor-widget-container\">\n\t\t\t\t\t<div class=\"elementor-image-box-wrapper\"><div class=\"elementor-image-box-content\"><h5 class=\"elementor-image-box-title\"><a href=\"https:\/\/www.altosor-communication.com\/audit-seo-site-web\/\">Audit SEO de votre site web<\/a><\/h5><p class=\"elementor-image-box-description\">Votre site internet ne g\u00e9n\u00e8re pas assez de trafic ? Gr\u00e2ce \u00e0 notre audit SEO complet, nous analysons les performances de votre site, identifions les points bloquants et vous proposons des solutions concr\u00e8tes pour am\u00e9liorer votre visibilit\u00e9 locale. Demandez votre audit !<\/p><\/div><\/div>\t\t\t\t<\/div>\n\t\t\t\t<\/div>\n\t\t\t\t<div class=\"elementor-element elementor-element-c71f234 elementor-invisible elementor-widget elementor-widget-image-box\" data-id=\"c71f234\" data-element_type=\"widget\" data-e-type=\"widget\" data-settings=\"{&quot;_animation&quot;:&quot;zoomIn&quot;}\" data-widget_type=\"image-box.default\">\n\t\t\t\t<div class=\"elementor-widget-container\">\n\t\t\t\t\t<div class=\"elementor-image-box-wrapper\"><div class=\"elementor-image-box-content\"><h5 class=\"elementor-image-box-title\"><a href=\"https:\/\/www.altosor-communication.com\/conseil-en-communication\/\">Conseil en communication et relations presse<\/a><\/h5><p class=\"elementor-image-box-description\">Altosor vous accompagne dans la d\u00e9finition de votre strat\u00e9gie de communication globale : identit\u00e9 visuelle, branding, r\u00e9seaux sociaux, relations presse, campagnes locales\u2026 Nous vous aidons \u00e0 renforcer votre notori\u00e9t\u00e9 dans votre ville, votre d\u00e9partement ou sur l\u2019ensemble de la r\u00e9gion Auvergne-Rh\u00f4ne-Alpes. D\u00e9couvrez nos services.\n<\/p><\/div><\/div>\t\t\t\t<\/div>\n\t\t\t\t<\/div>\n\t\t\t\t<div class=\"elementor-element elementor-element-9c2f471 elementor-invisible elementor-widget elementor-widget-image-box\" data-id=\"9c2f471\" data-element_type=\"widget\" data-e-type=\"widget\" data-settings=\"{&quot;_animation&quot;:&quot;zoomIn&quot;}\" data-widget_type=\"image-box.default\">\n\t\t\t\t<div class=\"elementor-widget-container\">\n\t\t\t\t\t<div class=\"elementor-image-box-wrapper\"><div class=\"elementor-image-box-content\"><h5 class=\"elementor-image-box-title\"><a href=\"https:\/\/www.altosor-communication.com\/campagne-google-ads\/\">R\u00e9f\u00e9rencement payant (Google Ads) pour des r\u00e9sultats imm\u00e9diats<\/a><\/h5><p class=\"elementor-image-box-description\">En compl\u00e9ment du SEO, Altosor vous aide \u00e0 mettre en place des campagnes Google Ads cibl\u00e9es pour g\u00e9n\u00e9rer rapidement du trafic qualifi\u00e9 vers votre site. Nous optimisons vos annonces, vos mots-cl\u00e9s et votre budget pour maximiser votre retour sur investissement dans la r\u00e9gion Auvergne-Rh\u00f4ne-Alpes. Lancez vos campagnes !<\/p><\/div><\/div>\t\t\t\t<\/div>\n\t\t\t\t<\/div>\n\t\t\t\t<\/div>\n\t\t\t\t<\/div>\n\t\t\t\t\t<\/div>\n\t\t\t\t<\/div>\n\t\t\t\t<\/div>\n\t\t","protected":false},"excerpt":{"rendered":"<p>Accueil Aids and subsidies for digital transformation in Auvergne-Rh\u00f4ne-Alpes Do you run a small business, an association or are you an entrepreneur in the Auvergne-Rh\u00f4ne-Alpes region (Lyon, Grenoble, Saint-\u00c9tienne, Clermont-Ferrand, Annecy, etc.) looking for help with the digital transformation of your business? The Auvergne-Rh\u00f4ne-Alpes region is actively committed to helping local businesses digitize, with a [&hellip;]<\/p>\n","protected":false},"author":1,"featured_media":10366,"parent":10453,"menu_order":0,"comment_status":"closed","ping_status":"closed","template":"elementor_header_footer","meta":{"footnotes":""},"class_list":["post-10560","page","type-page","status-publish","has-post-thumbnail","hentry"],"_links":{"self":[{"href":"https:\/\/www.altosor-communication.com\/en\/wp-json\/wp\/v2\/pages\/10560","targetHints":{"allow":["GET"]}}],"collection":[{"href":"https:\/\/www.altosor-communication.com\/en\/wp-json\/wp\/v2\/pages"}],"about":[{"href":"https:\/\/www.altosor-communication.com\/en\/wp-json\/wp\/v2\/types\/page"}],"author":[{"embeddable":true,"href":"https:\/\/www.altosor-communication.com\/en\/wp-json\/wp\/v2\/users\/1"}],"replies":[{"embeddable":true,"href":"https:\/\/www.altosor-communication.com\/en\/wp-json\/wp\/v2\/comments?post=10560"}],"version-history":[{"count":32,"href":"https:\/\/www.altosor-communication.com\/en\/wp-json\/wp\/v2\/pages\/10560\/revisions"}],"predecessor-version":[{"id":26955,"href":"https:\/\/www.altosor-communication.com\/en\/wp-json\/wp\/v2\/pages\/10560\/revisions\/26955"}],"up":[{"embeddable":true,"href":"https:\/\/www.altosor-communication.com\/en\/wp-json\/wp\/v2\/pages\/10453"}],"wp:featuredmedia":[{"embeddable":true,"href":"https:\/\/www.altosor-communication.com\/en\/wp-json\/wp\/v2\/media\/10366"}],"wp:attachment":[{"href":"https:\/\/www.altosor-communication.com\/en\/wp-json\/wp\/v2\/media?parent=10560"}],"curies":[{"name":"wp","href":"https:\/\/api.w.org\/{rel}","templated":true}]}}