{"id":13246,"date":"2026-03-07T18:23:50","date_gmt":"2026-03-07T17:23:50","guid":{"rendered":"https:\/\/www.altosor-communication.com\/martinique\/?page_id=13246"},"modified":"2026-03-20T15:14:21","modified_gmt":"2026-03-20T14:14:21","slug":"aides-numeriques-martinique","status":"publish","type":"page","link":"https:\/\/www.altosor-communication.com\/martinique\/aides-numeriques-martinique\/","title":{"rendered":"Aides et subventions pour la transformation num\u00e9rique en Martinique"},"content":{"rendered":"\t\t<div data-elementor-type=\"wp-page\" data-elementor-id=\"13246\" class=\"elementor elementor-13246\" data-elementor-post-type=\"page\">\n\t\t\t\t<div class=\"elementor-element elementor-element-29037241 e-flex e-con-boxed e-con e-parent\" data-id=\"29037241\" data-element_type=\"container\" data-e-type=\"container\" data-settings=\"{&quot;jet_parallax_layout_list&quot;:[{&quot;_id&quot;:&quot;e33c706&quot;,&quot;jet_parallax_layout_image&quot;:{&quot;url&quot;:&quot;&quot;,&quot;id&quot;:&quot;&quot;,&quot;size&quot;:&quot;&quot;},&quot;jet_parallax_layout_image_tablet&quot;:{&quot;url&quot;:&quot;&quot;,&quot;id&quot;:&quot;&quot;,&quot;size&quot;:&quot;&quot;},&quot;jet_parallax_layout_image_mobile&quot;:{&quot;url&quot;:&quot;&quot;,&quot;id&quot;:&quot;&quot;,&quot;size&quot;:&quot;&quot;},&quot;jet_parallax_layout_speed&quot;:{&quot;unit&quot;:&quot;%&quot;,&quot;size&quot;:50,&quot;sizes&quot;:[]},&quot;jet_parallax_layout_type&quot;:&quot;scroll&quot;,&quot;jet_parallax_layout_direction&quot;:&quot;1&quot;,&quot;jet_parallax_layout_fx_direction&quot;:null,&quot;jet_parallax_layout_z_index&quot;:&quot;&quot;,&quot;jet_parallax_layout_bg_x&quot;:50,&quot;jet_parallax_layout_bg_x_tablet&quot;:&quot;&quot;,&quot;jet_parallax_layout_bg_x_mobile&quot;:&quot;&quot;,&quot;jet_parallax_layout_bg_y&quot;:50,&quot;jet_parallax_layout_bg_y_tablet&quot;:&quot;&quot;,&quot;jet_parallax_layout_bg_y_mobile&quot;:&quot;&quot;,&quot;jet_parallax_layout_bg_size&quot;:&quot;auto&quot;,&quot;jet_parallax_layout_bg_size_tablet&quot;:&quot;&quot;,&quot;jet_parallax_layout_bg_size_mobile&quot;:&quot;&quot;,&quot;jet_parallax_layout_animation_prop&quot;:&quot;transform&quot;,&quot;jet_parallax_layout_on&quot;:[&quot;desktop&quot;,&quot;tablet&quot;]}],&quot;background_background&quot;:&quot;classic&quot;,&quot;background_motion_fx_motion_fx_scrolling&quot;:&quot;yes&quot;,&quot;background_motion_fx_translateY_effect&quot;:&quot;yes&quot;,&quot;background_motion_fx_translateY_speed&quot;:{&quot;unit&quot;:&quot;px&quot;,&quot;size&quot;:&quot;5&quot;,&quot;sizes&quot;:[]},&quot;background_motion_fx_translateY_direction&quot;:&quot;negative&quot;,&quot;background_motion_fx_translateY_affectedRange&quot;:{&quot;unit&quot;:&quot;%&quot;,&quot;size&quot;:&quot;&quot;,&quot;sizes&quot;:{&quot;start&quot;:0,&quot;end&quot;:100}},&quot;background_motion_fx_devices&quot;:[&quot;desktop&quot;,&quot;tablet&quot;,&quot;mobile&quot;]}\">\n\t\t\t\t\t<div class=\"e-con-inner\">\n\t\t<div class=\"elementor-element elementor-element-7e8e1da7 e-con-full e-flex e-con e-child\" data-id=\"7e8e1da7\" data-element_type=\"container\" data-e-type=\"container\" data-settings=\"{&quot;jet_parallax_layout_list&quot;:[]}\">\n\t\t\t\t<div class=\"elementor-element elementor-element-31fd58d elementor-widget elementor-widget-heading\" data-id=\"31fd58d\" data-element_type=\"widget\" data-e-type=\"widget\" data-widget_type=\"heading.default\">\n\t\t\t\t<div class=\"elementor-widget-container\">\n\t\t\t\t\t<h1 class=\"elementor-heading-title elementor-size-default\">Aides et subventions pour la transformation num\u00e9rique en Martinique<\/h1>\t\t\t\t<\/div>\n\t\t\t\t<\/div>\n\t\t\t\t<div class=\"elementor-element elementor-element-5f8e2927 elementor-widget elementor-widget-text-editor\" data-id=\"5f8e2927\" data-element_type=\"widget\" data-e-type=\"widget\" data-widget_type=\"text-editor.default\">\n\t\t\t\t<div class=\"elementor-widget-container\">\n\t\t\t\t\t\t\t\t\t<p>Vous \u00eates une <strong>TPE\/PME<\/strong>, une <strong>association<\/strong> ou un <strong>entrepreneur en Martinique<\/strong> \u00e0 la recherche d\u2019<strong>aides num\u00e9riques<\/strong> pour la <strong>transformation digitale<\/strong> de votre activit\u00e9\u00a0? La <strong>Collectivit\u00e9 Territoriale de Martinique (CTM)<\/strong> propose plusieurs <strong>subventions digitales<\/strong> pour accompagner les entreprises locales dans leur transition num\u00e9rique. Ces dispositifs r\u00e9gionaux \u2013 parfois cofinanc\u00e9s par des partenaires comme l\u2019Union Europ\u00e9enne \u2013 couvrent l\u2019<strong>accompagnement<\/strong> (diagnostic, formation, conseil) et le <strong>financement<\/strong> (subventions, cofinancements) de vos projets de <strong>digitalisation<\/strong>.<\/p><p>D\u00e9couvrez ci-dessous une <strong>synth\u00e8se des principales aides r\u00e9gionales au num\u00e9rique<\/strong> disponibles en <strong>2026<\/strong> pour la Martinique, suivie d\u2019un contenu d\u00e9taill\u00e9 optimis\u00e9 SEO pour mettre \u00e0 jour votre page web. <strong>Altosor Communication<\/strong>, agence experte en transformation digitale, peut vous aider \u00e0 <strong>identifier et obtenir ces subventions<\/strong> et mener \u00e0 bien vos projets num\u00e9riques en Martinique.<\/p>\t\t\t\t\t\t\t\t<\/div>\n\t\t\t\t<\/div>\n\t\t<div class=\"elementor-element elementor-element-c2f8f39 e-con-full e-flex e-con e-child\" data-id=\"c2f8f39\" data-element_type=\"container\" data-e-type=\"container\" data-settings=\"{&quot;jet_parallax_layout_list&quot;:[]}\">\n\t\t\t\t<div class=\"elementor-element elementor-element-4a836841 elementor-align-left elementor-mobile-align-justify elementor-tablet-align-justify elementor-widget-mobile__width-inherit elementor-widget elementor-widget-button\" data-id=\"4a836841\" data-element_type=\"widget\" data-e-type=\"widget\" data-widget_type=\"button.default\">\n\t\t\t\t<div class=\"elementor-widget-container\">\n\t\t\t\t\t\t\t\t\t<div class=\"elementor-button-wrapper\">\n\t\t\t\t\t<a class=\"elementor-button elementor-button-link elementor-size-sm elementor-animation-shrink\" href=\"https:\/\/www.altosor-communication.com\/agence-marketing\/\">\n\t\t\t\t\t\t<span class=\"elementor-button-content-wrapper\">\n\t\t\t\t\t\t\t\t\t<span class=\"elementor-button-text\">Contactez-nous<\/span>\n\t\t\t\t\t<\/span>\n\t\t\t\t\t<\/a>\n\t\t\t\t<\/div>\n\t\t\t\t\t\t\t\t<\/div>\n\t\t\t\t<\/div>\n\t\t\t\t<div class=\"elementor-element elementor-element-5edd528e elementor-align-left elementor-mobile-align-justify elementor-tablet-align-justify elementor-widget-mobile__width-inherit elementor-widget elementor-widget-button\" data-id=\"5edd528e\" data-element_type=\"widget\" data-e-type=\"widget\" data-widget_type=\"button.default\">\n\t\t\t\t<div class=\"elementor-widget-container\">\n\t\t\t\t\t\t\t\t\t<div class=\"elementor-button-wrapper\">\n\t\t\t\t\t<a class=\"elementor-button elementor-button-link elementor-size-sm elementor-animation-shrink\" href=\"#sommaire\">\n\t\t\t\t\t\t<span class=\"elementor-button-content-wrapper\">\n\t\t\t\t\t\t\t\t\t<span class=\"elementor-button-text\">Voir le sommaire des aides<\/span>\n\t\t\t\t\t<\/span>\n\t\t\t\t\t<\/a>\n\t\t\t\t<\/div>\n\t\t\t\t\t\t\t\t<\/div>\n\t\t\t\t<\/div>\n\t\t\t\t<\/div>\n\t\t\t\t<\/div>\n\t\t\t\t\t<\/div>\n\t\t\t\t<\/div>\n\t\t<div class=\"elementor-element elementor-element-5ff76544 e-flex e-con-boxed e-con e-parent\" data-id=\"5ff76544\" data-element_type=\"container\" data-e-type=\"container\" data-settings=\"{&quot;jet_parallax_layout_list&quot;:[{&quot;jet_parallax_layout_image&quot;:{&quot;url&quot;:&quot;&quot;,&quot;id&quot;:&quot;&quot;,&quot;size&quot;:&quot;&quot;,&quot;alt&quot;:&quot;Altosor Communication Martinique : votre agence de communication digitale et print. Cr\\u00e9ation de site internet, SEO, SEA, publicit\\u00e9, marketing.&quot;,&quot;source&quot;:&quot;library&quot;},&quot;_id&quot;:&quot;dfb0fbd&quot;,&quot;jet_parallax_layout_speed&quot;:{&quot;unit&quot;:&quot;%&quot;,&quot;size&quot;:&quot;30&quot;,&quot;sizes&quot;:[]},&quot;jet_parallax_layout_type&quot;:&quot;opacity&quot;,&quot;jet_parallax_layout_bg_size&quot;:&quot;contain&quot;,&quot;jet_parallax_layout_animation_prop&quot;:null,&quot;jet_parallax_layout_image_tablet&quot;:{&quot;url&quot;:&quot;&quot;,&quot;id&quot;:&quot;&quot;,&quot;size&quot;:&quot;&quot;},&quot;jet_parallax_layout_image_mobile&quot;:{&quot;url&quot;:&quot;&quot;,&quot;id&quot;:&quot;&quot;,&quot;size&quot;:&quot;&quot;},&quot;jet_parallax_layout_direction&quot;:null,&quot;jet_parallax_layout_fx_direction&quot;:&quot;fade-in&quot;,&quot;jet_parallax_layout_z_index&quot;:&quot;&quot;,&quot;jet_parallax_layout_bg_x&quot;:50,&quot;jet_parallax_layout_bg_x_tablet&quot;:&quot;&quot;,&quot;jet_parallax_layout_bg_x_mobile&quot;:&quot;&quot;,&quot;jet_parallax_layout_bg_y&quot;:50,&quot;jet_parallax_layout_bg_y_tablet&quot;:&quot;&quot;,&quot;jet_parallax_layout_bg_y_mobile&quot;:&quot;&quot;,&quot;jet_parallax_layout_bg_size_tablet&quot;:&quot;&quot;,&quot;jet_parallax_layout_bg_size_mobile&quot;:&quot;&quot;,&quot;jet_parallax_layout_on&quot;:[&quot;desktop&quot;,&quot;tablet&quot;]}]}\">\n\t\t\t\t\t<div class=\"e-con-inner\">\n\t\t\t\t<div class=\"elementor-element elementor-element-2b2baa15 elementor-widget elementor-widget-heading\" data-id=\"2b2baa15\" data-element_type=\"widget\" data-e-type=\"widget\" data-widget_type=\"heading.default\">\n\t\t\t\t<div class=\"elementor-widget-container\">\n\t\t\t\t\t<h2 class=\"elementor-heading-title elementor-size-default\">Guide des aides num\u00e9riques r\u00e9gionales (Martinique, 2026)<\/h2>\t\t\t\t<\/div>\n\t\t\t\t<\/div>\n\t\t\t\t<div class=\"elementor-element elementor-element-6c1e98a3 elementor-widget elementor-widget-text-editor\" data-id=\"6c1e98a3\" data-element_type=\"widget\" data-e-type=\"widget\" data-widget_type=\"text-editor.default\">\n\t\t\t\t<div class=\"elementor-widget-container\">\n\t\t\t\t\t\t\t\t\t<p>La CTM a mis en place plusieurs dispositifs de soutien pour la <strong>transition num\u00e9rique<\/strong> des entreprises martiniquaises\u00a0:<\/p>\t\t\t\t\t\t\t\t<\/div>\n\t\t\t\t<\/div>\n\t\t\t\t<div class=\"elementor-element elementor-element-3deb35d2 elementor-toc--minimized-on-tablet elementor-widget elementor-widget-table-of-contents\" data-id=\"3deb35d2\" data-element_type=\"widget\" data-e-type=\"widget\" id=\"sommaire\" data-settings=\"{&quot;headings_by_tags&quot;:[&quot;h3&quot;,&quot;h4&quot;],&quot;exclude_headings_by_selector&quot;:[],&quot;no_headings_message&quot;:&quot;Aucun titre n\\u2019a \\u00e9t\\u00e9 trouv\\u00e9 sur cette page.&quot;,&quot;marker_view&quot;:&quot;numbers&quot;,&quot;minimize_box&quot;:&quot;yes&quot;,&quot;minimized_on&quot;:&quot;tablet&quot;,&quot;hierarchical_view&quot;:&quot;yes&quot;,&quot;min_height&quot;:{&quot;unit&quot;:&quot;px&quot;,&quot;size&quot;:&quot;&quot;,&quot;sizes&quot;:[]},&quot;min_height_tablet&quot;:{&quot;unit&quot;:&quot;px&quot;,&quot;size&quot;:&quot;&quot;,&quot;sizes&quot;:[]},&quot;min_height_mobile&quot;:{&quot;unit&quot;:&quot;px&quot;,&quot;size&quot;:&quot;&quot;,&quot;sizes&quot;:[]}}\" data-widget_type=\"table-of-contents.default\">\n\t\t\t\t<div class=\"elementor-widget-container\">\n\t\t\t\t\t\t\t\t\t<div class=\"elementor-toc__header\">\n\t\t\t\t\t\t<h3 class=\"elementor-toc__header-title\">\n\t\t\t\tTable des mati\u00e8res des aides\t\t\t<\/h3>\n\t\t\t\t\t\t\t\t\t\t<div class=\"elementor-toc__toggle-button elementor-toc__toggle-button--expand\" role=\"button\" tabindex=\"0\" aria-controls=\"elementor-toc__3deb35d2\" aria-expanded=\"true\" aria-label=\"Ouvrir la table des mati\u00e8res\"><i aria-hidden=\"true\" class=\"fas fa-chevron-down\"><\/i><\/div>\n\t\t\t\t<div class=\"elementor-toc__toggle-button elementor-toc__toggle-button--collapse\" role=\"button\" tabindex=\"0\" aria-controls=\"elementor-toc__3deb35d2\" aria-expanded=\"true\" aria-label=\"Fermer la table des mati\u00e8res\"><i aria-hidden=\"true\" class=\"fas fa-chevron-up\"><\/i><\/div>\n\t\t\t\t\t<\/div>\n\t\t\t\t<div id=\"elementor-toc__3deb35d2\" class=\"elementor-toc__body\">\n\t\t\t<div class=\"elementor-toc__spinner-container\">\n\t\t\t\t<i class=\"elementor-toc__spinner eicon-animation-spin eicon-loading\" aria-hidden=\"true\"><\/i>\t\t\t<\/div>\n\t\t<\/div>\n\t\t\t\t\t\t<\/div>\n\t\t\t\t<\/div>\n\t\t\t\t\t<\/div>\n\t\t\t\t<\/div>\n\t\t<div class=\"elementor-element elementor-element-6fe41d4b aide e-flex e-con-boxed e-con e-parent\" data-id=\"6fe41d4b\" data-element_type=\"container\" data-e-type=\"container\" id=\"aide\" data-settings=\"{&quot;jet_parallax_layout_list&quot;:[{&quot;jet_parallax_layout_image&quot;:{&quot;url&quot;:&quot;&quot;,&quot;id&quot;:&quot;&quot;,&quot;size&quot;:&quot;&quot;,&quot;alt&quot;:&quot;Altosor Communication Martinique : votre agence de communication digitale et print. Cr\\u00e9ation de site internet, SEO, SEA, publicit\\u00e9, marketing.&quot;,&quot;source&quot;:&quot;library&quot;},&quot;_id&quot;:&quot;dfb0fbd&quot;,&quot;jet_parallax_layout_speed&quot;:{&quot;unit&quot;:&quot;%&quot;,&quot;size&quot;:&quot;30&quot;,&quot;sizes&quot;:[]},&quot;jet_parallax_layout_type&quot;:&quot;opacity&quot;,&quot;jet_parallax_layout_bg_size&quot;:&quot;contain&quot;,&quot;jet_parallax_layout_animation_prop&quot;:null,&quot;jet_parallax_layout_image_tablet&quot;:{&quot;url&quot;:&quot;&quot;,&quot;id&quot;:&quot;&quot;,&quot;size&quot;:&quot;&quot;},&quot;jet_parallax_layout_image_mobile&quot;:{&quot;url&quot;:&quot;&quot;,&quot;id&quot;:&quot;&quot;,&quot;size&quot;:&quot;&quot;},&quot;jet_parallax_layout_direction&quot;:null,&quot;jet_parallax_layout_fx_direction&quot;:&quot;fade-in&quot;,&quot;jet_parallax_layout_z_index&quot;:&quot;&quot;,&quot;jet_parallax_layout_bg_x&quot;:50,&quot;jet_parallax_layout_bg_x_tablet&quot;:&quot;&quot;,&quot;jet_parallax_layout_bg_x_mobile&quot;:&quot;&quot;,&quot;jet_parallax_layout_bg_y&quot;:50,&quot;jet_parallax_layout_bg_y_tablet&quot;:&quot;&quot;,&quot;jet_parallax_layout_bg_y_mobile&quot;:&quot;&quot;,&quot;jet_parallax_layout_bg_size_tablet&quot;:&quot;&quot;,&quot;jet_parallax_layout_bg_size_mobile&quot;:&quot;&quot;,&quot;jet_parallax_layout_on&quot;:[&quot;desktop&quot;,&quot;tablet&quot;]}],&quot;background_background&quot;:&quot;classic&quot;}\">\n\t\t\t\t\t<div class=\"e-con-inner\">\n\t\t\t\t<div class=\"elementor-element elementor-element-39934250 elementor-widget elementor-widget-heading\" data-id=\"39934250\" data-element_type=\"widget\" data-e-type=\"widget\" data-widget_type=\"heading.default\">\n\t\t\t\t<div class=\"elementor-widget-container\">\n\t\t\t\t\t<h3 class=\"elementor-heading-title elementor-size-default\">Pass Num\u00e9rique \u2013 Subvention jusqu\u2019\u00e0 10 000 \u20ac pour la transformation digitale des TPE\/PME<\/h3>\t\t\t\t<\/div>\n\t\t\t\t<\/div>\n\t\t\t\t<div class=\"elementor-element elementor-element-520b04c1 elementor-widget elementor-widget-text-editor\" data-id=\"520b04c1\" data-element_type=\"widget\" data-e-type=\"widget\" data-widget_type=\"text-editor.default\">\n\t\t\t\t<div class=\"elementor-widget-container\">\n\t\t\t\t\t\t\t\t\t<p>Subvention de 50\u202f% des d\u00e9penses num\u00e9riques (site web, e-commerce, outils de gestion, formation), jusqu\u2019\u00e0 10\u202f000\u202f\u20ac. <a href=\"https:\/\/mesaidespubliques.infogreffe.fr\/aides\/martinique-pass-numerique-aide-transformation-numerique\" target=\"_blank\" rel=\"noopener\">Lien officiel<\/a> <br \/><br \/><\/p>\t\t\t\t\t\t\t\t<\/div>\n\t\t\t\t<\/div>\n\t\t<div class=\"elementor-element elementor-element-1e7ee98f e-con-full e-flex e-con e-child\" data-id=\"1e7ee98f\" data-element_type=\"container\" data-e-type=\"container\" data-settings=\"{&quot;jet_parallax_layout_list&quot;:[]}\">\n\t\t\t\t<div class=\"elementor-element elementor-element-73ab3274 elementor-widget elementor-widget-heading\" data-id=\"73ab3274\" data-element_type=\"widget\" data-e-type=\"widget\" data-widget_type=\"heading.default\">\n\t\t\t\t<div class=\"elementor-widget-container\">\n\t\t\t\t\t<h4 class=\"elementor-heading-title elementor-size-default\">\ud83c\udfafObjectif<\/h4>\t\t\t\t<\/div>\n\t\t\t\t<\/div>\n\t\t\t\t<div class=\"elementor-element elementor-element-6a1730c3 elementor-widget elementor-widget-text-editor\" data-id=\"6a1730c3\" data-element_type=\"widget\" data-e-type=\"widget\" data-widget_type=\"text-editor.default\">\n\t\t\t\t<div class=\"elementor-widget-container\">\n\t\t\t\t\t\t\t\t\t<p>Le <strong>Pass Num\u00e9rique<\/strong> est le dispositif phare de la CTM pour aider les <strong>TPE et PME traditionnelles<\/strong> de Martinique \u00e0 amorcer leur <strong>transformation num\u00e9rique<\/strong>. Il accompagne la mise en place d\u2019un <strong>v\u00e9ritable projet digital<\/strong> apportant une valeur ajout\u00e9e \u00e0 l\u2019entreprise. Ce programme cible avant tout les petites structures locales (commerces, artisans, petites entreprises de services, etc.) n\u2019ayant pas encore exploit\u00e9 tout le potentiel des outils num\u00e9riques. L\u2019enjeu est de les aider \u00e0 <strong>am\u00e9liorer leur pr\u00e9sence en ligne<\/strong> (visibilit\u00e9 sur internet, vente en ligne) et \u00e0 <strong>gagner en productivit\u00e9<\/strong> gr\u00e2ce aux solutions digitales.<\/p>\t\t\t\t\t\t\t\t<\/div>\n\t\t\t\t<\/div>\n\t\t\t\t<div class=\"elementor-element elementor-element-130af860 elementor-widget elementor-widget-heading\" data-id=\"130af860\" data-element_type=\"widget\" data-e-type=\"widget\" data-widget_type=\"heading.default\">\n\t\t\t\t<div class=\"elementor-widget-container\">\n\t\t\t\t\t<h4 class=\"elementor-heading-title elementor-size-default\">\u2705D\u00e9penses \u00e9ligibles<\/h4>\t\t\t\t<\/div>\n\t\t\t\t<\/div>\n\t\t\t\t<div class=\"elementor-element elementor-element-2eac0c79 elementor-widget elementor-widget-text-editor\" data-id=\"2eac0c79\" data-element_type=\"widget\" data-e-type=\"widget\" data-widget_type=\"text-editor.default\">\n\t\t\t\t<div class=\"elementor-widget-container\">\n\t\t\t\t\t\t\t\t\t<p>Le Pass Num\u00e9rique couvre deux grands types de projets: <strong>Renforcer la pr\u00e9sence en ligne de l\u2019entreprise\u00a0:<\/strong> cr\u00e9ation ou refonte d\u2019un <strong>site Internet vitrine<\/strong> ou <strong>site e-commerce<\/strong>, d\u00e9veloppement de la visibilit\u00e9 de l\u2019entreprise sur les <strong>r\u00e9seaux sociaux<\/strong>, mise en place d\u2019outils d\u2019analyse de fr\u00e9quentation (ex. Google Analytics), <strong>r\u00e9f\u00e9rencement du site<\/strong> (SEO) et am\u00e9lioration de son ergonomie pour attirer plus de clients en ligne. Des actions de <strong>formation<\/strong> et d\u2019<strong>accompagnement<\/strong> \u00e0 la prise en main de ces outils num\u00e9riques par l\u2019\u00e9quipe dirigeante ou les employ\u00e9s sont \u00e9galement finan\u00e7ables.<\/p><ul><li><strong>Digitalisation des processus internes (am\u00e9lioration de la productivit\u00e9)\u00a0:<\/strong> modernisation du <strong>syst\u00e8me d\u2019information<\/strong> de l\u2019entreprise (par ex. installation d\u2019un logiciel de gestion commerciale, d\u2019un CRM ou d\u2019un ERP), mise en place d\u2019<strong>outils collaboratifs<\/strong> (messagerie pro, partage de documents en ligne), automatisation de certaines t\u00e2ches administratives ou de production, d\u00e9mat\u00e9rialisation des flux de travail, etc. L\u00e0 aussi, des prestations de <strong>formation<\/strong> du personnel aux nouveaux outils peuvent \u00eatre financ\u00e9es par le Pass. <a href=\"https:\/\/mesaidespubliques.infogreffe.fr\/aides\/martinique-pass-numerique-aide-transformation-numerique\" target=\"_blank\" rel=\"noopener\">[<\/a><\/li><\/ul>\t\t\t\t\t\t\t\t<\/div>\n\t\t\t\t<\/div>\n\t\t\t\t<div class=\"elementor-element elementor-element-1163f73 elementor-widget elementor-widget-heading\" data-id=\"1163f73\" data-element_type=\"widget\" data-e-type=\"widget\" data-widget_type=\"heading.default\">\n\t\t\t\t<div class=\"elementor-widget-container\">\n\t\t\t\t\t<h4 class=\"elementor-heading-title elementor-size-default\">\ud83d\udcb0Montant de l'aide<\/h4>\t\t\t\t<\/div>\n\t\t\t\t<\/div>\n\t\t\t\t<div class=\"elementor-element elementor-element-262a203 elementor-widget elementor-widget-text-editor\" data-id=\"262a203\" data-element_type=\"widget\" data-e-type=\"widget\" data-widget_type=\"text-editor.default\">\n\t\t\t\t<div class=\"elementor-widget-container\">\n\t\t\t\t\t\t\t\t\t<p>Le Pass Num\u00e9rique fonctionne sous forme de <strong>subvention<\/strong> accord\u00e9e \u00e0 l\u2019entreprise pour financer une <strong>prestation externe<\/strong> de transformation num\u00e9rique (fournisseurs de solutions digitales, consultants, organismes de formation, etc.). La CTM prend en charge <strong>50% du co\u00fbt HT du projet num\u00e9rique<\/strong>. Le montant de l\u2019aide varie <strong>entre 8\u202f000 \u20ac et 10\u202f000 \u20ac<\/strong> selon l\u2019ampleur du projet. Concr\u00e8tement\u00a0:<\/p><ul><li><strong>Jusqu\u2019\u00e0 5\u202f000 \u20ac d\u2019aide<\/strong> peuvent \u00eatre attribu\u00e9s pour une prestation isol\u00e9e (par exemple, faire appel \u00e0 un prestataire pour cr\u00e9er un site web vitrine).<\/li><li><strong>Jusqu\u2019\u00e0 10\u202f000 \u20ac d\u2019aide<\/strong> sont possibles <em>si l\u2019entreprise s\u2019engage dans un parcours complet combinant plusieurs volets d\u2019actions compl\u00e9mentaires (conseil initial + r\u00e9alisation + formation)<\/em>. En effet, le Pass Num\u00e9rique martiniquais comporte <strong>trois volets<\/strong> distincts\u00a0: un volet \u00ab\u00a0accompagnement de projet\u00a0\u00bb (conseil en strat\u00e9gie num\u00e9rique, audit initial), un <strong>volet \u00ab\u00a0prestation num\u00e9rique\u00a0\u00bb<\/strong> (mise en \u0153uvre pratique\u00a0: cr\u00e9ation d\u2019outils web, configuration de logiciels, etc.) et un volet <strong>\u00ab\u00a0formation du dirigeant\/\u00e9quipe\u00a0\u00bb<\/strong>. Le cumul de ces trois volets dans un m\u00eame plan de transformation maximale ouvre droit \u00e0 l\u2019aide jusqu\u2019au plafond de 10\u202f000 \u20ac.<\/li><\/ul>\t\t\t\t\t\t\t\t<\/div>\n\t\t\t\t<\/div>\n\t\t\t\t<div class=\"elementor-element elementor-element-40eb794e elementor-widget elementor-widget-heading\" data-id=\"40eb794e\" data-element_type=\"widget\" data-e-type=\"widget\" data-widget_type=\"heading.default\">\n\t\t\t\t<div class=\"elementor-widget-container\">\n\t\t\t\t\t<h4 class=\"elementor-heading-title elementor-size-default\">\ud83d\ude4bB\u00e9n\u00e9ficiaires<\/h4>\t\t\t\t<\/div>\n\t\t\t\t<\/div>\n\t\t\t\t<div class=\"elementor-element elementor-element-228c9149 elementor-widget elementor-widget-text-editor\" data-id=\"228c9149\" data-element_type=\"widget\" data-e-type=\"widget\" data-widget_type=\"text-editor.default\">\n\t\t\t\t<div class=\"elementor-widget-container\">\n\t\t\t\t\t\t\t\t\t<p>Les <strong>entreprises de moins de 30 salari\u00e9s<\/strong>, implant\u00e9es en Martinique et ayant au moins 1 an d\u2019existence, peuvent pr\u00e9tendre au Pass Num\u00e9rique. <strong>Attention\u00a0:<\/strong> les <strong>entreprises du secteur num\u00e9rique<\/strong> (Web, IT, t\u00e9l\u00e9coms, etc.) ne sont <em>pas \u00e9ligibles<\/em> \u2013 le Pass vise les <strong>entreprises traditionnelles<\/strong> en phase de digitalisation. De m\u00eame, les <strong>auto-entrepreneurs<\/strong> (micro-entreprises non immatricul\u00e9es au RC ou RM) sont exclus du dispositif, tout comme les associations non inscrites au registre Sirene. En revanche, les entreprises individuelles et soci\u00e9t\u00e9s commerciales ou coop\u00e9ratives sont \u00e9ligibles si elles r\u00e9pondent aux crit\u00e8res d\u2019effectif et n\u2019appartiennent pas d\u00e9j\u00e0 \u00e0 la fili\u00e8re num\u00e9rique.<\/p><p>\u00a0<\/p>\t\t\t\t\t\t\t\t<\/div>\n\t\t\t\t<\/div>\n\t\t\t\t<div class=\"elementor-element elementor-element-2f42b7b2 elementor-widget elementor-widget-heading\" data-id=\"2f42b7b2\" data-element_type=\"widget\" data-e-type=\"widget\" data-widget_type=\"heading.default\">\n\t\t\t\t<div class=\"elementor-widget-container\">\n\t\t\t\t\t<h4 class=\"elementor-heading-title elementor-size-default\">\ud83d\udccbModalit\u00e9s<\/h4>\t\t\t\t<\/div>\n\t\t\t\t<\/div>\n\t\t\t\t<div class=\"elementor-element elementor-element-4d104e87 elementor-widget elementor-widget-text-editor\" data-id=\"4d104e87\" data-element_type=\"widget\" data-e-type=\"widget\" data-widget_type=\"text-editor.default\">\n\t\t\t\t<div class=\"elementor-widget-container\">\n\t\t\t\t\t\t\t\t\t<p>L\u2019entreprise doit <strong>d\u00e9poser une demande<\/strong> aupr\u00e8s de la CTM (Direction de la Transformation \u00c9conomique \u2013 service \u00c9conomie num\u00e9rique). Le dossier comprendra notamment un descriptif du projet de transformation num\u00e9rique, les devis des prestataires choisis et les pi\u00e8ces administratives de l\u2019entreprise. <strong>Important\u00a0:<\/strong> le dossier doit \u00eatre valid\u00e9 <em>avant<\/em> d\u2019engager les d\u00e9penses, sinon celles-ci ne seront pas prises en charge. Une fois l\u2019aide accord\u00e9e, l\u2019entreprise r\u00e9alise le projet dans un d\u00e9lai imparti (g\u00e9n\u00e9ralement quelques mois). La subvention est vers\u00e9e <strong>sur pr\u00e9sentation des factures acquitt\u00e9es<\/strong> correspondant aux d\u00e9penses \u00e9ligibles, \u00e0 hauteur de 50% de chaque d\u00e9pense valid\u00e9e.<\/p>\t\t\t\t\t\t\t\t<\/div>\n\t\t\t\t<\/div>\n\t\t\t\t<\/div>\n\t\t\t\t<div class=\"elementor-element elementor-element-fb7e794 elementor-widget elementor-widget-heading\" data-id=\"fb7e794\" data-element_type=\"widget\" data-e-type=\"widget\" data-widget_type=\"heading.default\">\n\t\t\t\t<div class=\"elementor-widget-container\">\n\t\t\t\t\t<h4 class=\"elementor-heading-title elementor-size-default\">Exemple concret<\/h4>\t\t\t\t<\/div>\n\t\t\t\t<\/div>\n\t\t\t\t<div class=\"elementor-element elementor-element-eaeca6e elementor-widget elementor-widget-text-editor\" data-id=\"eaeca6e\" data-element_type=\"widget\" data-e-type=\"widget\" data-widget_type=\"text-editor.default\">\n\t\t\t\t<div class=\"elementor-widget-container\">\n\t\t\t\t\t\t\t\t\t<p><em>Une petite entreprise de services situ\u00e9e \u00e0 Fort-de-France (8 salari\u00e9s) souhaite d\u00e9velopper son activit\u00e9 gr\u00e2ce \u00e0 internet. Avec le Pass Num\u00e9rique, elle a pu financer la moiti\u00e9 des co\u00fbts pour la cr\u00e9ation d\u2019un site e-commerce (4\u202f000 \u20ac sur 8\u202f000 \u20ac HT de prestations web) et la mise en place d\u2019un logiciel de gestion commerciale en ligne (2\u202f000 \u20ac sur 4\u202f000 \u20ac HT). Au total, la CTM lui a vers\u00e9 6\u202f000 \u20ac de subvention sur un projet global de 12\u202f000\u00a0\u20ac, lui permettant de lancer rapidement son site marchand et de digitaliser sa gestion de stock.<\/em><\/p>\t\t\t\t\t\t\t\t<\/div>\n\t\t\t\t<\/div>\n\t\t\t\t<div class=\"elementor-element elementor-element-187b1508 elementor-align-left elementor-mobile-align-justify elementor-tablet-align-justify elementor-widget-mobile__width-inherit elementor-widget elementor-widget-button\" data-id=\"187b1508\" data-element_type=\"widget\" data-e-type=\"widget\" data-widget_type=\"button.default\">\n\t\t\t\t<div class=\"elementor-widget-container\">\n\t\t\t\t\t\t\t\t\t<div class=\"elementor-button-wrapper\">\n\t\t\t\t\t<a class=\"elementor-button elementor-button-link elementor-size-sm elementor-animation-shrink\" href=\"https:\/\/www.altosor-communication.com\/agence-marketing\/\">\n\t\t\t\t\t\t<span class=\"elementor-button-content-wrapper\">\n\t\t\t\t\t\t\t\t\t<span class=\"elementor-button-text\">Contactez-nous<\/span>\n\t\t\t\t\t<\/span>\n\t\t\t\t\t<\/a>\n\t\t\t\t<\/div>\n\t\t\t\t\t\t\t\t<\/div>\n\t\t\t\t<\/div>\n\t\t\t\t\t<\/div>\n\t\t\t\t<\/div>\n\t\t<div class=\"elementor-element elementor-element-69770c95 e-flex e-con-boxed e-con e-parent\" data-id=\"69770c95\" data-element_type=\"container\" data-e-type=\"container\" data-settings=\"{&quot;jet_parallax_layout_list&quot;:[{&quot;jet_parallax_layout_image&quot;:{&quot;url&quot;:&quot;&quot;,&quot;id&quot;:&quot;&quot;,&quot;size&quot;:&quot;&quot;,&quot;alt&quot;:&quot;Altosor Communication Martinique : votre agence de communication digitale et print. Cr\\u00e9ation de site internet, SEO, SEA, publicit\\u00e9, marketing.&quot;,&quot;source&quot;:&quot;library&quot;},&quot;_id&quot;:&quot;dfb0fbd&quot;,&quot;jet_parallax_layout_speed&quot;:{&quot;unit&quot;:&quot;%&quot;,&quot;size&quot;:&quot;30&quot;,&quot;sizes&quot;:[]},&quot;jet_parallax_layout_type&quot;:&quot;opacity&quot;,&quot;jet_parallax_layout_bg_size&quot;:&quot;contain&quot;,&quot;jet_parallax_layout_animation_prop&quot;:null,&quot;jet_parallax_layout_image_tablet&quot;:{&quot;url&quot;:&quot;&quot;,&quot;id&quot;:&quot;&quot;,&quot;size&quot;:&quot;&quot;},&quot;jet_parallax_layout_image_mobile&quot;:{&quot;url&quot;:&quot;&quot;,&quot;id&quot;:&quot;&quot;,&quot;size&quot;:&quot;&quot;},&quot;jet_parallax_layout_direction&quot;:null,&quot;jet_parallax_layout_fx_direction&quot;:&quot;fade-in&quot;,&quot;jet_parallax_layout_z_index&quot;:&quot;&quot;,&quot;jet_parallax_layout_bg_x&quot;:50,&quot;jet_parallax_layout_bg_x_tablet&quot;:&quot;&quot;,&quot;jet_parallax_layout_bg_x_mobile&quot;:&quot;&quot;,&quot;jet_parallax_layout_bg_y&quot;:50,&quot;jet_parallax_layout_bg_y_tablet&quot;:&quot;&quot;,&quot;jet_parallax_layout_bg_y_mobile&quot;:&quot;&quot;,&quot;jet_parallax_layout_bg_size_tablet&quot;:&quot;&quot;,&quot;jet_parallax_layout_bg_size_mobile&quot;:&quot;&quot;,&quot;jet_parallax_layout_on&quot;:[&quot;desktop&quot;,&quot;tablet&quot;]}]}\">\n\t\t\t\t\t<div class=\"e-con-inner\">\n\t\t\t\t<div class=\"elementor-element elementor-element-3c693a6 elementor-widget elementor-widget-heading\" data-id=\"3c693a6\" data-element_type=\"widget\" data-e-type=\"widget\" data-widget_type=\"heading.default\">\n\t\t\t\t<div class=\"elementor-widget-container\">\n\t\t\t\t\t<h3 class=\"elementor-heading-title elementor-size-default\">\nAide \u00e0 la cr\u00e9ation d\u2019entreprises num\u00e9riques \u2013 60% de subvention pour lancer votre start-up en Martinique<\/h3>\t\t\t\t<\/div>\n\t\t\t\t<\/div>\n\t\t\t\t<div class=\"elementor-element elementor-element-3e962c20 elementor-widget elementor-widget-text-editor\" data-id=\"3e962c20\" data-element_type=\"widget\" data-e-type=\"widget\" data-widget_type=\"text-editor.default\">\n\t\t\t\t<div class=\"elementor-widget-container\">\n\t\t\t\t\t\t\t\t\t<p>Subvention de 60\u202f% des d\u00e9penses de d\u00e9marrage (site, mat\u00e9riel, communication\u2026), jusqu\u2019\u00e0 20\u202f000\u202f\u20ac, + primes de 5\u202f000\u202f\u20ac. <a href=\"https:\/\/les-aides.fr\/aide\/VTWfGUwZbAwOFQ\/region-martinique\/aide-a-la-creation-des-entreprises-numeriques.html\" target=\"_blank\" rel=\"noopener\">En savoir plus<\/a> ou <a href=\"https:\/\/les-aides.fr\/aide\/VTWfGUwZbAwOFQ\/region-martinique\/aide-a-la-creation-des-entreprises-numeriques.html\" target=\"_blank\" rel=\"noopener\">ici<\/a><br \/><br \/><\/p>\t\t\t\t\t\t\t\t<\/div>\n\t\t\t\t<\/div>\n\t\t<div class=\"elementor-element elementor-element-3a7e399f e-con-full e-flex e-con e-child\" data-id=\"3a7e399f\" data-element_type=\"container\" data-e-type=\"container\" data-settings=\"{&quot;jet_parallax_layout_list&quot;:[]}\">\n\t\t\t\t<div class=\"elementor-element elementor-element-5bafb9ba elementor-widget elementor-widget-heading\" data-id=\"5bafb9ba\" data-element_type=\"widget\" data-e-type=\"widget\" data-widget_type=\"heading.default\">\n\t\t\t\t<div class=\"elementor-widget-container\">\n\t\t\t\t\t<h4 class=\"elementor-heading-title elementor-size-default\">\ud83c\udfafObjectif<\/h4>\t\t\t\t<\/div>\n\t\t\t\t<\/div>\n\t\t\t\t<div class=\"elementor-element elementor-element-12824c6 elementor-widget elementor-widget-text-editor\" data-id=\"12824c6\" data-element_type=\"widget\" data-e-type=\"widget\" data-widget_type=\"text-editor.default\">\n\t\t\t\t<div class=\"elementor-widget-container\">\n\t\t\t\t\t\t\t\t\t<p>Ce dispositif vise \u00e0 encourager la cr\u00e9ation de <strong>nouvelles entreprises dans le domaine du num\u00e9rique<\/strong> en Martinique, en aidant financi\u00e8rement les <strong>jeunes entreprises innovantes<\/strong> durant leurs premiers pas cruciaux. L\u2019id\u00e9e est de stimuler l\u2019\u00e9mergence de <strong>start-ups locales<\/strong> et d\u2019attirer en Martinique des porteurs de projets num\u00e9riques, afin de d\u00e9velopper une <strong>fili\u00e8re digitale dynamique<\/strong> sur le territoire.<\/p>\t\t\t\t\t\t\t\t<\/div>\n\t\t\t\t<\/div>\n\t\t\t\t<div class=\"elementor-element elementor-element-56292481 elementor-widget elementor-widget-heading\" data-id=\"56292481\" data-element_type=\"widget\" data-e-type=\"widget\" data-widget_type=\"heading.default\">\n\t\t\t\t<div class=\"elementor-widget-container\">\n\t\t\t\t\t<h4 class=\"elementor-heading-title elementor-size-default\">\u2705Services propos\u00e9s<\/h4>\t\t\t\t<\/div>\n\t\t\t\t<\/div>\n\t\t\t\t<div class=\"elementor-element elementor-element-158315f6 elementor-widget elementor-widget-text-editor\" data-id=\"158315f6\" data-element_type=\"widget\" data-e-type=\"widget\" data-widget_type=\"text-editor.default\">\n\t\t\t\t<div class=\"elementor-widget-container\">\n\t\t\t\t\t\t\t\t\t<p>L\u2019<em>Aide \u00e0 la Cr\u00e9ation d\u2019Entreprises Num\u00e9riques<\/em> comporte <strong>plusieurs volets compl\u00e9mentaires<\/strong> destin\u00e9s \u00e0 couvrir diff\u00e9rents besoins du cr\u00e9ateur\u00a0:<\/p><ul><li><strong>Volet\u00a01 \u2013 Aide \u00e0 la cr\u00e9ation de la structure\u00a0:<\/strong> subvention accord\u00e9e sur les <strong>investissements de d\u00e9marrage<\/strong>. Sont pris en charge \u00e0 <strong>60%<\/strong> (plafond 20\u202f000\u00a0\u20ac) de nombreuses d\u00e9penses initiales de la start-up\u00a0: cr\u00e9ation d\u2019un <strong>site web, application mobile ou plateforme en ligne<\/strong>, \u00e9laboration de la <strong>charte graphique<\/strong> et du logo, achat de <strong>mat\u00e9riel informatique et \u00e9quipements technologiques<\/strong>, petits <strong>travaux d\u2019am\u00e9nagement<\/strong> d\u2019un local professionnel, et autres investissements durables li\u00e9s au d\u00e9marrage de l\u2019activit\u00e9. Sont \u00e9galement subventionn\u00e9s \u00e0 60% les co\u00fbts externes directement li\u00e9s \u00e0 la cr\u00e9ation\u00a0: <strong>campagnes de communication digitale<\/strong> (r\u00e9f\u00e9rencement sur Google, publicit\u00e9 en ligne, r\u00e9seaux sociaux), prestations de <strong>conseil<\/strong> (\u00e9tude de march\u00e9, appui juridique ou comptable pour la cr\u00e9ation), frais juridiques de constitution de soci\u00e9t\u00e9 (r\u00e9daction des statuts, immatriculation) ou encore <strong>abonnements \u00e0 des outils SaaS<\/strong> utiles au lancement (par ex. solution de comptabilit\u00e9 ou d\u2019emailing sur la premi\u00e8re ann\u00e9e).<\/li><li><strong>Volet\u00a02 \u2013 Prime au cr\u00e9ateur d\u2019entreprise\u00a0:<\/strong> une <strong>prime forfaitaire de 5\u202f000 \u20ac<\/strong> est vers\u00e9e au dirigeant de la jeune entreprise <em>apr\u00e8s la r\u00e9alisation effective des investissements du Volet\u00a01<\/em>, \u00e0 condition que ceux-ci atteignent au moins <strong>2\u202f500 \u20ac<\/strong> d\u2019investissements \u00e9ligibles. Cette prime vise \u00e0 soutenir l\u2019entrepreneur pendant la phase critique de d\u00e9marrage.<\/li><li><strong>Volet\u00a03 \u2013 Aide \u00e0 la re-localisation de l\u2019expertise\u00a0:<\/strong> ce volet s\u2019adresse aux <em>porteurs de projet martiniquais bas\u00e9s hors du territoire<\/em>* (ex\u00a0: diaspora) souhaitant revenir cr\u00e9er leur start-up num\u00e9rique en Martinique. Il consiste en une <strong>aide forfaitaire de 5\u202f000 \u20ac<\/strong> suppl\u00e9mentaire pour prendre en charge une partie des <strong>frais de r\u00e9installation<\/strong> du cr\u00e9ateur (d\u00e9m\u00e9nagement, installation locale), sous r\u00e9serve de justifier du transfert de r\u00e9sidence fiscale sur l\u2019\u00eele.<\/li><li><strong>(Volet\u00a04 \u2013 H\u00e9bergement en p\u00e9pini\u00e8re \/ coworking\u00a0:<\/strong> il \u00e9tait pr\u00e9vu un appel \u00e0 candidatures pour s\u00e9lectionner des structures d\u2019accueil labellis\u00e9es en coworking\/p\u00e9pini\u00e8re, afin d\u2019offrir aux laur\u00e9ats du dispositif un environnement de travail professionnel \u00e0 tarif pr\u00e9f\u00e9rentiel. Ce volet, g\u00e9r\u00e9 en partenariat avec l\u2019\u00e9cosyst\u00e8me local, vise \u00e0 cr\u00e9er un r\u00e9seau de <strong>\u201ctiers-lieux\u201d num\u00e9riques<\/strong> o\u00f9 les jeunes entreprises pourront se d\u00e9velopper plus rapidement. <em>\u00c0 suivre selon les actualit\u00e9s de la CTM.<\/em>)<\/li><\/ul>\t\t\t\t\t\t\t\t<\/div>\n\t\t\t\t<\/div>\n\t\t\t\t<div class=\"elementor-element elementor-element-6c408542 elementor-widget elementor-widget-heading\" data-id=\"6c408542\" data-element_type=\"widget\" data-e-type=\"widget\" data-widget_type=\"heading.default\">\n\t\t\t\t<div class=\"elementor-widget-container\">\n\t\t\t\t\t<h4 class=\"elementor-heading-title elementor-size-default\">\ud83d\udcb0Montant de l'aide<\/h4>\t\t\t\t<\/div>\n\t\t\t\t<\/div>\n\t\t\t\t<div class=\"elementor-element elementor-element-20478ed elementor-widget elementor-widget-text-editor\" data-id=\"20478ed\" data-element_type=\"widget\" data-e-type=\"widget\" data-widget_type=\"text-editor.default\">\n\t\t\t\t<div class=\"elementor-widget-container\">\n\t\t\t\t\t\t\t\t\t<p>Sur le <strong>Volet\u00a01<\/strong>, la CTM finance <strong>60% du montant HT<\/strong> des d\u00e9penses de d\u00e9marrage, dans la limite de <strong>20\u202f000 \u20ac<\/strong> par entreprise. Le porteur doit donc apporter au moins 40% de fonds propres ou d\u2019autres financements. La <strong>prime au cr\u00e9ateur<\/strong> du Volet\u00a02 est un montant fixe de <strong>5\u202f000 \u20ac<\/strong>. Le <strong>bonus \u201crelocalisation\u201d<\/strong> du Volet\u00a03 est \u00e9galement de <strong>5\u202f000 \u20ac forfaitaires<\/strong> si le cr\u00e9ateur rapporte son projet en Martinique. Au total, une jeune entreprise particuli\u00e8rement prometteuse pourrait cumuler jusqu\u2019\u00e0 <strong>30\u202f000 \u20ac d\u2019aides<\/strong> sur ce dispositif (20k + 5k + 5k). La subvention est vers\u00e9e sur pr\u00e9sentation des factures acquitt\u00e9es (et justificatifs de d\u00e9penses) pour le Volet\u00a01, et les primes Volet\u00a02\/3 sont vers\u00e9es une fois les conditions remplies (d\u00e9penses r\u00e9alis\u00e9es, installation effective du porteur). Ce soutien rel\u00e8ve du r\u00e9gime <em>de minimis<\/em> (plafond de 200\u202f000 \u20ac d\u2019aides publiques sur 3 ans).<\/p>\t\t\t\t\t\t\t\t<\/div>\n\t\t\t\t<\/div>\n\t\t\t\t<div class=\"elementor-element elementor-element-645b12c3 elementor-widget elementor-widget-heading\" data-id=\"645b12c3\" data-element_type=\"widget\" data-e-type=\"widget\" data-widget_type=\"heading.default\">\n\t\t\t\t<div class=\"elementor-widget-container\">\n\t\t\t\t\t<h4 class=\"elementor-heading-title elementor-size-default\">\ud83d\ude4bB\u00e9n\u00e9ficiaires<\/h4>\t\t\t\t<\/div>\n\t\t\t\t<\/div>\n\t\t\t\t<div class=\"elementor-element elementor-element-49dda990 elementor-widget elementor-widget-text-editor\" data-id=\"49dda990\" data-element_type=\"widget\" data-e-type=\"widget\" data-widget_type=\"text-editor.default\">\n\t\t\t\t<div class=\"elementor-widget-container\">\n\t\t\t\t\t\t\t\t\t<p>Les b\u00e9n\u00e9ficiaires sont les <strong>entreprises du secteur num\u00e9rique<\/strong> (start-ups, entreprises de services num\u00e9riques, e-commerce, plateformes en ligne, etc.) <strong>cr\u00e9\u00e9es depuis moins de 5 ans<\/strong>, avec un <strong>chiffre d\u2019affaires inf\u00e9rieur \u00e0 60\u202f000 \u20ac<\/strong>. Les projets en phase de d\u00e9marrage (porteurs <em>avant<\/em> immatriculation) peuvent \u00e9galement candidater. La forme juridique est libre (y compris SAS, SARL, SCIC, associations d\u00e9veloppant une activit\u00e9 \u00e9conomique num\u00e9rique), mais les <strong>micro-entrepreneurs (auto-entreprises)<\/strong> sont exclus du dispositif. L\u2019entreprise ou le porteur de projet doit \u00e9videmment \u00eatre <strong>bas\u00e9 en Martinique<\/strong> et pr\u00e9senter une situation conforme (pas de dettes sociales\/fiscales).<\/p>\t\t\t\t\t\t\t\t<\/div>\n\t\t\t\t<\/div>\n\t\t\t\t<div class=\"elementor-element elementor-element-8d4d90b elementor-widget elementor-widget-heading\" data-id=\"8d4d90b\" data-element_type=\"widget\" data-e-type=\"widget\" data-widget_type=\"heading.default\">\n\t\t\t\t<div class=\"elementor-widget-container\">\n\t\t\t\t\t<h4 class=\"elementor-heading-title elementor-size-default\">\ud83d\udccbModalit\u00e9s<\/h4>\t\t\t\t<\/div>\n\t\t\t\t<\/div>\n\t\t\t\t<div class=\"elementor-element elementor-element-3fbaef0 elementor-widget elementor-widget-text-editor\" data-id=\"3fbaef0\" data-element_type=\"widget\" data-e-type=\"widget\" data-widget_type=\"text-editor.default\">\n\t\t\t\t<div class=\"elementor-widget-container\">\n\t\t\t\t\t\t\t\t\t<p>Le dossier est \u00e0 envoyer \u00e0 la <strong>Direction de la Comp\u00e9titivit\u00e9 et de la Transformation \u00c9conomique<\/strong> de la CTM \u2013 Service \u00c9conomie Num\u00e9rique. Il convient d\u2019y inclure\u00a0: un r\u00e9sum\u00e9 du projet d\u2019entreprise (business plan, \u00e9quipe, march\u00e9 vis\u00e9, produits\/services num\u00e9riques d\u00e9velopp\u00e9s), le plan de financement et de tr\u00e9sorerie pr\u00e9visionnelle, les devis ou factures pro forma pour les d\u00e9penses envisag\u00e9es, et tout document prouvant l\u2019\u00e9ligibilit\u00e9 (Kbis r\u00e9cent montrant une date de cr\u00e9ation &lt;5 ans, attestation fiscale et sociale \u00e0 jour, etc.). Le b\u00e9n\u00e9ficiaire disposera ensuite d\u2019un certain d\u00e9lai (g\u00e9n\u00e9ralement 12 mois) pour r\u00e9aliser les d\u00e9penses et solliciter le versement de l\u2019aide.<\/p>\t\t\t\t\t\t\t\t<\/div>\n\t\t\t\t<\/div>\n\t\t\t\t<div class=\"elementor-element elementor-element-6129a166 elementor-align-left elementor-mobile-align-justify elementor-tablet-align-justify elementor-widget-mobile__width-inherit elementor-widget elementor-widget-button\" data-id=\"6129a166\" data-element_type=\"widget\" data-e-type=\"widget\" data-widget_type=\"button.default\">\n\t\t\t\t<div class=\"elementor-widget-container\">\n\t\t\t\t\t\t\t\t\t<div class=\"elementor-button-wrapper\">\n\t\t\t\t\t<a class=\"elementor-button elementor-button-link elementor-size-sm elementor-animation-shrink\" href=\"https:\/\/www.altosor-communication.com\/agence-marketing\/\">\n\t\t\t\t\t\t<span class=\"elementor-button-content-wrapper\">\n\t\t\t\t\t\t\t\t\t<span class=\"elementor-button-text\">Demandez un devis<\/span>\n\t\t\t\t\t<\/span>\n\t\t\t\t\t<\/a>\n\t\t\t\t<\/div>\n\t\t\t\t\t\t\t\t<\/div>\n\t\t\t\t<\/div>\n\t\t\t\t<\/div>\n\t\t\t\t\t<\/div>\n\t\t\t\t<\/div>\n\t\t<div class=\"elementor-element elementor-element-74708c75 aide e-flex e-con-boxed e-con e-parent\" data-id=\"74708c75\" data-element_type=\"container\" data-e-type=\"container\" data-settings=\"{&quot;jet_parallax_layout_list&quot;:[{&quot;jet_parallax_layout_image&quot;:{&quot;url&quot;:&quot;&quot;,&quot;id&quot;:&quot;&quot;,&quot;size&quot;:&quot;&quot;,&quot;alt&quot;:&quot;Altosor Communication Martinique : votre agence de communication digitale et print. Cr\\u00e9ation de site internet, SEO, SEA, publicit\\u00e9, marketing.&quot;,&quot;source&quot;:&quot;library&quot;},&quot;_id&quot;:&quot;dfb0fbd&quot;,&quot;jet_parallax_layout_speed&quot;:{&quot;unit&quot;:&quot;%&quot;,&quot;size&quot;:&quot;30&quot;,&quot;sizes&quot;:[]},&quot;jet_parallax_layout_type&quot;:&quot;opacity&quot;,&quot;jet_parallax_layout_bg_size&quot;:&quot;contain&quot;,&quot;jet_parallax_layout_animation_prop&quot;:null,&quot;jet_parallax_layout_image_tablet&quot;:{&quot;url&quot;:&quot;&quot;,&quot;id&quot;:&quot;&quot;,&quot;size&quot;:&quot;&quot;},&quot;jet_parallax_layout_image_mobile&quot;:{&quot;url&quot;:&quot;&quot;,&quot;id&quot;:&quot;&quot;,&quot;size&quot;:&quot;&quot;},&quot;jet_parallax_layout_direction&quot;:null,&quot;jet_parallax_layout_fx_direction&quot;:&quot;fade-in&quot;,&quot;jet_parallax_layout_z_index&quot;:&quot;&quot;,&quot;jet_parallax_layout_bg_x&quot;:50,&quot;jet_parallax_layout_bg_x_tablet&quot;:&quot;&quot;,&quot;jet_parallax_layout_bg_x_mobile&quot;:&quot;&quot;,&quot;jet_parallax_layout_bg_y&quot;:50,&quot;jet_parallax_layout_bg_y_tablet&quot;:&quot;&quot;,&quot;jet_parallax_layout_bg_y_mobile&quot;:&quot;&quot;,&quot;jet_parallax_layout_bg_size_tablet&quot;:&quot;&quot;,&quot;jet_parallax_layout_bg_size_mobile&quot;:&quot;&quot;,&quot;jet_parallax_layout_on&quot;:[&quot;desktop&quot;,&quot;tablet&quot;]}],&quot;background_background&quot;:&quot;classic&quot;}\">\n\t\t\t\t\t<div class=\"e-con-inner\">\n\t\t\t\t<div class=\"elementor-element elementor-element-12cc4bef elementor-widget elementor-widget-heading\" data-id=\"12cc4bef\" data-element_type=\"widget\" data-e-type=\"widget\" data-widget_type=\"heading.default\">\n\t\t\t\t<div class=\"elementor-widget-container\">\n\t\t\t\t\t<h3 class=\"elementor-heading-title elementor-size-default\">Aide \u00e0 l\u2019acc\u00e9l\u00e9ration des entreprises num\u00e9riques \u2013 50% de subvention pour faire grandir votre PME innovante<\/h3>\t\t\t\t<\/div>\n\t\t\t\t<\/div>\n\t\t\t\t<div class=\"elementor-element elementor-element-35f393ba elementor-widget elementor-widget-text-editor\" data-id=\"35f393ba\" data-element_type=\"widget\" data-e-type=\"widget\" data-widget_type=\"text-editor.default\">\n\t\t\t\t<div class=\"elementor-widget-container\">\n\t\t\t\t\t\t\t\t\t<p>Subvention de 50\u202f% des prestations de conseil (plafond 50\u202f000\u202f\u20ac) et des salaires qualifi\u00e9s (plafond 33\u202f500\u202f\u20ac). <a href=\"https:\/\/les-aides.fr\/aide\/VTYP3w\/region-martinique\/aide-a-l-acceleration-des-entreprises-numeriques.html\" target=\"_blank\" rel=\"noopener\">Lien<\/a><br \/><br \/><\/p>\t\t\t\t\t\t\t\t<\/div>\n\t\t\t\t<\/div>\n\t\t<div class=\"elementor-element elementor-element-14fc9c79 e-con-full e-flex e-con e-child\" data-id=\"14fc9c79\" data-element_type=\"container\" data-e-type=\"container\" data-settings=\"{&quot;jet_parallax_layout_list&quot;:[]}\">\n\t\t\t\t<div class=\"elementor-element elementor-element-b8e651 elementor-widget elementor-widget-heading\" data-id=\"b8e651\" data-element_type=\"widget\" data-e-type=\"widget\" data-widget_type=\"heading.default\">\n\t\t\t\t<div class=\"elementor-widget-container\">\n\t\t\t\t\t<h4 class=\"elementor-heading-title elementor-size-default\">\ud83c\udfafObjectif<\/h4>\t\t\t\t<\/div>\n\t\t\t\t<\/div>\n\t\t\t\t<div class=\"elementor-element elementor-element-28b8e0c6 elementor-widget elementor-widget-text-editor\" data-id=\"28b8e0c6\" data-element_type=\"widget\" data-e-type=\"widget\" data-widget_type=\"text-editor.default\">\n\t\t\t\t<div class=\"elementor-widget-container\">\n\t\t\t\t\t\t\t\t\t<p>Cette aide vise \u00e0 soutenir les <strong>entreprises du secteur num\u00e9rique<\/strong> en Martinique dans leur phase de croissance et de <strong>scaling-up<\/strong>. C\u2019est un dispositif d\u2019<strong>acc\u00e9l\u00e9ration<\/strong> qui aide les start-ups et PMEs num\u00e9riques \u00e0 structurer leur d\u00e9veloppement et \u00e0 <strong>passer \u00e0 l\u2019\u00e9chelle sup\u00e9rieure<\/strong> pour conqu\u00e9rir de nouveaux march\u00e9s, cr\u00e9er des emplois qualifi\u00e9s et p\u00e9renniser leur mod\u00e8le \u00e9conomique. <a href=\"https:\/\/les-aides.fr\/aide\/VTYP3w\/region-martinique\/aide-a-l-acceleration-des-entreprises-numeriques.html\" target=\"_blank\" rel=\"noopener\">[les-aides.fr]<\/a><\/p>\t\t\t\t\t\t\t\t<\/div>\n\t\t\t\t<\/div>\n\t\t\t\t<div class=\"elementor-element elementor-element-3070e884 elementor-widget elementor-widget-heading\" data-id=\"3070e884\" data-element_type=\"widget\" data-e-type=\"widget\" data-widget_type=\"heading.default\">\n\t\t\t\t<div class=\"elementor-widget-container\">\n\t\t\t\t\t<h4 class=\"elementor-heading-title elementor-size-default\">\u2705Services propos\u00e9s<\/h4>\t\t\t\t<\/div>\n\t\t\t\t<\/div>\n\t\t\t\t<div class=\"elementor-element elementor-element-2779e49c elementor-widget elementor-widget-text-editor\" data-id=\"2779e49c\" data-element_type=\"widget\" data-e-type=\"widget\" data-widget_type=\"text-editor.default\">\n\t\t\t\t<div class=\"elementor-widget-container\">\n\t\t\t\t\t\t\t\t\t<p>L\u2019<strong>Aide \u00e0 l\u2019acc\u00e9l\u00e9ration<\/strong> comporte deux composantes principales\u00a0: <a href=\"https:\/\/les-aides.fr\/aide\/VTYP3w\/region-martinique\/aide-a-l-acceleration-des-entreprises-numeriques.html\" target=\"_blank\" rel=\"noopener\">[les-aides.fr]<\/a><\/p><ul><li><strong>Volet 1\u00a0\u2013 Conseil strat\u00e9gique<\/strong>\u00a0: financement de prestations de <strong>conseil et consulting<\/strong> sp\u00e9cialis\u00e9es pour aider l\u2019entreprise \u00e0 structurer sa croissance. Il peut s\u2019agir d\u2019\u00e9tudes de march\u00e9 pour mieux cibler de nouveaux clients, de conseil en strat\u00e9gie commerciale ou marketing digital, d\u2019audit organisationnel pour optimiser les processus internes, de mentoring en strat\u00e9gie d\u2019internationalisation, de conseil en propri\u00e9t\u00e9 intellectuelle\/gestion de l\u2019innovation, etc. Le but est de doter l\u2019entreprise des outils et plans d\u2019actions n\u00e9cessaires pour acc\u00e9l\u00e9rer son d\u00e9veloppement sur une p\u00e9riode courte. <a href=\"https:\/\/les-aides.fr\/aide\/VTYP3w\/region-martinique\/aide-a-l-acceleration-des-entreprises-numeriques.html\" target=\"_blank\" rel=\"noopener\">[les-aides.fr]<\/a><\/li><li><strong>Volet 2\u00a0\u2013 Recrutement de talents qualifi\u00e9s<\/strong>\u00a0: soutien financier \u00e0 l\u2019embauche de <strong>profils qualifi\u00e9s<\/strong> (ing\u00e9nieurs d\u00e9veloppement, chefs de projet, data scientists, commerciaux export\u2026) qui vont apporter des comp\u00e9tences cl\u00e9s \u00e0 l\u2019entreprise. L\u2019aide prend en charge une partie du <strong>salaire brut pendant 12 mois<\/strong> pour un <strong>CDI ou un CDD d\u2019au moins un an<\/strong>. Cela encourage l\u2019entreprise \u00e0 recruter localement ou attirer de nouveaux talents en r\u00e9duisant le co\u00fbt la premi\u00e8re ann\u00e9e. <a href=\"https:\/\/les-aides.fr\/aide\/VTYP3w\/region-martinique\/aide-a-l-acceleration-des-entreprises-numeriques.html\" target=\"_blank\" rel=\"noopener\">[les-aides.fr]<\/a><\/li><\/ul>\t\t\t\t\t\t\t\t<\/div>\n\t\t\t\t<\/div>\n\t\t\t\t<div class=\"elementor-element elementor-element-548c26cc elementor-widget elementor-widget-heading\" data-id=\"548c26cc\" data-element_type=\"widget\" data-e-type=\"widget\" data-widget_type=\"heading.default\">\n\t\t\t\t<div class=\"elementor-widget-container\">\n\t\t\t\t\t<h4 class=\"elementor-heading-title elementor-size-default\">\ud83d\udcb0Montant de l'aide<\/h4>\t\t\t\t<\/div>\n\t\t\t\t<\/div>\n\t\t\t\t<div class=\"elementor-element elementor-element-778a215b elementor-widget elementor-widget-text-editor\" data-id=\"778a215b\" data-element_type=\"widget\" data-e-type=\"widget\" data-widget_type=\"text-editor.default\">\n\t\t\t\t<div class=\"elementor-widget-container\">\n\t\t\t\t\t\t\t\t\t<p>La CTM intervient sous forme de <strong>subvention<\/strong> \u00e0 hauteur de <strong>50% des d\u00e9penses<\/strong> \u00e9ligibles\u00a0:<\/p><ul><li>Sur le <strong>volet Conseil<\/strong>\u00a0: la subvention couvre <strong>50% des co\u00fbts hors taxes<\/strong> des prestations de conseil\/accompagnement, avec un <strong>plafond de 50\u202f000 \u20ac<\/strong> par entreprise. Ainsi, pour 100\u00a0000 \u20ac de d\u00e9penses de conseil, l\u2019aide vers\u00e9e sera de 50\u00a0000 \u20ac maximum. <a href=\"https:\/\/les-aides.fr\/aide\/VTYP3w\/region-martinique\/aide-a-l-acceleration-des-entreprises-numeriques.html\" target=\"_blank\" rel=\"noopener\">[les-aides.fr]<\/a><\/li><li>Sur le <strong>volet Recrutement<\/strong>\u00a0: la subvention prend en charge <strong>50% du salaire brut<\/strong> de la nouvelle recrue pendant un an, plafonn\u00e9e \u00e0 <strong>33\u202f500 \u20ac par entreprise et par salari\u00e9<\/strong> (ce qui correspond \u00e0 50% d\u2019un salaire annuel de 67\u202f000 \u20ac, largement de quoi couvrir des postes qualifi\u00e9s en Martinique). En pratique, si vous embauchez un ing\u00e9nieur \u00e0 3\u202f000 \u20ac bruts mensuels (~36\u202f000 \u20ac\/an), la CTM pourrait rembourser 18\u202f000 \u20ac sur l\u2019ann\u00e9e, lib\u00e9rant des ressources pour investir ailleurs dans votre croissance. <a href=\"https:\/\/les-aides.fr\/aide\/VTYP3w\/region-martinique\/aide-a-l-acceleration-des-entreprises-numeriques.html\" target=\"_blank\" rel=\"noopener\">[les-aides.fr]<\/a><\/li><\/ul><p>\u00a0<\/p><p>Ces aides financi\u00e8res sont attribu\u00e9es dans le respect du r\u00e9gime europ\u00e9en <em>de minimis<\/em>. L\u2019entreprise doit donc veiller \u00e0 ne pas d\u00e9passer <strong>200\u202f000 \u20ac d\u2019aides publiques<\/strong> cumul\u00e9es sur 3 ans.<\/p>\t\t\t\t\t\t\t\t<\/div>\n\t\t\t\t<\/div>\n\t\t\t\t<div class=\"elementor-element elementor-element-39296cdb elementor-widget elementor-widget-heading\" data-id=\"39296cdb\" data-element_type=\"widget\" data-e-type=\"widget\" data-widget_type=\"heading.default\">\n\t\t\t\t<div class=\"elementor-widget-container\">\n\t\t\t\t\t<h4 class=\"elementor-heading-title elementor-size-default\">\ud83d\ude4bB\u00e9n\u00e9ficiaires<\/h4>\t\t\t\t<\/div>\n\t\t\t\t<\/div>\n\t\t\t\t<div class=\"elementor-element elementor-element-5b7f7f7a elementor-widget elementor-widget-text-editor\" data-id=\"5b7f7f7a\" data-element_type=\"widget\" data-e-type=\"widget\" data-widget_type=\"text-editor.default\">\n\t\t\t\t<div class=\"elementor-widget-container\">\n\t\t\t\t\t\t\t\t\t<p>Toutes les <strong>entreprises de la fili\u00e8re num\u00e9rique<\/strong> immatricul\u00e9es en Martinique peuvent candidater, <strong>sans condition d\u2019anciennet\u00e9<\/strong> ni de taille (du moment qu\u2019il s\u2019agit de PME au sens europ\u00e9en, g\u00e9n\u00e9ralement jusqu\u2019\u00e0 250 salari\u00e9s). Cela inclut aussi bien les jeunes pousses prometteuses que des soci\u00e9t\u00e9s num\u00e9riques plus \u00e9tablies souhaitant acc\u00e9l\u00e9rer leur croissance. Les <strong>entreprises traditionnelles (hors secteur num\u00e9rique)<\/strong> ne sont <em>pas cibl\u00e9es<\/em> par cette aide \u2013 elles doivent plut\u00f4t se tourner vers le Pass Num\u00e9rique ou d\u2019autres dispositifs pour leur transition digitale. De plus, les <strong>auto-entrepreneurs<\/strong> ne sont pas \u00e9ligibles ici non plus. Chaque entreprise doit pr\u00e9senter un projet solide d\u2019acc\u00e9l\u00e9ration (avec un plan d\u2019affaires, des objectifs de croissance, etc.) et \u00eatre en r\u00e8gle administrativement. <a href=\"https:\/\/les-aides.fr\/aide\/VTYP3w\/region-martinique\/aide-a-l-acceleration-des-entreprises-numeriques.html\" target=\"_blank\" rel=\"noopener\">[les-aides.fr]<\/a><\/p>\t\t\t\t\t\t\t\t<\/div>\n\t\t\t\t<\/div>\n\t\t\t\t<div class=\"elementor-element elementor-element-84eee74 elementor-widget elementor-widget-heading\" data-id=\"84eee74\" data-element_type=\"widget\" data-e-type=\"widget\" data-widget_type=\"heading.default\">\n\t\t\t\t<div class=\"elementor-widget-container\">\n\t\t\t\t\t<h4 class=\"elementor-heading-title elementor-size-default\">\ud83d\udccbModalit\u00e9s<\/h4>\t\t\t\t<\/div>\n\t\t\t\t<\/div>\n\t\t\t\t<div class=\"elementor-element elementor-element-448df09b elementor-widget elementor-widget-text-editor\" data-id=\"448df09b\" data-element_type=\"widget\" data-e-type=\"widget\" data-widget_type=\"text-editor.default\">\n\t\t\t\t<div class=\"elementor-widget-container\">\n\t\t\t\t\t\t\t\t\t<p>Les demandes se font directement aupr\u00e8s de la CTM (m\u00eames services que pour le Pass Num\u00e9rique ou l\u2019aide Cr\u00e9ation). Le dossier doit notamment d\u00e9crire le plan de d\u00e9veloppement de l\u2019entreprise sur 1 \u00e0 3 ans\u00a0: objectifs de croissance du chiffre d\u2019affaires, strat\u00e9gie de recrutement, nouveaux march\u00e9s vis\u00e9s, besoins d\u2019investissement, etc. Il doit aussi pr\u00e9senter les devis ou contrats li\u00e9s aux prestations de conseil envisag\u00e9es, et pr\u00e9ciser le profil du poste \u00e0 pourvoir si le volet Recrutement est sollicit\u00e9.\u00a0<\/p><h4><strong>Bon \u00e0 savoir\u00a0:<\/strong><\/h4><p>Cette aide peut \u00eatre mobilis\u00e9e en parall\u00e8le d\u2019autres financements (pr\u00eats bancaires, investisseurs priv\u00e9s, aides de Bpifrance), mais l\u2019entreprise doit apporter une part d\u2019autofinancement et ne pas compter uniquement sur les subventions. Une fois l\u2019accord donn\u00e9, la subvention est vers\u00e9e au prorata des d\u00e9penses r\u00e9alis\u00e9es, apr\u00e8s transmission des justificatifs de paiement.<\/p>\t\t\t\t\t\t\t\t<\/div>\n\t\t\t\t<\/div>\n\t\t\t\t<div class=\"elementor-element elementor-element-46b1289 elementor-widget elementor-widget-heading\" data-id=\"46b1289\" data-element_type=\"widget\" data-e-type=\"widget\" data-widget_type=\"heading.default\">\n\t\t\t\t<div class=\"elementor-widget-container\">\n\t\t\t\t\t<h4 class=\"elementor-heading-title elementor-size-default\">Exemple concret<\/h4>\t\t\t\t<\/div>\n\t\t\t\t<\/div>\n\t\t\t\t<div class=\"elementor-element elementor-element-7cef2f4 elementor-widget elementor-widget-text-editor\" data-id=\"7cef2f4\" data-element_type=\"widget\" data-e-type=\"widget\" data-widget_type=\"text-editor.default\">\n\t\t\t\t<div class=\"elementor-widget-container\">\n\t\t\t\t\t\t\t\t\t<p><em>Une jeune startup martiniquaise du secteur des \u00e9nergies renouvelables (logiciels de suivi de performance solaire) souhaite lever des fonds et acc\u00e9l\u00e9rer sa croissance. Gr\u00e2ce \u00e0 l\u2019aide \u00e0 l\u2019acc\u00e9l\u00e9ration, elle obtiendrait une subvention de 25\u202f000 \u20ac pour financer la moiti\u00e9 d\u2019une mission de conseil en strat\u00e9gie (d\u2019un montant de 50\u202f000 \u20ac) afin d\u2019affiner son positionnement march\u00e9 et pr\u00e9parer sa lev\u00e9e de fonds. Simultan\u00e9ment, le dispositif lui permettrait de cofinancer le recrutement d\u2019un ing\u00e9nieur en data science en prenant en charge 50% de son salaire la premi\u00e8re ann\u00e9e (soit pr\u00e8s de 20\u202f000 \u20ac d\u2019\u00e9conomie sur le co\u00fbt salarial). Ces apports aiderait la startup \u00e0 tripler son chiffre d\u2019affaires en 18 mois et \u00e0 obtenir des financements priv\u00e9s suppl\u00e9mentaires.<\/em><\/p>\t\t\t\t\t\t\t\t<\/div>\n\t\t\t\t<\/div>\n\t\t\t\t<div class=\"elementor-element elementor-element-505f31e6 elementor-align-left elementor-mobile-align-justify elementor-tablet-align-justify elementor-widget-mobile__width-inherit elementor-widget elementor-widget-button\" data-id=\"505f31e6\" data-element_type=\"widget\" data-e-type=\"widget\" data-widget_type=\"button.default\">\n\t\t\t\t<div class=\"elementor-widget-container\">\n\t\t\t\t\t\t\t\t\t<div class=\"elementor-button-wrapper\">\n\t\t\t\t\t<a class=\"elementor-button elementor-button-link elementor-size-sm elementor-animation-shrink\" href=\"https:\/\/www.altosor-communication.com\/agence-marketing\/\">\n\t\t\t\t\t\t<span class=\"elementor-button-content-wrapper\">\n\t\t\t\t\t\t\t\t\t<span class=\"elementor-button-text\">Contactez-nous<\/span>\n\t\t\t\t\t<\/span>\n\t\t\t\t\t<\/a>\n\t\t\t\t<\/div>\n\t\t\t\t\t\t\t\t<\/div>\n\t\t\t\t<\/div>\n\t\t\t\t<\/div>\n\t\t\t\t\t<\/div>\n\t\t\t\t<\/div>\n\t\t<div class=\"elementor-element elementor-element-700a888a e-flex e-con-boxed e-con e-parent\" data-id=\"700a888a\" data-element_type=\"container\" data-e-type=\"container\" data-settings=\"{&quot;jet_parallax_layout_list&quot;:[{&quot;jet_parallax_layout_image&quot;:{&quot;url&quot;:&quot;&quot;,&quot;id&quot;:&quot;&quot;,&quot;size&quot;:&quot;&quot;,&quot;alt&quot;:&quot;Altosor Communication Martinique : votre agence de communication digitale et print. Cr\\u00e9ation de site internet, SEO, SEA, publicit\\u00e9, marketing.&quot;,&quot;source&quot;:&quot;library&quot;},&quot;_id&quot;:&quot;dfb0fbd&quot;,&quot;jet_parallax_layout_speed&quot;:{&quot;unit&quot;:&quot;%&quot;,&quot;size&quot;:&quot;30&quot;,&quot;sizes&quot;:[]},&quot;jet_parallax_layout_type&quot;:&quot;opacity&quot;,&quot;jet_parallax_layout_bg_size&quot;:&quot;contain&quot;,&quot;jet_parallax_layout_animation_prop&quot;:null,&quot;jet_parallax_layout_image_tablet&quot;:{&quot;url&quot;:&quot;&quot;,&quot;id&quot;:&quot;&quot;,&quot;size&quot;:&quot;&quot;},&quot;jet_parallax_layout_image_mobile&quot;:{&quot;url&quot;:&quot;&quot;,&quot;id&quot;:&quot;&quot;,&quot;size&quot;:&quot;&quot;},&quot;jet_parallax_layout_direction&quot;:null,&quot;jet_parallax_layout_fx_direction&quot;:&quot;fade-in&quot;,&quot;jet_parallax_layout_z_index&quot;:&quot;&quot;,&quot;jet_parallax_layout_bg_x&quot;:50,&quot;jet_parallax_layout_bg_x_tablet&quot;:&quot;&quot;,&quot;jet_parallax_layout_bg_x_mobile&quot;:&quot;&quot;,&quot;jet_parallax_layout_bg_y&quot;:50,&quot;jet_parallax_layout_bg_y_tablet&quot;:&quot;&quot;,&quot;jet_parallax_layout_bg_y_mobile&quot;:&quot;&quot;,&quot;jet_parallax_layout_bg_size_tablet&quot;:&quot;&quot;,&quot;jet_parallax_layout_bg_size_mobile&quot;:&quot;&quot;,&quot;jet_parallax_layout_on&quot;:[&quot;desktop&quot;,&quot;tablet&quot;]}]}\">\n\t\t\t\t\t<div class=\"e-con-inner\">\n\t\t\t\t<div class=\"elementor-element elementor-element-19417bdc elementor-widget elementor-widget-heading\" data-id=\"19417bdc\" data-element_type=\"widget\" data-e-type=\"widget\" data-widget_type=\"heading.default\">\n\t\t\t\t<div class=\"elementor-widget-container\">\n\t\t\t\t\t<h3 class=\"elementor-heading-title elementor-size-default\">Structuration de la fili\u00e8re num\u00e9rique \u2013 Soutenir l\u2019\u00e9cosyst\u00e8me digital martiniquais<\/h3>\t\t\t\t<\/div>\n\t\t\t\t<\/div>\n\t\t\t\t<div class=\"elementor-element elementor-element-f7c7dee elementor-widget elementor-widget-text-editor\" data-id=\"f7c7dee\" data-element_type=\"widget\" data-e-type=\"widget\" data-widget_type=\"text-editor.default\">\n\t\t\t\t<div class=\"elementor-widget-container\">\n\t\t\t\t\t\t\t\t\t<p>Subvention pour projets collectifs (plateformes, \u00e9v\u00e9nements, outils partag\u00e9s, tiers-lieux), jusqu\u2019\u00e0 50\u202f% des co\u00fbts. <a href=\"https:\/\/actu-medias.info\/2019\/01\/martinique-la-ctm-propose-des-aides-specifiques-aux-entreprises-du-secteur-numerique.html\" target=\"_blank\" rel=\"noopener\">En savoir plus<\/a><br \/><br \/><\/p>\t\t\t\t\t\t\t\t<\/div>\n\t\t\t\t<\/div>\n\t\t<div class=\"elementor-element elementor-element-1ebe9920 e-con-full e-flex e-con e-child\" data-id=\"1ebe9920\" data-element_type=\"container\" data-e-type=\"container\" data-settings=\"{&quot;jet_parallax_layout_list&quot;:[]}\">\n\t\t\t\t<div class=\"elementor-element elementor-element-61636269 elementor-widget elementor-widget-heading\" data-id=\"61636269\" data-element_type=\"widget\" data-e-type=\"widget\" data-widget_type=\"heading.default\">\n\t\t\t\t<div class=\"elementor-widget-container\">\n\t\t\t\t\t<h4 class=\"elementor-heading-title elementor-size-default\">\ud83c\udfafObjectif<\/h4>\t\t\t\t<\/div>\n\t\t\t\t<\/div>\n\t\t\t\t<div class=\"elementor-element elementor-element-196cda87 elementor-widget elementor-widget-text-editor\" data-id=\"196cda87\" data-element_type=\"widget\" data-e-type=\"widget\" data-widget_type=\"text-editor.default\">\n\t\t\t\t<div class=\"elementor-widget-container\">\n\t\t\t\t\t\t\t\t\t<p>Au-del\u00e0 des aides directes aux entreprises, la CTM a mis en place un dispositif pour <strong>renforcer la fili\u00e8re num\u00e9rique en Martinique<\/strong> dans son ensemble. L\u2019<strong>Aide \u00e0 la structuration de la fili\u00e8re num\u00e9rique<\/strong> vise \u00e0 am\u00e9liorer la <strong>comp\u00e9titivit\u00e9 et l\u2019attractivit\u00e9 de l\u2019\u00e9cosyst\u00e8me digital local<\/strong>, en finan\u00e7ant des projets collectifs qui b\u00e9n\u00e9ficient \u00e0 l\u2019ensemble du secteur. L\u2019id\u00e9e est de favoriser l\u2019\u00e9mergence d\u2019un environnement propice aux entreprises du num\u00e9rique, via le partage de ressources, de comp\u00e9tences et de bonnes pratiques. <a href=\"https:\/\/actu-medias.info\/2019\/01\/martinique-la-ctm-propose-des-aides-specifiques-aux-entreprises-du-secteur-numerique.html\" target=\"_blank\" rel=\"noopener\">[actu-medias.info]<\/a>, <a href=\"https:\/\/actu-medias.info\/2019\/01\/martinique-la-ctm-propose-des-aides-specifiques-aux-entreprises-du-secteur-numerique.html\" target=\"_blank\" rel=\"noopener\">[actu-medias.info]<\/a><\/p>\t\t\t\t\t\t\t\t<\/div>\n\t\t\t\t<\/div>\n\t\t\t\t<div class=\"elementor-element elementor-element-37dfd5cc elementor-widget elementor-widget-heading\" data-id=\"37dfd5cc\" data-element_type=\"widget\" data-e-type=\"widget\" data-widget_type=\"heading.default\">\n\t\t\t\t<div class=\"elementor-widget-container\">\n\t\t\t\t\t<h4 class=\"elementor-heading-title elementor-size-default\">\ud83d\udcb0Montant de l'aide<\/h4>\t\t\t\t<\/div>\n\t\t\t\t<\/div>\n\t\t\t\t<div class=\"elementor-element elementor-element-6af06a95 elementor-widget elementor-widget-text-editor\" data-id=\"6af06a95\" data-element_type=\"widget\" data-e-type=\"widget\" data-widget_type=\"text-editor.default\">\n\t\t\t\t<div class=\"elementor-widget-container\">\n\t\t\t\t\t\t\t\t\t<p>L\u2019aide prend la forme d\u2019une <strong>subvention<\/strong>, le plus souvent \u00e0 hauteur de <strong>50% des d\u00e9penses<\/strong> du projet (taux modulable selon l\u2019int\u00e9r\u00eat g\u00e9n\u00e9ral et l\u2019ampleur du projet). Le <strong>montant maximum<\/strong> peut varier en fonction de la nature du projet\u00a0: par exemple, la cr\u00e9ation d\u2019un espace de coworking ou d\u2019un fablab pourrait \u00eatre subventionn\u00e9e jusqu\u2019\u00e0 <em>plusieurs dizaines de milliers d\u2019euros<\/em>, tandis qu\u2019un petit projet d\u2019\u00e9tude de fili\u00e8re ou de plateforme web aura un plafond plus modeste (quelques milliers \u00e0 ~20\u00a0000\u00a0\u20ac). Le montant exact est d\u00e9termin\u00e9 au cas par cas par la CTM, en fonction du budget du projet et des cofinancements mobilis\u00e9s par ailleurs (\u00c9tat, fonds europ\u00e9ens type Feder, concours priv\u00e9s, etc.). Certaines d\u00e9penses de fonctionnement (par exemple, r\u00e9mun\u00e9ration d\u2019un <strong>animateur de r\u00e9seau num\u00e9rique<\/strong>) peuvent \u00eatre financ\u00e9es jusqu\u2019\u00e0 <strong>80%<\/strong> pendant une p\u00e9riode donn\u00e9e, pour faciliter le lancement du projet.<\/p>\t\t\t\t\t\t\t\t<\/div>\n\t\t\t\t<\/div>\n\t\t\t\t<div class=\"elementor-element elementor-element-7f0019f9 elementor-widget elementor-widget-heading\" data-id=\"7f0019f9\" data-element_type=\"widget\" data-e-type=\"widget\" data-widget_type=\"heading.default\">\n\t\t\t\t<div class=\"elementor-widget-container\">\n\t\t\t\t\t<h4 class=\"elementor-heading-title elementor-size-default\">\ud83d\ude4bB\u00e9n\u00e9ficiaires<\/h4>\t\t\t\t<\/div>\n\t\t\t\t<\/div>\n\t\t\t\t<div class=\"elementor-element elementor-element-31da561 elementor-widget elementor-widget-text-editor\" data-id=\"31da561\" data-element_type=\"widget\" data-e-type=\"widget\" data-widget_type=\"text-editor.default\">\n\t\t\t\t<div class=\"elementor-widget-container\">\n\t\t\t\t\t\t\t\t\t<p>Sont vis\u00e9s les projets structurants qui apportent un <strong>service mutualis\u00e9<\/strong> ou une <strong>infrastructure commune<\/strong> au b\u00e9n\u00e9fice de la fili\u00e8re num\u00e9rique martiniquaise. <a href=\"https:\/\/actu-medias.info\/2019\/01\/martinique-la-ctm-propose-des-aides-specifiques-aux-entreprises-du-secteur-numerique.html\" target=\"_blank\" rel=\"noopener\">Par exemple\u00a0<\/a><\/p><ul><li>la mise en place d\u2019un <strong>outil en ligne partag\u00e9<\/strong> (base de connaissances, plateforme d\u2019\u00e9change de donn\u00e9es, annuaire des comp\u00e9tences locales, marketplace collective),<\/li><li>l\u2019organisation d\u2019<strong>actions de veille technologique et \u00e9conomique<\/strong> pour les entreprises du secteur,<\/li><li>le d\u00e9ploiement d\u2019<strong>outils collaboratifs g\u00e9n\u00e9riques<\/strong> ou de m\u00e9thodologies communes (par ex. adoption de standards techniques facilitateurs entre acteurs),<\/li><li>le soutien \u00e0 des <strong>\u00e9v\u00e9nements f\u00e9d\u00e9rateurs<\/strong> (salons, hackathons, concours de startups, semaines de l\u2019innovation num\u00e9rique),<\/li><li>la cr\u00e9ation de <strong>tiers-lieux et incubateurs<\/strong> d\u00e9di\u00e9s au num\u00e9rique (espaces de coworking, fab labs, living labs) pour encourager l\u2019innovation collaborative,<\/li><li>toute initiative contribuant \u00e0 la diffusion des pratiques num\u00e9riques innovantes dans les diff\u00e9rents secteurs (tourisme, agriculture, artisanat\u2026), notamment via des partenariats entre entreprises du num\u00e9rique et secteurs traditionnels.<\/li><\/ul>\t\t\t\t\t\t\t\t<\/div>\n\t\t\t\t<\/div>\n\t\t\t\t<div class=\"elementor-element elementor-element-b896a38 elementor-widget elementor-widget-heading\" data-id=\"b896a38\" data-element_type=\"widget\" data-e-type=\"widget\" data-widget_type=\"heading.default\">\n\t\t\t\t<div class=\"elementor-widget-container\">\n\t\t\t\t\t<h4 class=\"elementor-heading-title elementor-size-default\">\ud83d\udccbModalit\u00e9s<\/h4>\t\t\t\t<\/div>\n\t\t\t\t<\/div>\n\t\t\t\t<div class=\"elementor-element elementor-element-160c317a elementor-widget elementor-widget-text-editor\" data-id=\"160c317a\" data-element_type=\"widget\" data-e-type=\"widget\" data-widget_type=\"text-editor.default\">\n\t\t\t\t<div class=\"elementor-widget-container\">\n\t\t\t\t\t\t\t\t\t<p>Les porteurs doivent r\u00e9pondre \u00e0 des <strong>appels \u00e0 projets lanc\u00e9s par la CTM<\/strong> sur la th\u00e9matique du num\u00e9rique (g\u00e9n\u00e9ralement publi\u00e9s sur le site de la Collectivit\u00e9 ou via les r\u00e9seaux d\u2019entreprises). Un dossier d\u00e9taill\u00e9 du projet est requis, mettant en avant la plus-value pour le territoire (emplois induits, nombre d\u2019entreprises b\u00e9n\u00e9ficiaires, probl\u00e9matique adress\u00e9e, caract\u00e8re innovant, etc.). Les projets sont \u00e9valu\u00e9s par une commission et la d\u00e9cision d\u2019attribution de la subvention est prise par le Conseil Ex\u00e9cutif de la CTM. Les subventions de ce type s\u2019inscrivent souvent dans les strat\u00e9gies nationales ou europ\u00e9ennes (ex\u00a0: <strong>Appels \u00e0 projets \u201cTerritoires d\u2019Industrie\u201d ou \u201cSmart Island\u201d<\/strong> en partenariat avec l\u2019\u00c9tat). Une fois le projet r\u00e9alis\u00e9, les porteurs devront fournir un bilan et les justificatifs de d\u00e9penses pour percevoir la subvention accord\u00e9e. <a href=\"https:\/\/mandature21-28.collectivitedemartinique.mq\/categorie\/un-plan-de-developpement-ambitieux-pour-la-martinique\/numerique\/\" target=\"_blank\" rel=\"noopener\">[mandature2&#8230;tinique.mq]<\/a>, <a href=\"https:\/\/mandature21-28.collectivitedemartinique.mq\/categorie\/un-plan-de-developpement-ambitieux-pour-la-martinique\/numerique\/\" target=\"_blank\" rel=\"noopener\">[mandature2&#8230;tinique.mq]<\/a><\/p>\t\t\t\t\t\t\t\t<\/div>\n\t\t\t\t<\/div>\n\t\t\t\t<div class=\"elementor-element elementor-element-22fb217b elementor-align-left elementor-mobile-align-justify elementor-tablet-align-justify elementor-widget-mobile__width-inherit elementor-widget elementor-widget-button\" data-id=\"22fb217b\" data-element_type=\"widget\" data-e-type=\"widget\" data-widget_type=\"button.default\">\n\t\t\t\t<div class=\"elementor-widget-container\">\n\t\t\t\t\t\t\t\t\t<div class=\"elementor-button-wrapper\">\n\t\t\t\t\t<a class=\"elementor-button elementor-button-link elementor-size-sm elementor-animation-shrink\" href=\"https:\/\/www.altosor-communication.com\/agence-marketing\/\">\n\t\t\t\t\t\t<span class=\"elementor-button-content-wrapper\">\n\t\t\t\t\t\t\t\t\t<span class=\"elementor-button-text\">Demandez un devis<\/span>\n\t\t\t\t\t<\/span>\n\t\t\t\t\t<\/a>\n\t\t\t\t<\/div>\n\t\t\t\t\t\t\t\t<\/div>\n\t\t\t\t<\/div>\n\t\t\t\t<\/div>\n\t\t\t\t\t<\/div>\n\t\t\t\t<\/div>\n\t\t<div class=\"elementor-element elementor-element-63e7c9e4 aide e-flex e-con-boxed e-con e-parent\" data-id=\"63e7c9e4\" data-element_type=\"container\" data-e-type=\"container\" data-settings=\"{&quot;jet_parallax_layout_list&quot;:[{&quot;jet_parallax_layout_image&quot;:{&quot;url&quot;:&quot;&quot;,&quot;id&quot;:&quot;&quot;,&quot;size&quot;:&quot;&quot;,&quot;alt&quot;:&quot;Altosor Communication Martinique : votre agence de communication digitale et print. Cr\\u00e9ation de site internet, SEO, SEA, publicit\\u00e9, marketing.&quot;,&quot;source&quot;:&quot;library&quot;},&quot;_id&quot;:&quot;dfb0fbd&quot;,&quot;jet_parallax_layout_speed&quot;:{&quot;unit&quot;:&quot;%&quot;,&quot;size&quot;:&quot;30&quot;,&quot;sizes&quot;:[]},&quot;jet_parallax_layout_type&quot;:&quot;opacity&quot;,&quot;jet_parallax_layout_bg_size&quot;:&quot;contain&quot;,&quot;jet_parallax_layout_animation_prop&quot;:null,&quot;jet_parallax_layout_image_tablet&quot;:{&quot;url&quot;:&quot;&quot;,&quot;id&quot;:&quot;&quot;,&quot;size&quot;:&quot;&quot;},&quot;jet_parallax_layout_image_mobile&quot;:{&quot;url&quot;:&quot;&quot;,&quot;id&quot;:&quot;&quot;,&quot;size&quot;:&quot;&quot;},&quot;jet_parallax_layout_direction&quot;:null,&quot;jet_parallax_layout_fx_direction&quot;:&quot;fade-in&quot;,&quot;jet_parallax_layout_z_index&quot;:&quot;&quot;,&quot;jet_parallax_layout_bg_x&quot;:50,&quot;jet_parallax_layout_bg_x_tablet&quot;:&quot;&quot;,&quot;jet_parallax_layout_bg_x_mobile&quot;:&quot;&quot;,&quot;jet_parallax_layout_bg_y&quot;:50,&quot;jet_parallax_layout_bg_y_tablet&quot;:&quot;&quot;,&quot;jet_parallax_layout_bg_y_mobile&quot;:&quot;&quot;,&quot;jet_parallax_layout_bg_size_tablet&quot;:&quot;&quot;,&quot;jet_parallax_layout_bg_size_mobile&quot;:&quot;&quot;,&quot;jet_parallax_layout_on&quot;:[&quot;desktop&quot;,&quot;tablet&quot;]}],&quot;background_background&quot;:&quot;classic&quot;}\">\n\t\t\t\t\t<div class=\"e-con-inner\">\n\t\t\t\t<div class=\"elementor-element elementor-element-160464e8 elementor-widget elementor-widget-heading\" data-id=\"160464e8\" data-element_type=\"widget\" data-e-type=\"widget\" data-widget_type=\"heading.default\">\n\t\t\t\t<div class=\"elementor-widget-container\">\n\t\t\t\t\t<h3 class=\"elementor-heading-title elementor-size-default\">Aide \u00e0 la cr\u00e9ation et au d\u00e9veloppement d\u2019activit\u00e9s num\u00e9riques (ACEN)<\/h3>\t\t\t\t<\/div>\n\t\t\t\t<\/div>\n\t\t\t\t<div class=\"elementor-element elementor-element-344e1cb9 elementor-widget elementor-widget-text-editor\" data-id=\"344e1cb9\" data-element_type=\"widget\" data-e-type=\"widget\" data-widget_type=\"text-editor.default\">\n\t\t\t\t<div class=\"elementor-widget-container\">\n\t\t\t\t\t\t\t\t\t<p>Subvention jusqu\u2019\u00e0 75\u202f000\u202f\u20ac pour les investissements num\u00e9riques, 50\u202f% des co\u00fbts. <a href=\"https:\/\/mesaidespubliques.infogreffe.fr\/aides\/aide-creation-entreprises-numeriques-acen\" target=\"_blank\" rel=\"noopener\">En savoir plus<\/a><\/p>\t\t\t\t\t\t\t\t<\/div>\n\t\t\t\t<\/div>\n\t\t\t\t<div class=\"elementor-element elementor-element-187bba94 elementor-widget elementor-widget-heading\" data-id=\"187bba94\" data-element_type=\"widget\" data-e-type=\"widget\" data-widget_type=\"heading.default\">\n\t\t\t\t<div class=\"elementor-widget-container\">\n\t\t\t\t\t<h4 class=\"elementor-heading-title elementor-size-default\">\ud83c\udfafSources officielles<\/h4>\t\t\t\t<\/div>\n\t\t\t\t<\/div>\n\t\t\t\t<div class=\"elementor-element elementor-element-c861074 elementor-widget elementor-widget-text-editor\" data-id=\"c861074\" data-element_type=\"widget\" data-e-type=\"widget\" data-widget_type=\"text-editor.default\">\n\t\t\t\t<div class=\"elementor-widget-container\">\n\t\t\t\t\t\t\t\t\t<p><em>Les informations ci-dessus sont issues de sources officielles ou assimil\u00e9es\u00a0: site <strong>France Num<\/strong> (Minist\u00e8re de l\u2019\u00c9conomie), base <strong>les-aides.fr<\/strong> (fiche Pass Num\u00e9rique et Aides aux entreprises num\u00e9riques de Martinique), site <strong>Mes Aides Publiques (Infogreffe)<\/strong>, ainsi que des communications de la <strong>Collectivit\u00e9 Territoriale de Martinique<\/strong>. N\u2019h\u00e9sitez pas \u00e0 consulter le <\/em><a href=\"https:\/\/www.collectivitedemartinique.mq\/\" target=\"_blank\" rel=\"noopener\"><em>site de la CTM<\/em><\/a><em> ou \u00e0 contacter son service \u00ab\u00a0\u00c9conomie Num\u00e9rique\u00a0\u00bb pour v\u00e9rifier l\u2019actualit\u00e9 des dispositifs et les modalit\u00e9s pr\u00e9cises de d\u00e9p\u00f4t de dossier.<\/em><\/p><ul><li><a href=\"https:\/\/www.francenum.gouv.fr\/aides-financieres\/guides-et-conseils-financiers\/quelles-sont-les-aides-financieres-pour-la-8\" target=\"_blank\" rel=\"noopener\">gouv.fr<\/a><\/li><li><a href=\"https:\/\/les-aides.fr\/aide\/VTWP3w\/region-martinique.pass-numerique-aide-a-la-transformation-numerique.pdf\" target=\"_blank\" rel=\"noopener\">les-aides.fr<\/a><\/li><li><a href=\"https:\/\/mesaidespubliques.infogreffe.fr\/aides\/aide-creation-entreprises-numeriques-acen\" target=\"_blank\" rel=\"noopener\">Infogreffe.fr<\/a><\/li><li><a href=\"https:\/\/actu-medias.info\/2019\/01\/martinique-la-ctm-propose-des-aides-specifiques-aux-entreprises-du-secteur-numerique.html\" target=\"_blank\" rel=\"noopener\">actu-medias.info<\/a><\/li><\/ul>\t\t\t\t\t\t\t\t<\/div>\n\t\t\t\t<\/div>\n\t\t\t\t\t<\/div>\n\t\t\t\t<\/div>\n\t\t<div class=\"elementor-element elementor-element-51fe712a e-flex e-con-boxed e-con e-parent\" data-id=\"51fe712a\" data-element_type=\"container\" data-e-type=\"container\" data-settings=\"{&quot;jet_parallax_layout_list&quot;:[]}\">\n\t\t\t\t\t<div class=\"e-con-inner\">\n\t\t<div class=\"elementor-element elementor-element-55cfb975 e-con-full e-flex e-con e-child\" data-id=\"55cfb975\" data-element_type=\"container\" data-e-type=\"container\" data-settings=\"{&quot;jet_parallax_layout_list&quot;:[]}\">\n\t\t\t\t<div class=\"elementor-element elementor-element-3a1dbc3c elementor-widget elementor-widget-theme-site-logo elementor-widget-image\" data-id=\"3a1dbc3c\" data-element_type=\"widget\" data-e-type=\"widget\" data-widget_type=\"theme-site-logo.default\">\n\t\t\t\t<div class=\"elementor-widget-container\">\n\t\t\t\t\t\t\t\t\t\t\t<a href=\"https:\/\/www.altosor-communication.com\/martinique\">\n\t\t\t<img fetchpriority=\"high\" decoding=\"async\" width=\"768\" height=\"212\" src=\"https:\/\/www.altosor-communication.com\/martinique\/wp-content\/uploads\/sites\/3\/2020\/05\/cropped-CN-logo-4-variants_LOGO-3-768x212.png\" class=\"attachment-medium_large size-medium_large wp-image-597\" alt=\"Altosor Communication Martinique : votre agence de communication digitale et print. Cr\u00e9ation de site internet, SEO, SEA, publicit\u00e9, marketing.\" srcset=\"https:\/\/www.altosor-communication.com\/martinique\/wp-content\/uploads\/sites\/3\/2020\/05\/cropped-CN-logo-4-variants_LOGO-3-768x212.png 768w, https:\/\/www.altosor-communication.com\/martinique\/wp-content\/uploads\/sites\/3\/2020\/05\/cropped-CN-logo-4-variants_LOGO-3-300x83.png 300w, https:\/\/www.altosor-communication.com\/martinique\/wp-content\/uploads\/sites\/3\/2020\/05\/cropped-CN-logo-4-variants_LOGO-3.png 1024w\" sizes=\"(max-width: 768px) 100vw, 768px\" \/>\t\t\t\t<\/a>\n\t\t\t\t\t\t\t\t\t\t\t<\/div>\n\t\t\t\t<\/div>\n\t\t\t\t<div class=\"elementor-element elementor-element-8811ac7 elementor-widget elementor-widget-heading\" data-id=\"8811ac7\" data-element_type=\"widget\" data-e-type=\"widget\" data-widget_type=\"heading.default\">\n\t\t\t\t<div class=\"elementor-widget-container\">\n\t\t\t\t\t<h2 class=\"elementor-heading-title elementor-size-default\">Altosor Communication : Vos solutions digitales en Martinique pour une transformation num\u00e9rique r\u00e9ussie<\/h2>\t\t\t\t<\/div>\n\t\t\t\t<\/div>\n\t\t\t\t<div class=\"elementor-element elementor-element-53713c81 elementor-widget elementor-widget-text-editor\" data-id=\"53713c81\" data-element_type=\"widget\" data-e-type=\"widget\" data-widget_type=\"text-editor.default\">\n\t\t\t\t<div class=\"elementor-widget-container\">\n\t\t\t\t\t\t\t\t\t<p><a href=\"https:\/\/www.altosor-communication.com\/martinique\">Altosor Communication Martinique<\/a> accompagne les entreprises martiniquaises dans leur transition digitale avec des services sur mesure, pens\u00e9s pour r\u00e9pondre aux enjeux locaux de visibilit\u00e9, de performance et de croissance. D\u00e9couvrez nos expertises cl\u00e9s pour faire d\u00e9coller votre activit\u00e9 en ligne :<\/p>\t\t\t\t\t\t\t\t<\/div>\n\t\t\t\t<\/div>\n\t\t<div class=\"elementor-element elementor-element-4fde0dc0 e-grid e-con-full e-con e-child\" data-id=\"4fde0dc0\" data-element_type=\"container\" data-e-type=\"container\" data-settings=\"{&quot;jet_parallax_layout_list&quot;:[]}\">\n\t\t\t\t<div class=\"elementor-element elementor-element-f399627 elementor-invisible elementor-widget elementor-widget-image-box\" data-id=\"f399627\" data-element_type=\"widget\" data-e-type=\"widget\" data-settings=\"{&quot;_animation&quot;:&quot;zoomIn&quot;}\" data-widget_type=\"image-box.default\">\n\t\t\t\t<div class=\"elementor-widget-container\">\n\t\t\t\t\t<div class=\"elementor-image-box-wrapper\"><div class=\"elementor-image-box-content\"><h5 class=\"elementor-image-box-title\"><a href=\"https:\/\/www.altosor-communication.com\/creation-de-site-internet-sur-mesure\/\">Cr\u00e9ation de site internet professionnel en Martinique<\/a><\/h5><p class=\"elementor-image-box-description\">Vous \u00eates bas\u00e9 \u00e0 Fort-de-France, au Lamentin, \u00e0 Schoelcher ou ailleurs sur l\u2019\u00eele ? Offrez \u00e0 votre entreprise une vitrine digitale performante. Altosor con\u00e7oit des sites internet modernes, responsive, s\u00e9curis\u00e9s et optimis\u00e9s pour le r\u00e9f\u00e9rencement local. Que ce soit pour un site vitrine, une plateforme institutionnelle ou un site multilingue, nous vous livrons un outil cl\u00e9 en main pour capter votre audience martiniquaise. Voir nos offres de cr\u00e9ation de sites Internet. \n<\/p><\/div><\/div>\t\t\t\t<\/div>\n\t\t\t\t<\/div>\n\t\t\t\t<div class=\"elementor-element elementor-element-5caf1c70 elementor-invisible elementor-widget elementor-widget-image-box\" data-id=\"5caf1c70\" data-element_type=\"widget\" data-e-type=\"widget\" data-settings=\"{&quot;_animation&quot;:&quot;zoomIn&quot;}\" data-widget_type=\"image-box.default\">\n\t\t\t\t<div class=\"elementor-widget-container\">\n\t\t\t\t\t<div class=\"elementor-image-box-wrapper\"><div class=\"elementor-image-box-content\"><h5 class=\"elementor-image-box-title\"><a href=\"https:\/\/www.altosor-communication.com\/creer-un-site-e-commerce\/\">Cr\u00e9ation de site e-commerce pour vendre en Martinique et au-del\u00e0<\/a><\/h5><p class=\"elementor-image-box-description\">Vous souhaitez lancer votre boutique en ligne et vendre vos produits martiniquais localement ou \u00e0 l\u2019international ? Altosor vous accompagne dans la cr\u00e9ation de votre site e-commerce (WooCommerce, Shopify, Prestashop\u2026), avec une strat\u00e9gie de conversion, des moyens de paiement adapt\u00e9s (CB, PayPal, etc.) et une logistique optimis\u00e9e pour la Martinique et la m\u00e9tropole. Cr\u00e9ez votre boutique en ligne.<\/p><\/div><\/div>\t\t\t\t<\/div>\n\t\t\t\t<\/div>\n\t\t\t\t<div class=\"elementor-element elementor-element-213958c5 elementor-invisible elementor-widget elementor-widget-image-box\" data-id=\"213958c5\" data-element_type=\"widget\" data-e-type=\"widget\" data-settings=\"{&quot;_animation&quot;:&quot;zoomIn&quot;}\" data-widget_type=\"image-box.default\">\n\t\t\t\t<div class=\"elementor-widget-container\">\n\t\t\t\t\t<div class=\"elementor-image-box-wrapper\"><div class=\"elementor-image-box-content\"><h5 class=\"elementor-image-box-title\"><a href=\"https:\/\/www.altosor-communication.com\/referencement-seo\/\">R\u00e9f\u00e9rencement SEO local pour dominer Google en Martinique<\/a><\/h5><p class=\"elementor-image-box-description\">\u00catre visible sur Google est essentiel pour attirer des clients locaux. Nos experts SEO identifient les mots-cl\u00e9s strat\u00e9giques pour votre activit\u00e9 en Martinique (ex : \u00ab plombier Fort-de-France \u00bb, \u00ab h\u00f4tel plage Martinique \u00bb), optimisent vos contenus, vos balises, votre vitesse de chargement et votre pr\u00e9sence sur Google Maps. Optimisez votre visibilit\u00e9 ! \n<\/p><\/div><\/div>\t\t\t\t<\/div>\n\t\t\t\t<\/div>\n\t\t\t\t<div class=\"elementor-element elementor-element-56e486b0 elementor-invisible elementor-widget elementor-widget-image-box\" data-id=\"56e486b0\" data-element_type=\"widget\" data-e-type=\"widget\" data-settings=\"{&quot;_animation&quot;:&quot;zoomIn&quot;}\" data-widget_type=\"image-box.default\">\n\t\t\t\t<div class=\"elementor-widget-container\">\n\t\t\t\t\t<div class=\"elementor-image-box-wrapper\"><div class=\"elementor-image-box-content\"><h5 class=\"elementor-image-box-title\"><a href=\"https:\/\/www.altosor-communication.com\/audit-seo-site-web\/\">Audit SEO de votre site web<\/a><\/h5><p class=\"elementor-image-box-description\">Votre site ne g\u00e9n\u00e8re pas assez de trafic ou de contacts ? Gr\u00e2ce \u00e0 notre audit SEO, identifiez les freins \u00e0 votre visibilit\u00e9 : structure technique, contenu, backlinks, ergonomie mobile, vitesse\u2026 Nous vous remettons un rapport clair avec des recommandations concr\u00e8tes pour am\u00e9liorer votre positionnement sur Google en Martinique. Demandez votre audit !\n<\/p><\/div><\/div>\t\t\t\t<\/div>\n\t\t\t\t<\/div>\n\t\t\t\t<div class=\"elementor-element elementor-element-9301916 elementor-invisible elementor-widget elementor-widget-image-box\" data-id=\"9301916\" data-element_type=\"widget\" data-e-type=\"widget\" data-settings=\"{&quot;_animation&quot;:&quot;zoomIn&quot;}\" data-widget_type=\"image-box.default\">\n\t\t\t\t<div class=\"elementor-widget-container\">\n\t\t\t\t\t<div class=\"elementor-image-box-wrapper\"><div class=\"elementor-image-box-content\"><h5 class=\"elementor-image-box-title\"><a href=\"https:\/\/www.altosor-communication.com\/conseil-en-communication\/\">Conseil en communication digitale et strat\u00e9gie multicanal<\/a><\/h5><p class=\"elementor-image-box-description\">Altosor vous aide \u00e0 construire une strat\u00e9gie de communication coh\u00e9rente et percutante : identit\u00e9 visuelle, storytelling, r\u00e9seaux sociaux, campagnes Google Ads, relations presse locales\u2026 Nous vous accompagnons pour toucher efficacement votre cible en Martinique et dans les DOM-TOM.\nD\u00e9couvrez nos services\n<\/p><\/div><\/div>\t\t\t\t<\/div>\n\t\t\t\t<\/div>\n\t\t\t\t<div class=\"elementor-element elementor-element-133e93e4 elementor-invisible elementor-widget elementor-widget-image-box\" data-id=\"133e93e4\" data-element_type=\"widget\" data-e-type=\"widget\" data-settings=\"{&quot;_animation&quot;:&quot;zoomIn&quot;}\" data-widget_type=\"image-box.default\">\n\t\t\t\t<div class=\"elementor-widget-container\">\n\t\t\t\t\t<div class=\"elementor-image-box-wrapper\"><div class=\"elementor-image-box-content\"><h5 class=\"elementor-image-box-title\"><a href=\"https:\/\/www.altosor-communication.com\/campagne-google-ads\/\">R\u00e9f\u00e9rencement payant (Google Ads) pour des r\u00e9sultats imm\u00e9diats<\/a><\/h5><p class=\"elementor-image-box-description\">En compl\u00e9ment du SEO, Altosor vous aide \u00e0 mettre en place des campagnes Google Ads cibl\u00e9es pour g\u00e9n\u00e9rer rapidement du trafic qualifi\u00e9 vers votre site. Nous optimisons vos annonces, vos mots-cl\u00e9s et votre budget pour maximiser votre retour sur investissement en Martinique. Lancez vos campagnes !<\/p><\/div><\/div>\t\t\t\t<\/div>\n\t\t\t\t<\/div>\n\t\t\t\t<\/div>\n\t\t\t\t<\/div>\n\t\t\t\t\t<\/div>\n\t\t\t\t<\/div>\n\t\t\t\t<\/div>\n\t\t","protected":false},"excerpt":{"rendered":"<p>Aides et subventions pour la transformation num\u00e9rique en Martinique Vous \u00eates une TPE\/PME, une association ou un entrepreneur en Martinique \u00e0 la recherche d\u2019aides num\u00e9riques pour la transformation digitale de votre activit\u00e9\u00a0? La Collectivit\u00e9 Territoriale de Martinique (CTM) propose plusieurs subventions digitales pour accompagner les entreprises locales dans leur transition num\u00e9rique. Ces dispositifs r\u00e9gionaux \u2013 [&hellip;]<\/p>\n","protected":false},"author":1,"featured_media":760,"parent":0,"menu_order":0,"comment_status":"closed","ping_status":"closed","template":"elementor_header_footer","meta":{"footnotes":""},"class_list":["post-13246","page","type-page","status-publish","has-post-thumbnail","hentry"],"_links":{"self":[{"href":"https:\/\/www.altosor-communication.com\/martinique\/wp-json\/wp\/v2\/pages\/13246","targetHints":{"allow":["GET"]}}],"collection":[{"href":"https:\/\/www.altosor-communication.com\/martinique\/wp-json\/wp\/v2\/pages"}],"about":[{"href":"https:\/\/www.altosor-communication.com\/martinique\/wp-json\/wp\/v2\/types\/page"}],"author":[{"embeddable":true,"href":"https:\/\/www.altosor-communication.com\/martinique\/wp-json\/wp\/v2\/users\/1"}],"replies":[{"embeddable":true,"href":"https:\/\/www.altosor-communication.com\/martinique\/wp-json\/wp\/v2\/comments?post=13246"}],"version-history":[{"count":11,"href":"https:\/\/www.altosor-communication.com\/martinique\/wp-json\/wp\/v2\/pages\/13246\/revisions"}],"predecessor-version":[{"id":13263,"href":"https:\/\/www.altosor-communication.com\/martinique\/wp-json\/wp\/v2\/pages\/13246\/revisions\/13263"}],"wp:featuredmedia":[{"embeddable":true,"href":"https:\/\/www.altosor-communication.com\/martinique\/wp-json\/wp\/v2\/media\/760"}],"wp:attachment":[{"href":"https:\/\/www.altosor-communication.com\/martinique\/wp-json\/wp\/v2\/media?parent=13246"}],"curies":[{"name":"wp","href":"https:\/\/api.w.org\/{rel}","templated":true}]}}